{"id":3526,"date":"2018-12-20T14:13:10","date_gmt":"2018-12-20T19:13:10","guid":{"rendered":"http:\/\/avada.theme-fusion.comxml\/?page_id=3526"},"modified":"2020-03-20T09:31:55","modified_gmt":"2020-03-20T13:31:55","slug":"les-rassemblements","status":"publish","type":"page","link":"https:\/\/levasseur.org\/fr\/lassociation\/les-rassemblements\/","title":{"rendered":"Les rassemblements"},"content":{"rendered":"<h1 style=\"text-align: center;\">Rassemblements 1954 \u00e0 2019<\/h1>\n<hr \/>\n<p><strong>Date : 14 septembre 2019<br \/>\nEndroit : Qu\u00e9bec, Qc, Canada (H\u00f4tel Delta)<br \/>\nOrganisateur : L\u2019Association des Levasseur d\u2019Am\u00e9rique<\/strong><\/p>\n<p><img decoding=\"async\" class=\"alignleft wp-image-12713 size-full\" src=\"https:\/\/levasseur.org\/wp-content\/uploads\/2019\/03\/20190301-3.jpg\" alt=\"\" width=\"150\" height=\"194\" \/>Cinquante descendants des anc\u00eatres Laurent, Pierre et Jean \u00e9taient pr\u00e9sents \u00e0 cette rencontre de l\u2019ALA (Association des Levasseur d\u2019Am\u00e9rique). Suite \u00e0 l\u2019accueil des participants, s\u2019est tenue l\u2019assembl\u00e9e annuelle au cours de laquelle, des rapports furent pr\u00e9sent\u00e9s par le pr\u00e9sident, la g\u00e9n\u00e9alogiste, la tr\u00e9sori\u00e8re, le webmestre, la responsable du site Facebook, le comit\u00e9 du Bulletin. <a href=\"https:\/\/levasseur.org\/rapports-presentes-a-lag-du-14-septembre\/\">Les rapports sont disponibles sur le site de l\u2019ALA.<\/a><\/p>\n<p>Jean-Pierre Levasseur et Gilles Carmel ont pr\u00e9sent\u00e9 le nouveau site Web, ce qui a \u00e9t\u00e9 grandement appr\u00e9ci\u00e9 par les participants. Nous vous encourageons \u00e0 visiter le site afin de voir sa convivialit\u00e9 et les am\u00e9liorations apport\u00e9es.<a href=\"https:\/\/levasseur.org\/wp-content\/uploads\/2019\/09\/Rassemblement_2019_1.jpg\"><img decoding=\"async\" class=\"wp-image-14521 alignright\" src=\"https:\/\/levasseur.org\/wp-content\/uploads\/2019\/09\/Rassemblement_2019_1-1024x683.jpg\" alt=\"\" width=\"634\" height=\"423\" srcset=\"https:\/\/levasseur.org\/wp-content\/uploads\/2019\/09\/Rassemblement_2019_1-200x133.jpg 200w, https:\/\/levasseur.org\/wp-content\/uploads\/2019\/09\/Rassemblement_2019_1-300x200.jpg 300w, https:\/\/levasseur.org\/wp-content\/uploads\/2019\/09\/Rassemblement_2019_1-400x267.jpg 400w, https:\/\/levasseur.org\/wp-content\/uploads\/2019\/09\/Rassemblement_2019_1-600x400.jpg 600w, https:\/\/levasseur.org\/wp-content\/uploads\/2019\/09\/Rassemblement_2019_1-768x512.jpg 768w, https:\/\/levasseur.org\/wp-content\/uploads\/2019\/09\/Rassemblement_2019_1-800x533.jpg 800w, https:\/\/levasseur.org\/wp-content\/uploads\/2019\/09\/Rassemblement_2019_1-1024x683.jpg 1024w, https:\/\/levasseur.org\/wp-content\/uploads\/2019\/09\/Rassemblement_2019_1-1200x800.jpg 1200w\" sizes=\"(max-width: 634px) 100vw, 634px\" \/><\/a><\/p>\n<p>En apr\u00e8s-midi, l\u2019historien et professeur Jean-Marie Lebel a donn\u00e9 une conf\u00e9rence intitul\u00e9e \u00abLa vie \u00e0 Qu\u00e9bec \u00e0 l\u2019\u00e9poque des anc\u00eatres Jean, Pierre et Laurent Levasseur\u00bb. M. Lebel a commenc\u00e9 par nous remettre une feuille de papier. Cette feuille a servi de guide pour nous faire comprendre la situation de Qu\u00e9bec au plan politique, \u00e9conomique, religieux, depuis l\u2019arriv\u00e9e des Levasseur en 1651 jusqu\u2019en 1759. Cette feuille pr\u00e9sentait un plan de la ville en 1709, des dessins des \u00e9difices du temps et des portraits de personnes illustres tels \u00e9v\u00eaques, gouverneurs, autochtones, rois de l\u2019\u00e9poque. Le conf\u00e9rencier a mentionn\u00e9 que Jean et Pierre Levasseur \u00e9taient des ma\u00eetres menuisiers. Plusieurs de leurs descendants exerceront ce m\u00eame m\u00e9tier. Aux troisi\u00e8me et quatri\u00e8me g\u00e9n\u00e9rations, plusieurs seront sculpteurs.<\/p>\n<p>Cette conf\u00e9rence a \u00e9t\u00e9 tr\u00e8s enrichissante et tr\u00e8s \u00e9ducative, faite par un raconteur sans pareil.<\/p>\n<p>Ensuite, Heidi Levasseur, qui compte entreprendre la travers\u00e9e de l\u2019Atlantique \u00e0 la nage du S\u00e9n\u00e9gal au Br\u00e9sil, nous a \u00e9blouis par sa pr\u00e9sentation du travail n\u00e9cessaire pour entreprendre un tel exploit. Voici ce qui peut \u00eatre lu \u00e0 son sujet sur son site.<\/p>\n<p>\u00ab\u00a0La Qu\u00e9b\u00e9coise Heidi Levasseur poursuit sa pr\u00e9paration en vue de sa travers\u00e9e de l&rsquo;oc\u00e9an Atlantique \u00e0 la nage.\u00a0Le d\u00e9fi qu&rsquo;elle s&rsquo;est lanc\u00e9 est colossal. Elle tentera de nager de Dakar au\u00a0S\u00e9n\u00e9gal\u00a0jusqu&rsquo;\u00e0 la ville de Recife, au Br\u00e9sil. Il s&rsquo;agit d&rsquo;un p\u00e9riple de 3000 kilom\u00e8tres, l&rsquo;\u00e9quivalant du trajet Qu\u00e9bec &#8211; Miami en voiture.\u00a0\u00bb<\/p>\n<p>Elle se donne 150 jours pour y parvenir, \u00e0 raison de 8 heures de nage quotidiennement. La nageuse d&rsquo;exp\u00e9rience sera accompagn\u00e9e de plusieurs professionnels et son exp\u00e9dition sera suivie par Environnement Canada. Il sera possible de suivre sa travers\u00e9e en temps r\u00e9el par GPS sur\u00a0son site web.\u00a0\u00bb<\/p>\n<p>La rencontre s\u2019est termin\u00e9e vers 17 h 30. Plus de la moiti\u00e9 des participants se sont r\u00e9unis pour un souper en famille au restaurant, enchant\u00e9s de leur journ\u00e9e de rencontres.<\/p>\n<hr \/>\n<p><strong>Date : 16 et 17 ao\u00fbt 2017<br \/>\nEndroit : Qu\u00e9bec, Qc (Campus Notre-Dame-de-Foy)<br \/>\nOrganisateur : L\u2019Association des Levasseur d\u2019Am\u00e9rique<\/strong><\/p>\n<p style=\"padding-left: 40px;\"><img decoding=\"async\" class=\"alignleft\" src=\"https:\/\/levasseur.org\/photos\/r_2017_1.jpg\" width=\"351\" height=\"235\" \/><\/p>\n<p style=\"padding-left: 40px;\">L\u2019Association des Levasseur d\u2019Am\u00e9rique a tenu un rassemblement, samedi le 2 septembre 2017, de 8h30 \u00e0 17h, au Campus Notre-Dame-de-Foy, Pavillon Andr\u00e9-Coindre, 5030, rue Cl\u00e9ment-Lockquell, Saint-Augustin-de-Desmaures, pr\u00e8s de Qu\u00e9bec. Tous les descendants et descendantes des anc\u00eatres Jean, Pierre et Laurent Levasseur, ainsi que les Carmel, les Borgia, les Vassar\u00a0 \u00e9taient invit\u00e9s \u00e0 cette rencontre.<\/p>\n<p style=\"padding-left: 40px;\">La journ\u00e9e avait d\u00e9but\u00e9e par l\u2019assembl\u00e9e g\u00e9n\u00e9rale de l\u2019association. Deux pr\u00e9sentations ont \u00e9t\u00e9 faites :<\/p>\n<p style=\"padding-left: 40px;\">\u00abMarche dans le Vieux-Qu\u00e9bec avec les anc\u00eatres Levasseur\u00bb;<br \/>\n\u00abLes tabernacles r\u00e9alis\u00e9s par les sculpteurs Levasseur\u00a0: itin\u00e9raire de visite.\u00bb<\/p>\n<p style=\"padding-left: 40px;\">Par la suite, un buffet a \u00e9t\u00e9 servi. En apr\u00e8s-midi, les participants se sont rendus en autobus \u00e0 l\u2019H\u00f4tel-Mus\u00e9e des Premi\u00e8res Nations \u00e0 Wendake et ont eu droit \u00e0 une visite guid\u00e9e du mus\u00e9e.<\/p>\n<hr \/>\n<p><strong>Date : Septembre 2014<br \/>\nEndroit : Trois-Rivi\u00e8res (H\u00f4tel Delta)<br \/>\nOrganisateur : L\u2019Association des Levasseur d\u2019Am\u00e9rique<\/strong><\/p>\n<p><strong>Compte-rendu du rassemblement<\/strong><\/p>\n<p><strong><img decoding=\"async\" class=\"alignleft\" src=\"https:\/\/levasseur.org\/photos\/r_2014_1.jpg\" width=\"384\" height=\"257\" \/>Denis-Joseph Levasseur<\/strong> :<\/p>\n<p style=\"padding-left: 40px;\">Le rassemblement des Levasseur \u00e0 Trois-Rivi\u00e8res nous a permis de mieux conna\u00eetre l&rsquo;anc\u00eatre Denis-Joseph\u00a0\u00a0et ses descendants dont plusieurs de nos membres sont \u00a0issus. Jean-Marie Levasseur nous a bross\u00e9 un portrait de ce b\u00e2tisseur, entrepreneur et homme d&rsquo;affaires dont l&rsquo;\u00e9pouse Charlotte Couturier \u00a0\u00e9tait elle-m\u00eame horticultrice, aubergiste et soignait les petits animaux. Denis-Joseph s&rsquo;\u00e9tablit au sud de la rue Notre-Dame en face de l&rsquo;actuel H\u00f4tel\u00a0Delta,\u00a0au lieu appel\u00e9 La Fosse\u00a0en 1741. Il fut propri\u00e9taire successivement de \u00a0trois \u00a0r\u00e9sidences situ\u00e9es \u00e0 l&rsquo;ouest puis \u00e0 l&rsquo;est de La Fosse. Il\u00a0fut \u00e9galement propri\u00e9taire d&rsquo;une partie de l&rsquo;Ile St-Quentin appel\u00e9e Ile \u00e0\u00a0Vasseur (1789-1798) Denis-Joseph et son \u00e9pouse Charlotte\u00a0ont eu 4 fils et 2 filles qui se sont \u00e9tablis soit \u00e0 Trois-Rivi\u00e8res, soit \u00e0 B\u00e9cancour.<\/p>\n<p><strong>Les Filles du roi<\/strong> :<\/p>\n<p style=\"padding-left: 40px;\">B\u00e9atrice Levasseur fut choisie l&rsquo;an dernier (2013) pour repr\u00e9senter l&rsquo;une des Filles du roi lors d&rsquo;une tourn\u00e9e en France, en Normandie et en Bretagne, pour comm\u00e9morer le 350e\u00a0anniversaire de l&rsquo;arriv\u00e9e des 36 premi\u00e8res Filles du roi en Nouvelle-France. On a r\u00e9pandu bien des fausset\u00e9s sur ces jeunes filles que l&rsquo;on a appel\u00e9 filles de joie. Pourtant, il n&rsquo;en est rien. La plupart de celles-ci \u00e9taient orphelines et sans ressources. Le roi de France Louis XIV les prit sous sa protection, puis les envoya en Nouvelle-France pour trouver un mari et peupler le pays. On estime \u00e0\u00a0764\u00a0Filles du roi, d&rsquo;origines sociales diverses, certaines instruites, filles de notables, de gens de m\u00e9tiers, d&rsquo;autres analphab\u00e8tes ou d&rsquo;origine inconnue, mais toutes\u00a0vaillantes.<\/p>\n<p style=\"padding-left: 40px;\">Huguette Levasseur a fait une recherche afin de savoir s&rsquo;il y avait des Filles du Roi qui portaient le nom de Levasseur. Effectivement, elle en a trouv\u00e9 une qui s\u2019appelait Jeanne Levasseur. Cependant, les anc\u00eatres Jean, Pierre et Laurent n&rsquo;ont pas mari\u00e9 de Fille du roi. Ils \u00e9taient d\u00e9j\u00e0 en Nouvelle-France \u00e0 l&rsquo;arriv\u00e9e de celles-ci. Pierre Levasseur, le fils de l\u2019anc\u00eatre Pierre a mari\u00e9 Anne M\u00e9nage, fille issue du mariage de Pierre M\u00e9nage et d\u2019Anne Leblanc, Fille du roi. Cette derni\u00e8re sera grand-m\u00e8re de 16 petits-enfants Levasseur. Huguette nous a entretenus des premiers Levasseur venus d&rsquo;abord \u00e0 Qu\u00e9bec et du d\u00e9veloppement \u00e0 la Haute-Ville et \u00e0 la Basse-Ville, de la vie \u00e0 cette \u00e9poque, les lieux habit\u00e9s&#8230; Les nouveaux arrivants avaient peu de\u00a0\u00a0moyens pour travailler. Tout se faisait \u00e0 la main. Il fallait construire, cultiver, s&rsquo;occuper des enfants, tout faire soi-m\u00eame, bref travailler dur.<\/p>\n<p><strong>Exposition<\/strong> :<\/p>\n<p style=\"padding-left: 40px;\">Jean-Claude Levasseur nous a apport\u00e9 \u00a0des miniatures qu&rsquo;il a cr\u00e9\u00e9es depuis plusieurs ann\u00e9es \u00a0et qui sont tr\u00e8s int\u00e9ressantes \u00e0 regarder. Par exemple, le traversier de Trois-Rivi\u00e8res, le Radisson, un camion de Coca Cola, une sculpture de la Vierge et beaucoup d&rsquo;autres objets.<\/p>\n<p><strong>Une visite touristique<\/strong> :<\/p>\n<p style=\"padding-left: 40px;\">Une visite touristique\u00a0au centre-ville de Trois-Rivi\u00e8res avec le guide Jean-Philippe Marcotte nous a permis de conna\u00eetre les d\u00e9buts de notre ville. Ce lieu de rencontre naturel (poste de traite) connu \u00e0 l&rsquo;\u00e9poque sous le nom M\u00e9tab\u00e9routain \u00a0qui signifie\u00a0\u00ab\u00a0expos\u00e9\u00a0aux grands vents du\u00a0nord\u00a0\u00bb,\u00a0\u00a0fond\u00e9 en 1634, \u00e9tait une bourgade de 600 habitants lorsque Denis-Joseph arrive\u00a0en 1737. Les terres de la Commune qui s&rsquo;\u00e9tendaient de La Fosse jusqu&rsquo;au\u00a0Rond-Point\u00a0de la Couronne servaient de p\u00e2turage pour les animaux domestiques. Nous avons pu voir les endroits\u00a0o\u00f9\u00a0Denis-Joseph a habit\u00e9 pr\u00e8s de La Fosse, puis le Platon, o\u00f9 \u00a0furent construites\u00a0des fortifications pour se prot\u00e9ger des Indiens qui\u00a0\u00a0r\u00f4daient. Les Ursulines, communaut\u00e9\u00a0enseignante,\u00a0ont aid\u00e9 comme infirmi\u00e8res et tenu le premier\u00a0h\u00f4pital. Nous sommes pass\u00e9s aussi devant\u00a0le Monast\u00e8re des R\u00e9collets devenu \u00c9glise St-James (anglicane), la Place Pierre Boucher et le Flambeau o\u00f9 ont eu lieu des fouilles arch\u00e9ologiques\u00a0l&rsquo;\u00e9t\u00e9 dernier.<\/p>\n<p><strong>Assembl\u00e9e \u00a0g\u00e9n\u00e9rale<\/strong> :<\/p>\n<p style=\"padding-left: 40px;\">L&rsquo;assembl\u00e9e\u00a0g\u00e9n\u00e9rale\u00a0a\u00a0\u00a0permis\u00a0\u00a0\u00e0\u00a0\u00a0notre\u00a0\u00a0Association\u00a0\u00a0de\u00a0\u00a0se\u00a0\u00a0conformer\u00a0\u00a0aux\u00a0\u00a0exigences gouvernementales pour les organismes sans but lucratif (Loi BNL) \u00a0Gilles Carmel nous a\u00a0inform\u00e9s\u00a0de ces changements et a r\u00e9pondu aux questions des participants. Le Conseil\u00a0d&rsquo;administration\u00a0est pass\u00e9 \u00e0 3 membres \u00e9lus\u00a0auxquels\u00a0se joindra un(e) secr\u00e9taire et d&rsquo;autres personnes \u00e0 l&rsquo;occasion selon les besoins. Nous avons eu des \u00e9changes enrichissants en agr\u00e9able compagnie.<\/p>\n<p><strong>Les Levasseur d\u00e9barquent \u00e0 Trois-Rivi\u00e8res<\/strong> :<\/p>\n<p style=\"padding-left: 40px;\">Fond\u00e9e en 1988, l\u2019Association des Levasseur d\u2019Am\u00e9rique organise un rassemblement de ses membres \u00e0 tous les deux ans. Cette activit\u00e9 a lieu soit au Canada ou soit aux \u00c9tats-Unis.\u2028En 2014, le rassemblement des Levasseur s\u2019est d\u00e9roul\u00e9 \u00e0 Trois-Rivi\u00e8res, les 6 et 7 septembre derniers. Le responsable de l\u2019organisation \u00e9tait M. Andr\u00e9 Levasseur, de Trois-Rivi\u00e8res.<\/p>\n<p style=\"padding-left: 40px;\">Samedi apr\u00e8s-midi, les participants ont \u00e9cout\u00e9 un expos\u00e9 tr\u00e8s int\u00e9ressant de M. Jean-Marie Levasseur, pr\u00eatre de Trois-Rivi\u00e8res. La conf\u00e9rence portait sur l\u2019arriv\u00e9e du premier Levasseur \u00e0 Trois-Rivi\u00e8res, soit Denis-Joseph, en 1736. Denis-Joseph \u00e9tait le fils de Pierre Levasseur, dit L\u2019Esp\u00e9rance, \u00e9tabli \u00e0 Qu\u00e9bec, quelques d\u00e9cennies plus t\u00f4t. Ma famille fait partie des descendants de Denis-Joseph.<\/p>\n<p style=\"padding-left: 40px;\">Denis-Joseph \u00e9tait un ma\u00eetre-menuisier, devenu plus tard un entrepreneur en construction. J\u2019esp\u00e8re qu\u2019il n\u2019avait pas rencontr\u00e9 un anc\u00eatre de Tony Accurso&#8230; Plus s\u00e9rieusement, Denis-Joseph et ses descendants (neuf enfants) ont fait leur marque \u00e0 Trois-Rivi\u00e8res. Il \u00e9tait mari\u00e9 \u00e0 Charlotte Couturier. Denis-Joseph a eu trois maisons \u00e0 Trois-Rivi\u00e8res. Sa premi\u00e8re et principale \u00e9tait situ\u00e9e coin Notre-Dame et Saint-Georges, tout pr\u00e8s de l\u2019actuel H\u00f4tel Delta. Au d\u00e9but de 1700, Trois-Rivi\u00e8res ne comptait qu\u2019une seule \u00e9glise paroissiale. La famille de Denis-Joseph la fr\u00e9quentait, naturellement. Le tabernacle de cette \u00e9glise a \u00e9t\u00e9 sculpt\u00e9 par No\u00ebl Levasseur.<\/p>\n<p style=\"padding-left: 40px;\">Fait int\u00e9ressant, le nom de Denis-Joseph Levasseur et ses descendants est tr\u00e8s li\u00e9 au d\u00e9veloppement de l\u2019\u00eele Saint-Quentin. Cette \u00eele a port\u00e9 plusieurs noms au fil des ans. Au d\u00e9part, elle avait \u00e9t\u00e9 nomm\u00e9e officiellement \u00eele aux cochons. Plus tard, quand on parlait de l\u2019\u00eele aux cochons, on la d\u00e9signait aussi sous le nom de \u00eele \u00e0 Vasseur. De 1745 \u00e0 1792, Denis-Joseph fut pro-pri\u00e9taire du tiers de l\u2019\u00eele. Il l\u2019avait achet\u00e9e pour la coupe du bois. Sa veuve en fut propri\u00e9taire de 1792 \u00e0 1797 et ses enfants de 1797 \u00e0 1798.<\/p>\n<p style=\"padding-left: 40px;\">Dans la banque de donn\u00e9es g\u00e9n\u00e9alogiques de l\u2019Association des Levasseur d\u2019Am\u00e9rique on a r\u00e9pertori\u00e9 10 227 descendants de Denis-Joseph, dont plus de 4000 en ligne directe. Plusieurs descendants de Denis-Joseph se sont \u00e9tablis en Mauricie, plusieurs autres ont choisi B\u00e9cancour, Victoriaville, Drummondville, les provinces de l\u2019Ouest canadien ou des \u00c9tats am\u00e9ricains. Cette base de donn\u00e9es de l\u2019Association des Levasseur compte plus de 130 000 noms.<\/p>\n<p style=\"padding-left: 40px;\">Les Levasseur \u00e9tablis en Am\u00e9rique sont en g\u00e9n\u00e9ral de condition modeste. Au 18e si\u00e8cle, on comptait beaucoup de ma\u00eetres-menuisiers, ma\u00eetres-sculpteurs, menuisiers, charpentiers, sculpteurs et \u00e9norm\u00e9ment de cultivateurs.<\/p>\n<p style=\"padding-left: 40px;\">La personne qui s\u2019est probablement le plus illustr\u00e9e au Qu\u00e9bec est la docteure Irma Levasseur. Elle est l\u2019instigatrice de la fondation de l\u2019H\u00f4pital Sainte-Justine.<\/p>\n<p style=\"padding-left: 40px;\">Au cours du rassemblement, les personnes pouvaient admirer des cr\u00e9ations artisanales de Jean-Claude Levasseur. Il poss\u00e8de \u00e9galement un violon datant de 200 ans et ayant appartenu \u00e0 Nazaire Levasseur.<\/p>\n<p style=\"padding-left: 40px;\">\u00c0 la fin du rassemblement, M. Roger Levasseur a \u00e9t\u00e9 r\u00e9\u00e9lu \u00e0 la pr\u00e9sidence de l\u2019association. Il demeure \u00e0 Orl\u00e9ans, en banlieue d\u2019Ottawa.<\/p>\n<hr \/>\n<p><strong>Date : September 2012<br \/>\nEndroit : Rimouski, Qu\u00e9bec (Centre communautaire Arthur-Buies)<br \/>\nOrganisateur : L\u2019Association des Levasseur d\u2019Am\u00e9rique<br \/>\n<\/strong><\/p>\n<p style=\"padding-left: 40px;\"><img decoding=\"async\" class=\"alignleft\" src=\"https:\/\/levasseur.org\/photos\/r_2012_1.jpg\" width=\"422\" height=\"317\" \/>Nous pensions avoir fix\u00e9 la barre bien haute en visant une participation de 100 personnes pour notre rassemblement r\u00e9gional de Rimouski tenu le 1er septembre dernier. Nous n&rsquo;avons pas seulement atteint notre objectif, mais l&rsquo;avons m\u00eame d\u00e9pass\u00e9 !<\/p>\n<p style=\"padding-left: 40px;\">Toutes les conditions n\u00e9cessaires pour faire de cette rencontre un grand succ\u00e8s \u00e9taient r\u00e9unies : une temp\u00e9rature magnifique, des participants enthousiastes de tout l&rsquo;est du Canada et des \u00c9tats-Unis, une atmosph\u00e8re festive r\u00e9gionale exceptionnelle consid\u00e9rant la tenue du Festi-Jazz dans la ville de Rimouski, une salle id\u00e9ale et un support logistique et informatique imposant gr\u00e2ce \u00e0 notre ami R\u00e9gis Levasseur de Mont-Joli.<\/p>\n<p style=\"padding-left: 40px;\">Les b\u00e9n\u00e9voles et les membres du conseil d&rsquo;administration s&rsquo;\u00e9taient donn\u00e9 rendez-vous tr\u00e8s t\u00f4t le samedi matin afin de voir \u00e0 tous les pr\u00e9paratifs en vue d&rsquo;accueillir tous ces Levasseur et leurs familles en d\u00e9but d&rsquo;apr\u00e8s-midi.<\/p>\n<p style=\"padding-left: 40px;\">D\u00e8s 13 h 30, apr\u00e8s le mot de bienvenue de Raymond Levasseur, notre pr\u00e9sident Roger Levasseur\u00a0 s&rsquo;est adress\u00e9 \u00e0 l&rsquo;assembl\u00e9e par le biais d&rsquo;un court discours pr\u00e9-enregistr\u00e9. En effet, Roger n&rsquo;ayant pu \u00eatre pr\u00e9sent, un vid\u00e9o a \u00e9t\u00e9 pr\u00e9sent\u00e9 sur \u00e9cran g\u00e9ant.<\/p>\n<p style=\"padding-left: 40px;\">Par la suite, notre vice-pr\u00e9sident, Gilles Carmel, a bross\u00e9 un tableau de l&rsquo;historique de l&rsquo;association cr\u00e9\u00e9e voil\u00e0 plus d&rsquo;une vingtaine d&rsquo;ann\u00e9es par le regrett\u00e9 Vincent Levasseur.<\/p>\n<p style=\"padding-left: 40px;\">Notre h\u00f4te, Raymond Levasseur, nous a par la suite entretenu de l&rsquo;installation de nos anc\u00eatres Levasseur dans les diff\u00e9rentes localit\u00e9s de l&rsquo;est du Qu\u00e9bec, en l&rsquo;agr\u00e9mentant souvent d&rsquo;anecdotes sur la vie de certains pionniers et membres de leurs familles. Il est possible que cette conf\u00e9rence intitul\u00e9e \u00ab\u00a0Les Levasseur s&rsquo;installent dans l&rsquo;est du Qu\u00e9bec\u00a0\u00bb fasse l&rsquo;objet d&rsquo;un \u00e9ventuel article de fond pour publication dans un prochain Bulletin.<\/p>\n<p style=\"padding-left: 40px;\">Avant de quitter pour une visite des locaux de la Soci\u00e9t\u00e9 de g\u00e9n\u00e9alogie et d&rsquo;archives de Rimouski,\u00a0 sous un soleil radieux, une photo de groupe a \u00e9t\u00e9 r\u00e9alis\u00e9e \u00e0 l&rsquo;ext\u00e9rieur de la salle communautaire. Au retour, nous avons eu droit \u00e0 deux courtes pr\u00e9sentations, l&rsquo;une sur les dictionnaires g\u00e9n\u00e9alogiques de Laurent et de Pierre Levasseur, mais surtout la signification des diff\u00e9rents codes utilis\u00e9s pour faciliter leur consultation. Sous la responsabilit\u00e9 de Huguette Levasseur, les personnes pr\u00e9sentes ont pu appr\u00e9cier les explications sur la navigation pour retracer rapidement les relations entre les individus inscrits dans ces ouvrages imposants.<\/p>\n<p style=\"padding-left: 40px;\">La deuxi\u00e8me pr\u00e9sentation portait sur l&rsquo;impact des nouvelles technologies de communications pour le partage d&rsquo;informations entre les associations de famille comme la n\u00f4tre et leurs membres.<br \/>\n\u00c0 travers toutes ces activit\u00e9s, des secteurs \u00e9taient r\u00e9serv\u00e9s \u00e0 la collecte et la consultation de donn\u00e9es g\u00e9n\u00e9alogiques sous la responsabilit\u00e9 de notre g\u00e9n\u00e9alogiste, Joceline Levasseur, d\u2019autres \u00e0 la num\u00e9risation de photos et documents anciens, \u00e0 l&rsquo;exposition des g\u00e9n\u00e9alogies des participants Levasseur et \u00e0 la pr\u00e9sentation de produits promotionnels.<\/p>\n<p style=\"padding-left: 40px;\">Apr\u00e8s un excellent souper, plusieurs prix de pr\u00e9sences ont \u00e9t\u00e9 attribu\u00e9s avant que les personnes ne se disent au revoir et &#8230; \u00e0 la prochaine.<\/p>\n<p style=\"padding-left: 40px;\">Nous ne saurions assez remercier tous les b\u00e9n\u00e9voles et leurs conjoints. Nous ne voulons pas les nommer de peur d&rsquo;en oublier, mais pr\u00e8s d&rsquo;une vingtaine de personnes avaient travaill\u00e9 sans rel\u00e2che depuis plusieurs mois afin d&rsquo;en faire un succ\u00e8s. MERCI ! Merci \u00e0 Raymond Levasseur et \u00e0 son \u00e9quipe!<br \/>\nJean-Pierre Levasseur (250)<\/p>\n<hr \/>\n<p><strong>Date : Ao\u00fbt 2011<br \/>\nEndroit ; Sherbrooke , Qu\u00e9bec<br \/>\nOrganisateur : L\u2019Association des Levasseur d\u2019Am\u00e9rique<\/strong><\/p>\n<p style=\"padding-left: 40px;\"><img decoding=\"async\" class=\"alignleft\" src=\"https:\/\/levasseur.org\/photos\/r_2011_1.jpg\" width=\"494\" height=\"370\" \/>La temp\u00e9rature \u00e9tait id\u00e9ale et les Levasseur \u00e9taient au rendez-vous! Ce premier rassemblement dans la r\u00e9gion de l\u2019Estrie fut une r\u00e9ussite.<\/p>\n<p style=\"padding-left: 40px;\">Des Levasseur du Nouveau-Brunswick, de l\u2019Ontario, de toutes les r\u00e9gions du Qu\u00e9bec et du nord-est des \u00c9tats-Unis ont converg\u00e9 vers la belle ville de Sherbrooke pour fraterniser et \u00e9changer des souvenirs sur leurs familles et les endroits o\u00f9 ils ont v\u00e9cu.<\/p>\n<p style=\"padding-left: 40px;\">La journ\u00e9e a commenc\u00e9 par une allocution de notre pr\u00e9sident, Roger Levasseur, qui a soulign\u00e9 l\u2019importance de telles rencontres et signal\u00e9 combien seraient fiers nos anc\u00eatres fran\u00e7ais de voir tant de Levasseur r\u00e9unis ensemble, apr\u00e8s plus de 400 ans, suite \u00e0 leur travers\u00e9e de l\u2019Atlantique vers la Nouvelle-France.<\/p>\n<p style=\"padding-left: 40px;\">M. Jacques Beaugrand, notre conf\u00e9rencier invit\u00e9, nous a renseign\u00e9s sur les plus r\u00e9centes d\u00e9couvertes en ce qui concerne les recherches sur l\u2019ADN et ses applications en g\u00e9n\u00e9alogie familiale. Il est possible de savoir \u00e0 quel peuple de l&rsquo;antiquit\u00e9 et de quel pays nos anc\u00eatres \u00e9taient originaires. Fait \u00e0 signaler, des membres de notre association ont \u00e9t\u00e9 sollicit\u00e9s pour ce test de l\u2019ADN afin de d\u00e9terminer si nos deux anc\u00eatres principaux, Pierre et Laurent Levasseur, \u00e9taient apparent\u00e9s. Les r\u00e9sultats sont pr\u00e9sent\u00e9s sur notre site Web.<\/p>\n<p style=\"padding-left: 40px;\">Une conf\u00e9rence intitul\u00e9e \u00abUne association branch\u00e9e\u00bb a \u00e9t\u00e9 pr\u00e9sent\u00e9e par le webmestre de l\u2019Association, Jean-Pierre Levasseur.<\/p>\n<p style=\"padding-left: 40px;\">Huguette Levasseur nous a ensuite pr\u00e9sent\u00e9 les dictionnaires g\u00e9n\u00e9alogiques des Levasseur, mais surtout la fa\u00e7on de r\u00e9aliser des recherches efficaces dans ces derniers. Huguette a \u00e9galement signal\u00e9 le travail continuel de Joceline, notre g\u00e9n\u00e9alogiste, et de Gilles Carmel pour le travail de v\u00e9rification et l\u2019ajout de donn\u00e9es dans cette gigantesque base de donn\u00e9es.<\/p>\n<p style=\"padding-left: 40px;\">En apr\u00e8s-midi, nos participants ont d\u2019abord assist\u00e9 \u00e0 une animation th\u00e9\u00e2trale historique hors du commun qui nous a permis de remonter le temps! En compagnie de Mary O\u2019Malley, une irlandaise color\u00e9e, nous avons rencontr\u00e9 des personnages du 19e si\u00e8cle qui ont marqu\u00e9 l\u2019histoire des Cantons-de-l\u2019Est\u00a0: Gilbert Hyatt, loyaliste fier et vaillant, G\u00e9raldine Mollins, fougueuse femme de colon, Grace Thompson, une s\u00e9duisante et riche commer\u00e7ante de Lennoxville et\u00a0 Andrew Paton, dirigeant de la plus grosse usine de lainage au Canada.<\/p>\n<p style=\"padding-left: 40px;\">Suite \u00e0 cette pr\u00e9sentation th\u00e9\u00e2trale, Gilles Carmel nous a entretenus de la base de donn\u00e9es accessible sur notre site Web ainsi que des diff\u00e9rentes fonctions de recherche pour obtenir des renseignements g\u00e9n\u00e9alogiques. Cette pr\u00e9sentation a \u00e9t\u00e9 fort appr\u00e9ci\u00e9e des personnes pr\u00e9sentes.<br \/>\nPour terminer la journ\u00e9e en beaut\u00e9, un d\u00e9licieux souper nous a ensuite \u00e9t\u00e9 servi, agr\u00e9ment\u00e9 par la musique d\u2019un excellent quatuor \u00e0 cordes. De nombreux prix de pr\u00e9sence ont \u00e9galement \u00e9t\u00e9 distribu\u00e9s tout au long de la soir\u00e9e.<\/p>\n<p style=\"padding-left: 40px;\">Merci Paul, Pierrette et \u00e0 toute l\u2019\u00e9quipe pour ce formidable accueil que vous nous avez r\u00e9serv\u00e9 \u00e0 Sherbrooke, ce 20 ao\u00fbt dernier. Nul doute que ce n\u2019est qu\u2019un Au Revoir. Nous sommes tous reconnaissants du travail que vous avez fait pour recevoir la grande famille des Levasseur!<\/p>\n<hr style=\"padding-left: 40px;\" \/>\n<p><strong>Date : 14 ao\u00fbt 2010<br \/>\nEndroit : Poh\u00e9n\u00e9gamook, Qu\u00e9bec<\/strong><br \/>\n<strong>Organisateur : Mme Marie-Stella Morneau et M Roland Williams with the collaboration of l\u2019Association des Levasseur d\u2019Am\u00e9rique<\/strong><\/p>\n<p style=\"padding-left: 40px;\"><img decoding=\"async\" class=\"size-large alignleft\" src=\"https:\/\/levasseur.org\/photos\/r_2010_1.jpg\" width=\"350\" height=\"263\" \/>Par une temp\u00e9rature id\u00e9ale, pr\u00e8s d\u2019une centaine de personnes ont assist\u00e9 le 14 ao\u00fbt dernier au rassemblement r\u00e9gional des familles Levasseur \u00e0 Poh\u00e9n\u00e9gamook. Les responsables de l\u2019organisation de cette rencontre, M. Roland Williams et Mme Marie-Stella Morneau n\u2019ont pas m\u00e9nag\u00e9 leurs efforts afin de faire de cette r\u00e9union une r\u00e9ussite dont on se souviendra longtemps.<\/p>\n<p style=\"padding-left: 40px;\"><strong>Des conf\u00e9rences bien appr\u00e9ci\u00e9es<\/strong><\/p>\n<p style=\"padding-left: 40px;\">Notre ami R\u00e9jean Levasseur a assur\u00e9 l\u2019animation tout au long de la journ\u00e9e. D\u2019ailleurs, fait \u00e0 signaler, R\u00e9jean assume cette t\u00e2che depuis les tout premiers rassemblements tenus depuis les ann\u00e9es 1980. Notre pr\u00e9sident, Roger Levasseur, a d\u2019abord pr\u00e9sent\u00e9 sommairement l\u2019association en tra\u00e7ant un bref historique de celle-ci et a signal\u00e9 l\u2019apport du fondateur de l\u2019association, Vincent Levasseur, qui nous a quitt\u00e9s en 2005.<\/p>\n<p style=\"padding-left: 40px;\">Par la suite, l\u2019auteur de cet article a expliqu\u00e9 sommairement aux personnes pr\u00e9sentes les principales fonctionnalit\u00e9s du site Web de l\u2019association (www.levasseur.org), principalement au niveau de l\u2019utilisation de la base de donn\u00e9es de l\u2019association et de la consultation en ligne des archives et bulletins publi\u00e9s depuis 1988.<\/p>\n<p style=\"padding-left: 40px;\">Joceline Levasseur a pr\u00e9sent\u00e9 nos deux dictionnaires g\u00e9n\u00e9alogiques et nous a aussi fait conna\u00eetre les trois g\u00e9n\u00e9rations de g\u00e9n\u00e9alogistes qui se sont succ\u00e9d\u00e9. Gr\u00e2ce \u00e0 leurs recherches, nous pouvons offrir \u00e0 nos membres une base de donn\u00e9es de plus de 115,000 noms qu\u2019on peut consulter en ligne, sur notre site web.<\/p>\n<p style=\"padding-left: 40px;\">Nous oublions trop souvent le fait que la collecte et la v\u00e9rification des sources des donn\u00e9es g\u00e9n\u00e9alogiques constituent le pivot de toute association de familles. \u00c0 l\u2019origine, toute association de famille se cr\u00e9e en vue d\u2019assembler une base de donn\u00e9es des descendants de leurs premiers repr\u00e9sentants en Am\u00e9rique. Bien au-del\u00e0 des prouesses technologiques pr\u00e9sent\u00e9es par le biais d\u2019un site Internet, la mission premi\u00e8re de toute organisation de ce type demeure, \u00e0 mon avis, la production de dictionnaires pour ses membres et la collectivit\u00e9 g\u00e9n\u00e9alogique.<\/p>\n<p style=\"padding-left: 40px;\">Comme Joceline l\u2019a mentionn\u00e9 \u00e0 plusieurs reprises, le Qu\u00e9bec demeure un \u00abparadis\u00bb du g\u00e9n\u00e9alogiste vu la facilit\u00e9 relative \u00e0 r\u00e9unir des donn\u00e9es, mais cela suppose \u00e9galement un travail assidu. Sans l\u2019apport de passionn\u00e9s comme Joceline, il est peu probable qu\u2019une quelconque association puisse assurer sa p\u00e9rennit\u00e9 \u00e0 long terme.<\/p>\n<p style=\"padding-left: 40px;\">Bravo Joceline, nous te sommes tous redevables.<\/p>\n<p style=\"padding-left: 40px;\"><strong>Gilles Carmel nous informe des r\u00e9sultats des tests ADN<\/strong><\/p>\n<p style=\"padding-left: 40px;\">Par la suite, une des conf\u00e9rences les plus attendues nous a \u00e9t\u00e9\u00a0 donn\u00e9e par Gilles Carmel. Vous avez sans doute consult\u00e9 dans les deux derniers num\u00e9ros du Bulletin les pr\u00e9c\u00e9dents articles sur les tests ADN effectu\u00e9s afin de d\u00e9terminer hors de tout doute l\u2019absence de parent\u00e9 entre nos deux anc\u00eatres Levasseur, Pierre et Laurent. Bien que le sujet soit assez ardu, Gilles nous a d\u00e9montr\u00e9 un talent de vulgarisateur hors pair et d\u2019apr\u00e8s les commentaires re\u00e7us, les diff\u00e9rents tableaux pr\u00e9sent\u00e9s \u00e0 l\u2019assistance ont permis de d\u00e9mystifier grandement ces th\u00e9ories quelquefois complexes.<br \/>\nLes Levasseur dans l\u2019histoire de cette r\u00e9gion<\/p>\n<p style=\"padding-left: 40px;\">M. Williams nous avait r\u00e9serv\u00e9 une bien belle surprise. Il faut d\u2019abord pr\u00e9ciser que la ville de Poh\u00e9n\u00e9gamook est issue de la fusion des quartiers de Saint-David-de-Sully, Saint-Pierre Marie-M\u00e9diatrice d&rsquo;Estcourt et de Saint-\u00c9leuth\u00e8re le 23 octobre 1973. Un circuit avait \u00e9t\u00e9 pr\u00e9par\u00e9 avec soin par nos h\u00f4tes afin que nous puissions visiter les principaux lieux habit\u00e9s par les familles Levasseur dans cette municipalit\u00e9. Deux entreprises locales (Meubles R\u00e9al Levasseur et Transport Guy Levasseur) ont \u00e9galement accueilli les participants au sein de leurs locaux. Ces visites ont particuli\u00e8rement \u00e9t\u00e9 appr\u00e9ci\u00e9es par nos familles pr\u00e9sentes.<\/p>\n<p style=\"padding-left: 40px;\"><strong>Pr\u00e9sentation de M. Gaston Levasseur<\/strong><\/p>\n<p style=\"padding-left: 40px;\">Par la suite, M. Gaston Levasseur nous a bri\u00e8vement pr\u00e9sent\u00e9 ses anc\u00eatres et l\u2019apport de ceux-ci \u00e0 la vie de la collectivit\u00e9. Merci.<\/p>\n<p style=\"padding-left: 40px;\"><strong>Un repas fort appr\u00e9ci\u00e9 des convives<\/strong><\/p>\n<p style=\"padding-left: 40px;\">Nous devons \u00e9galement signaler la qualit\u00e9 du repas qui fut servi par nos traiteurs et souligner la g\u00e9n\u00e9rosit\u00e9 des commanditaires qui ont offert le vin au repas et de nombreux prix de pr\u00e9sence durant la soir\u00e9e.<\/p>\n<p style=\"padding-left: 40px;\">Un grand merci aux organisateurs, aux donateurs et \u00e0 toutes les familles participantes \u00e0 cette f\u00eate. Vive les Poh\u00e9n\u00e9gamookois\u00a0!<\/p>\n<hr \/>\n<p><strong>Endroit : Qu\u00e9bec, Qc, Canada<\/strong><br \/>\n<strong>Date : 16 et 17 ao\u00fbt 2008<\/strong><br \/>\n<strong>Organisateur : L\u2019Association des Levasseur d\u2019Am\u00e9rique<\/strong><\/p>\n<p>20e Anniversaire de fondation de l\u2019Association des familles Levasseur d\u2019Am\u00e9rique.<\/p>\n<p style=\"padding-left: 40px;\"><img decoding=\"async\" class=\"alignleft\" src=\"https:\/\/levasseur.org\/photos\/r_2008_1.jpg\" width=\"301\" height=\"226\" \/>Les activit\u00e9s ont d\u00e9but\u00e9 vers 10h00 sous la direction de R\u00e9jean Levasseur, ma\u00eetre de c\u00e9r\u00e9monie. Il remercia les soeurs Joceline et Huguette Levasseur de m\u00eame que leurs familles ainsi que Jean-Pierre Levasseur pour les nombreuses heures de b\u00e9n\u00e9volat\u00a0qu&rsquo;a n\u00e9cessit\u00e9 la pr\u00e9paration de ce 20e anniversaire. Il pr\u00e9senta ensuite le pr\u00e9sident de l&rsquo;Association des Levasseur d&rsquo;Am\u00e9rique, Gilles Carmel.<\/p>\n<p style=\"padding-left: 40px;\">Le pr\u00e9sident souhaita la bienvenue aux invit\u00e9s et\u00a0leur r\u00e9suma les 20 ans d&rsquo;existence de l&rsquo;Association. Il souligna que le premier journal de l&rsquo;Association a \u00e9t\u00e9 publi\u00e9 en anglais et en fran\u00e7ais en janvier 1989 par Vincent, Roger et R\u00e9jean Levasseur. Ensuite, R\u00e9jean Levasseur invita Roger Levasseur \u00e0 pr\u00e9senter une conf\u00e9rence\u00a0 sur\u00a0la vie\u00a0des anc\u00eatres Jean, Pierre et Laurent Levasseur en Nouvelle-France.<\/p>\n<p style=\"padding-left: 40px;\">Les noms de ces anc\u00eatres Levasseur furent pr\u00e9sent\u00e9s sur un \u00e9cran:<\/p>\n<ul>\n<li>No\u00ebl Levasseur \/ Genevi\u00e8ve Ganche, paroisse St-Gilles, St-Leu \u2013 Paris.<\/li>\n<li>Jean Levasseur \/ Marguerite Richard, Paris, France. Qu\u00e9bec 15\/10\/1665 -10 enfants.<\/li>\n<li>Pierre Levasseur \/ Jeanne de Chanvelange, Qu\u00e9bec 25\/10\/1665 \u2013 9 enfants.<\/li>\n<li>Jeanne Levasseur s\u0153ur de Pierre \/ Christophe de Rollet, Qu\u00e9bec retournent en France et laisse 1 fils au Canada. Il sera l\u2019anc\u00eatre de tous les Drolet.<\/li>\n<li>Laurent Levasseur de Rouen \/ Marie-Marchand, Qu\u00e9bec 30\/10\/1670\u00a0 &#8211; Ils ont 13 enfants.<\/li>\n<\/ul>\n<p style=\"padding-left: 40px;\">Pour retourner 400 ans en arri\u00e8re, Roger Levasseur avait rev\u00eatu son plus beau costume d&rsquo;\u00e9poque. Pour se documenter, Roger s&rsquo;est inspir\u00e9 du livre de Jean-Pierre Hardy \u00ab Chercher fortune en Nouvelle-France \u00bb.<\/p>\n<p style=\"padding-left: 40px;\">Voici en quelques lignes un r\u00e9sum\u00e9 de la vie de nos pr\u00e9d\u00e9cesseurs, tel que pr\u00e9sent\u00e9 par Roger.\u2028 Les premiers colons arriv\u00e9s ici ne connaissaient pas la rigueur des hivers canadiens. Ils ont souffert du froid et du scorbut. Plusieurs sont d\u00e9c\u00e9d\u00e9s et sans l&rsquo;aide des Am\u00e9rindiens, la colonie aurait \u00e9t\u00e9 compl\u00e8tement d\u00e9cim\u00e9e.<\/p>\n<p style=\"padding-left: 40px;\">Pour se nourrir,\u00a0nos anc\u00eatres\u00a0devaient chasser le gibier et cultiver des l\u00e9gumes et des c\u00e9r\u00e9ales.\u00a0Ils devaient se b\u00e2tir un abri et couper du bois pour se chauffer. Ils devaient aussi se v\u00eatir autrement car leurs habits d&rsquo;origine n&rsquo;\u00e9taient pas adapt\u00e9s aux hivers rigoureux.<\/p>\n<p style=\"padding-left: 40px;\">Au printemps, certains coureurs des bois ramenaient des fourrures et les exp\u00e9diaient par bateaux en France. C\u2019\u00e9tait une marchandise tr\u00e8s pris\u00e9e\u00a0des europ\u00e9ens\u00a0pour la confection de chapeaux.<br \/>\nNos anc\u00eatres\u00a0ont appris \u00e0 se soigner avec des herbages et aussi avec la s\u00e8ve de certains arbres. Peu de temps apr\u00e8s, des religieuses sont venues et ont fait construire le premier h\u00f4pital. La colonie a continu\u00e9 \u00e0 se d\u00e9velopper. Les b\u0153ufs ont longtemps servi de b\u00eates de somme \u00e9tant donn\u00e9 que\u00a0 le cheval arriva un peu plus tard. La premi\u00e8re charrue \u00e9tait en bois, la fourche avait seulement deux dents et le petit r\u00e2teau \u00e9tait en bois.<\/p>\n<p style=\"padding-left: 40px;\">\u00c0 mesure que le temps avan\u00e7ait, nos anc\u00eatres ont sem\u00e9 des graines et r\u00e9colt\u00e9 le grain. Ils battaient les gerbes de c\u00e9r\u00e9ales avec le fl\u00e9au et ramassaient les graines d&rsquo;avoine ou de bl\u00e9 qui tombaient sur une toile. On pouvait moudre ces graines pour en faire de la farine; on s&rsquo;en servait pour nourrir les animaux et on en r\u00e9servait une petite quantit\u00e9 pour semer au printemps. Nos anc\u00eatres ont su s&rsquo;adapter \u00e0 ce labeur manuel dur et \u00e9puisant.<\/p>\n<p style=\"padding-left: 40px;\">En \u00e9coutant Roger, on r\u00e9alise que notre quotidien est loin de ressembler \u00e0 celui d&rsquo;autrefois. Cette conf\u00e9rence bilingue de Roger a \u00e9t\u00e9 tr\u00e8s instructive et les invit\u00e9s l&rsquo;ont chaleureusement applaudi.<br \/>\nPar la suite il y eu pr\u00e9sentation du nouveau portail du site web de l\u2019Association des Levasseur (www.levasseur.org) par Jean-Pierre Levasseur. Plusieurs sections interactives ont \u00e9t\u00e9 ajout\u00e9es au site web et on peut visualiser des extraits de vid\u00e9os sur le blog de l\u2019Association. C\u2019est ainsi que tous les bulletins de l\u2019Association depuis sa cr\u00e9ation ont \u00e9t\u00e9 num\u00e9ris\u00e9s et sont disponibles sur le site. C\u2019est gr\u00e2ce \u00e0 Jean-Pierre que l\u2019Association est compl\u00e8tement informatis\u00e9e. Il a consacr\u00e9 beaucoup d\u2019heures et\u00a0 plusieurs ann\u00e9es \u00e0 ce projet. Grand merci\u00a0 Jean-Pierre vous nous avez rendu un tr\u00e8s grand service.<br \/>\nLe lancement formel de nos deux dictionnaires g\u00e9n\u00e9alogiques n&rsquo;a pas eu lieu. La veille, Joceline Levasseur avait \u00e9t\u00e9 avis\u00e9e qu&rsquo;elle ne les aurait pas \u00e0 temps pour le 20e anniversaire. Joceline a exprim\u00e9 sa d\u00e9ception car sa pr\u00e9sentation \u00e9tait bas\u00e9e sur les techniques de recherches dans ces dictionnaires. Elle a remerci\u00e9 les membres pr\u00e9sents pour leur compr\u00e9hension et leur support ind\u00e9fectible.\u00a0Puis ce fut\u00a0\u00e0 son tour d&rsquo;\u00eatre chaleureusement applaudie et remerci\u00e9e car son ouvrage en est un de longue haleine. Les personnes ayant d\u00e9j\u00e0 r\u00e9serv\u00e9\u00a0des dictionnaires seront avis\u00e9es d\u00e8s que ceux-ci\u00a0seront disponibles.<\/p>\n<p style=\"padding-left: 40px;\">Le d\u00eener a \u00e9t\u00e9 servi \u00e0 midi et d\u00e8s 13h15 le groupe montait\u00a0\u00e0 bord de deux autobus pour une visite comment\u00e9e de l&rsquo;Observatoire de la Capitale. Cet observatoire est situ\u00e9 au 31e \u00e9tage \u00e0 221 m\u00e8tres d&rsquo;altitude. Nous avons tous appr\u00e9ci\u00e9 Qu\u00e9bec et sa r\u00e9gion, le majestueux\u00a0Saint-Laurent, les flamboyantes Laurentides et le Vieux-Qu\u00e9bec.<\/p>\n<p style=\"padding-left: 40px;\">Vers 16h00, les participants\u00a0\u00e9taient de retour pour l&rsquo;Assembl\u00e9e g\u00e9n\u00e9rale de l&rsquo;Association et pour les \u00e9lections des administrateurs.<\/p>\n<p style=\"padding-left: 40px;\">En fin d&rsquo;apr\u00e8s-midi, R\u00e9jean pr\u00e9senta Mme Pauline Gill, auteure de deux romans historiques racontant la vie du Docteure Irma Levasseur. Mme Gill \u00e9crit pr\u00e9sentement le 3e tome et elle veut r\u00e9habiliter le nom de cette femme m\u00e9decin. Irma Levasseur fut la premi\u00e8re Canadienne fran\u00e7aise \u00e0 exercer la m\u00e9decine au Qu\u00e9bec.<\/p>\n<p style=\"padding-left: 40px;\">Irma aimait beaucoup les enfants. Selon Mme Gill, Irma a \u00e9t\u00e9 la v\u00e9ritable instigatrice et fondatrice de l&rsquo;H\u00f4pital Sainte-Justine \u00e0 Montr\u00e9al et la fondatrice de l&rsquo;H\u00f4pital l&rsquo;Enfant-J\u00e9sus \u00e0 Qu\u00e9bec. La Docteure Irma ne faisait pas partie de la haute bourgeoisie de Montr\u00e9al. Les dirigeants et dirigeantes de l&rsquo;H\u00f4pital\u00a0 Sainte-Justine ont refus\u00e9 de la reconna\u00eetre comme fondatrice\u00a0lors du 100e anniversaire de fondation de cet H\u00f4pital.<\/p>\n<p style=\"padding-left: 40px;\">C&rsquo;est gr\u00e2ce aux renseignements fournis par des descendants de la famille d\u2019Irma, aux archives qui avaient\u00a0 \u00e9t\u00e9 conserv\u00e9es et \u00e0 ses recherches personnelles\u00a0que Mme Pauline Gill peut poursuivre son \u0153uvre de r\u00e9habilitation. Les membres de l&rsquo;Association ont appr\u00e9ci\u00e9 et remerci\u00e9 chaleureusement\u00a0Mme Gill.<\/p>\n<p style=\"padding-left: 40px;\">\u00c0 18h00, un cocktail fut offert par l&rsquo;Association des Levasseur et la soir\u00e9e se termina par un banquet et une soir\u00e9e anim\u00e9e avec l&rsquo;accord\u00e9oniste Guy St-Jean qui nous a fait chanter et danser une bonne partie de la soir\u00e9e. L&rsquo;ambiance \u00e9tait \u00e0 la f\u00eate de m\u00eame que la gaiet\u00e9 et la bonne humeur.<br \/>\nBravo aux organisateurs et merci \u00e0 tout ceux et celles qui \u00e9taient l\u00e0 pour f\u00eater les 20 ans de notre Association. C&rsquo;est gr\u00e2ce \u00e0 vous tous si cette f\u00eate a \u00e9t\u00e9 une r\u00e9ussite.<\/p>\n<p style=\"padding-left: 40px;\">par : Marie-No\u00eblle Levasseur.<\/p>\n<hr \/>\n<p><strong>Endroit : Gatineau, Qc, Canada<\/strong><br \/>\n<strong>Date : 1, 2 et 3 septembre 2006<\/strong><br \/>\n<strong>Organisateur : Association des Levasseur d\u2019Am\u00e9rique<\/strong><\/p>\n<p style=\"padding-left: 40px;\"><img decoding=\"async\" class=\"size-large alignleft\" src=\"https:\/\/levasseur.org\/photos\/r_2006_1.jpg\" width=\"400\" height=\"300\" \/>Le rassemblement de Gatineau a r\u00e9uni des dizaines de Levasseur et leurs familles dans la belle ville de Gatineau. R\u00e9jean Levasseur et son \u00e9quipe nous ont pr\u00e9sent\u00e9 des activit\u00e9s tr\u00e8s vari\u00e9es qui ont \u00e9t\u00e9 appr\u00e9ci\u00e9es par tous les participants.<\/p>\n<p style=\"padding-left: 40px;\">La premi\u00e8re conf\u00e9rence de la journ\u00e9e a \u00e9t\u00e9 donn\u00e9e par Serge Bernier. Le th\u00e8me de la conf\u00e9rence \u00ab Les Levasseur militaires \u00bb traitait sp\u00e9cifiquement de certains personnages portant le patronyme Levasseur et ayant servi la couronne fran\u00e7aise aux premiers temps de la colonie. Nous pourrions citer des personnages comme Louis Levasseur, Ren\u00e9 Nicolas Levasseur et Jacques Levasseur de N\u00e9r\u00e9.<br \/>\nLa conf\u00e9rence de Roger Levasseur \u00e9tait intitul\u00e9e \u00ab La mutation des Levasseur vers l\u2019Ouest et les \u00c9tats-Unis\u00bb. Roger a su par son talent naturel de conteur nous renseigner de mani\u00e8re originale sur l\u2019\u00e9migration de plusieurs de nos compatriotes vers les \u00c9tats-Unis. Sa pr\u00e9sentation, ponctu\u00e9e de plusieurs anecdotes, a captiv\u00e9 les participants qui ont partag\u00e9 avec lui des histoires de leurs familles.<br \/>\nJoceline Levasseur nous a entretenus sur un sujet qui lui tient bien \u00e0 c\u0153ur.<\/p>\n<p style=\"padding-left: 40px;\">Gr\u00e2ce \u00e0 son travail soutenu, nous pourrons bient\u00f4t faire la r\u00e9\u00e9dition des dictionnaires des descendants de Laurent, Jean et de Pierre Levasseur. Joceline v\u00e9rifie et corrige les informations de notre base de donn\u00e9es g\u00e9n\u00e9alogiques \u00e0 partir des registres des paroisses. C\u2019est un travail titanesque et nous esp\u00e9rons vous offrir ces documents pour 2008. Une premi\u00e8re version de ce travail a \u00e9t\u00e9 pr\u00e9sent\u00e9e \u00e0 l\u2019assembl\u00e9e. Une pr\u00e9vente de ces dictionnaires sera faite d\u2019ici les prochains mois.<br \/>\nApr\u00e8s le buffet du midi, nous nous sommes rendus \u00e0 Ottawa au Mus\u00e9e canadien de la guerre. Ce mus\u00e9e nouvellement construit nous offre plusieurs salles th\u00e9matiques sur diff\u00e9rents conflits \u00e0 travers l\u2019histoire. Des expositions riches en information, des artefacts et des exp\u00e9riences stimulantes promettent des heures, voire des jours d\u2019exploration. L\u2019exposition sp\u00e9ciale avait pour th\u00e8me \u00ab Le choc des empires : la guerre qui fonda le Canada 1754-1763\u00bb. Il y a 250 ans, Fran\u00e7ais, Britanniques et Premiers Peuples se sont livr\u00e9 une guerre farouche pour le contr\u00f4le de l&rsquo;Am\u00e9rique du Nord.<br \/>\nCette exposition pr\u00e9sentait l&rsquo;histoire du premier conflit mondial qui \u00e9clata dans les for\u00eats de la Pennsylvanie, atteignit Qu\u00e9bec et d\u00e9cida du sort du Canada. Pr\u00e9sentant pr\u00e8s de 200 artefacts provenant de 55 collections et institutions diff\u00e9rentes, &lt;Le choc des empires&gt; examine le contexte international de ce conflit et de quelle mani\u00e8re ce dernier a contribu\u00e9 \u00e0 fa\u00e7onner le monde d&rsquo;aujourd&rsquo;hui.<\/p>\n<p style=\"padding-left: 40px;\">En apr\u00e8s-midi, nous avons eu notre assembl\u00e9e g\u00e9n\u00e9rale annuelle, suivie d\u2019une \u00e9lection. Voici les membres de votre conseil d\u2019administration 2006. \u00c0 gauche : Roger Levasseur, Diane Lacroix, Jean-Pierre Levasseur et Joseph Levasseur. \u00c0 droite: Gilles Carmel (qui a accept\u00e9 un nouveau mandat \u00e0 la pr\u00e9sidence), Andr\u00e9 Levasseur, Joceline Levasseur et R\u00e9jean Levasseur. Absents sur la photo : Marie-No\u00eblle Levasseur, Michele Levasseur et Paul Levasseur.<\/p>\n<p style=\"padding-left: 40px;\">Accompagn\u00e9 de son vice-pr\u00e9sident, Monsieur\u00a0 Denis Drouin, pr\u00e9sident de la Soci\u00e9t\u00e9 franco-ontarienne d&rsquo;histoire et de g\u00e9n\u00e9alogie, r\u00e9gionale Samuel-de-Champlain, re\u00e7oit des mains de Monsieur\u00a0 Gilles Carmel une plaque en m\u00e9moire et en l&rsquo;honneur de Vincent Levasseur. Cette plaque sera install\u00e9e \u00e0 l&rsquo;entr\u00e9e d&rsquo;une salle de cette soci\u00e9t\u00e9 en m\u00e9moire de Vincent.<\/p>\n<p style=\"padding-left: 40px;\">Dimanche matin, plusieurs personnes se sont r\u00e9unies en l\u2019\u00e9glise de St-Fran\u00e7ois-de-Sales pour la c\u00e9l\u00e9bration d\u2019une messe en l\u2019honneur de Vincent Levasseur. Par la suite, les participants se sont rendus au cimeti\u00e8re situ\u00e9 \u00e0 proximit\u00e9 de l\u2019\u00e9glise. Roger Levasseur a proc\u00e9d\u00e9 au d\u00e9voilement d\u2019une plaque comm\u00e9morative.<\/p>\n<hr \/>\n<p><strong>Endroit : Qu\u00e9bec, Qc, Canada<\/strong><br \/>\n<strong>Date : 4 et 5 septembre 2004<\/strong><br \/>\n<strong>Organisateur : Association des Levasseur d\u2019Am\u00e9rique<\/strong><\/p>\n<p style=\"padding-left: 40px;\"><img decoding=\"async\" class=\"alignleft\" src=\"https:\/\/levasseur.org\/photos\/r_2004_1.jpg\" alt=\"Rassemblement des familles Levasseur - Qu\u00e9bec 2004\" width=\"500\" height=\"332\" \/>Le rassemblement! Quelle journ\u00e9e merveilleuse et inoubliable! Tout a commenc\u00e9 avec une temp\u00e9rature agr\u00e9able; le soleil \u00e9tait au rendez-vous et la joie de se revoir aussi. Il y eut l\u2019inscription et une courte pause suivies de deux conf\u00e9rences aussi int\u00e9ressantes l\u2019une que l\u2019autre. La premi\u00e8re a \u00e9t\u00e9 donn\u00e9e par Madame Ginette Laroche, Ph. D., historienne de l\u2019art. Le sujet \u00e9tait\u00a0 \u00ab Les sculpteurs Levasseur \u00bb. Les anc\u00eatres Jean et Pierre Levasseur, tous deux ma\u00eetres-menuisiers, ont su transmettre leur m\u00e9tier \u00e0 leurs descendants. Ceux-ci ont construit des chefs-d\u2019\u0153uvre que nous pouvons encore admirer dans plusieurs \u00e9glises du Qu\u00e9bec et dans les mus\u00e9es. La deuxi\u00e8me conf\u00e9rence a \u00e9t\u00e9 donn\u00e9e par Madame Madeleine Desrivi\u00e8res, \u00e9crivaine et historienne. Elle s\u2019intitulait \u00ab Docteure Irma LeVasseur \u00bb. P\u00e9diatre, Irma LeVasseur a \u00e9t\u00e9 la premi\u00e8re femme canadienne-fran\u00e7aise \u00e0 exercer cette profession.<\/p>\n<p style=\"padding-left: 40px;\">P\u00e9diatre, Irma LeVasseur a \u00e9t\u00e9 la premi\u00e8re femme de langue fran\u00e7aise \u00e0 exercer cette profession. Elle fut la cofondatrice de l\u2019H\u00f4pital Sainte-Justine de Montr\u00e9al et de l\u2019H\u00f4pital l\u2019Enfant-J\u00e9sus de Qu\u00e9bec. Elle a \u00e9t\u00e9 une femme remarquable et sensible \u00e0 la mortalit\u00e9 infantile; son histoire est int\u00e9ressante et \u00e9mouvante \u00e0 la fois.<\/p>\n<p style=\"padding-left: 40px;\">Vers midi, un d\u00eener digne des grands chefs a \u00e9t\u00e9 servi \u00e0 la caf\u00e9t\u00e9ria de la Maison J\u00e9sus-Ouvrier. Avant le d\u00e9part pour l\u2019excursion de l\u2019apr\u00e8s-midi, nous nous regroupons pour les photos. Les souvenirs tangibles sont faits pour \u00eatre gard\u00e9s en m\u00e9moire et sur papier. Et sans perdre de temps, nous voil\u00e0 en route pour la visite guid\u00e9e du Vieux- Qu\u00e9bec. Nous visitons les lieux o\u00f9 ont v\u00e9cu et travaill\u00e9 nos anc\u00eatres.<\/p>\n<p style=\"padding-left: 40px;\">Nous avons la chance de voir la chapelle de l\u2019H\u00f4pital g\u00e9n\u00e9ral. Le tabernacle, sculpt\u00e9 par les Levasseur, est de toute beaut\u00e9. On peut aussi admirer les sculptures de S\u0153ur Marie-Jos\u00e8phe Hall\u00e9, sculpteure, descendante de Laurent Levasseur. Ensuite, nous marchons vers la Chapelle des Ursulines. Les \u0153uvres d\u2019ornementation du sculpteur Pierre-No\u00ebl Levasseur et de ses fils ont \u00e9t\u00e9 sauvegard\u00e9es et ornent maintenant la chapelle actuelle. Nous admirons le retable de l\u2019autel principal, celui de l\u2019autel lat\u00e9ral, les statues, la chaire surplomb\u00e9e d\u2019un ange \u00e0 la trompette. Ces \u0153uvres sont \u00e0 voir et \u00e0 revoir. Veuillez prendre note que la dorure de ces statues a \u00e9t\u00e9 r\u00e9alis\u00e9e par les Ursulines. Nous poursuivons notre visite; nous traversons la porte Saint-Louis en forme d\u2019arc. Comme nous voyageons dans de petits autobus, nous pouvons circuler dans les rues situ\u00e9es derri\u00e8re le Ch\u00e2teau Frontenac. Selon le recensement paroissial de 1716, Pierre II Levasseur, mari\u00e9 \u00e0 Anne Mesnage, avait une maison sise sur la rue des Carri\u00e8res. En 1734, un acte indique qu\u2019il avait une maison et un terrain de 74 pieds de largeur x 71 pieds de profondeur, sur la rue Mont-Carmel. Ce terrain qui sera partag\u00e9 entre sa veuve et son fils Pierre-No\u00ebl se retrouve aujourd\u2019hui sous le Ch\u00e2teau Frontenac. Il faut aussi mentionner la rue Sainte-Genevi\u00e8ve. En 1758, les Levasseur dit Borgia avaient deux emplacements situ\u00e9s en face du Jardin des Gouverneurs.<\/p>\n<p style=\"padding-left: 40px;\">Nous visitons \u00e9galement la cour du Vieux S\u00e9minaire de Qu\u00e9bec. On voit le trac\u00e9 de la maison de Guillemette H\u00e9bert et celui du puits de Louis H\u00e9bert. L\u2019anc\u00eatre Laurent Levasseur a travaill\u00e9 pour Guillemette H\u00e9bert de 1663 \u00e0 1669. Pr\u00e9sentement, le Vieux S\u00e9minaire est occup\u00e9 par l\u2019\u00c9cole d\u2019architecture de l\u2019Universit\u00e9 Laval. Notre guide nous fait remarquer que les anc\u00eatres Jean et Pierre Levasseur ont \u00e9t\u00e9 les instigateurs de la Confr\u00e9rie des Menuisiers de Madame Sainte-Anne, fondation compos\u00e9e de menuisiers et d\u2019artisans. Jean Levasseur a \u00e9t\u00e9 charg\u00e9 de l\u2019entretien de la premi\u00e8re \u00e9glise de Qu\u00e9bec b\u00e2tie en 1647, l\u00e0 o\u00f9 se trouve aujourd\u2019hui la Basilique-Cath\u00e9drale Notre-Dame-de-Qu\u00e9bec. Plusieurs mariages, bapt\u00eames et fun\u00e9railles de Levasseur ont \u00e9t\u00e9 c\u00e9l\u00e9br\u00e9s dans cette \u00e9glise. Il faut aussi souligner la rue St-Louis, la premi\u00e8re rue habit\u00e9e en Haute-Ville. Au recensement paroissial de 1716, No\u00ebl Levasseur, mari\u00e9 \u00e0 Marie-Madeleine Turpin, demeurait sur cette rue. Il y a aussi la maison Jacquet, sise au 34, rue Saint-Louis. C\u2019est la plus vieille maison de Qu\u00e9bec, occup\u00e9e depuis 1966 par le restaurant \u00ab Les Anciens Canadiens \u00bb. Les sculpteurs Levasseur avaient leurs maisons et leurs ateliers \u00e0 peu pr\u00e8s vis-\u00e0-vis de cette maison. Nous avons aussi visit\u00e9 et admir\u00e9 en autobus cette fois, d\u2019autres sites historiques tels : la Place-Royale et les Plaines d\u2019Abraham. Ces Plaines, que l\u2019on peut parcourir \u00e0 pied, sont tr\u00e8s reposantes lorsque nous en faisons le tour en autobus avec un guide tr\u00e8s bien document\u00e9 comme le n\u00f4tre.<\/p>\n<p style=\"padding-left: 40px;\">Puis, c\u2019est le retour au bercail \u00e0 17h30. L\u2019ex\u00e9cutif invite les membres pour une courte r\u00e9union annuelle. Le banquet a lieu \u00e0 18h30 comme pr\u00e9vu. Puis, retour \u00e0 la grande salle pour musique, danse et chants. On se quitte assez t\u00f4t pour mieux se retrouver le lendemain \u00e0 la Basilique de Sainte-Anne-de-Beaupr\u00e9. Dimanche, nous sommes presque tous l\u00e0. En groupe, nous entrons dans la Basilique qui est un haut-lieu de pri\u00e8re. En avant du c\u00f4t\u00e9 gauche, face \u00e0 l\u2019autel se trouve un vitrail qui repr\u00e9sente Jean Levasseur, fondateur de la Confr\u00e9rie des Menuisiers de Madame Sainte-Anne. Le vitrail a \u00e9t\u00e9 fabriqu\u00e9 par l\u2019atelier d\u2019Auguste Labouret. Quelle belle surprise pour nous de voir dans cette Basilique de Sainte-Anne-de-Beaupr\u00e9 un tel vitrail!<\/p>\n<p style=\"padding-left: 40px;\">Ensuite nous prenons place dans les bancs pour la messe de 11h00, c\u00e9l\u00e9br\u00e9e aux intentions des participants. Le c\u00e9l\u00e9brant souhaite aux Levasseur une bienvenue sp\u00e9ciale et souligne aussi notre pr\u00e9sence lors de certaines pri\u00e8res. Le P\u00e8re Dominique Levasseur de Richelieu est le co-c\u00e9l\u00e9brant. Nous disons un grand merci \u00e0 ces deux pr\u00eatres. La messe de 12h a \u00e9t\u00e9 c\u00e9l\u00e9br\u00e9e aux intentions de Jean, Pierre et Laurent Levasseur et de tous leurs descendants. Apr\u00e8s la messe, un brunch nous r\u00e9unit au restaurant \u00ab Le Montagnais \u00bb, situ\u00e9 tout pr\u00e8s sur le Boulevard Sainte-Anne. Le repas est d\u00e9licieux, la joie est \u00e0 son comble et la bonne humeur aussi. Le sermon du c\u00e9l\u00e9brant a sans doute port\u00e9 fruit puisqu\u2019il a parl\u00e9 d\u2019amour et que dans cette salle, les f\u00e9licitations, les compliments et les mots d\u2019amour fusent de part et d\u2019autre. Quelle belle f\u00eate et quels beaux souvenirs \u00e0 rapporter \u00e0 la maison et \u00e0 se rem\u00e9morer! Les organisateurs avaient pens\u00e9 \u00e0 tout, merci \u00e0 vous. Les d\u00e9parts ne sont jamais faciles, c\u2019est avec peine que nous nous quittons. Ce n\u2019est qu\u2019un au revoir, car le prochain rendez-vous est pr\u00e9vu pour 2006. Cette invitation s\u2019adresse \u00e0 nous et \u00e0 vous Levasseur d\u2019ici et d\u2019ailleurs.<\/p>\n<p style=\"padding-left: 40px;\">Par : Marie-No\u00eblle Levasseur, secr\u00e9taire<\/p>\n<hr \/>\n<p><strong>Endroit : Gatineau, Qc, Canada<\/strong><br \/>\n<strong>Date : 30 et 31 ao\u00fbt 2002<\/strong><br \/>\n<strong>Organisateur : L\u2019Association des Levasseur d\u2019Am\u00e9rique<\/strong><\/p>\n<p style=\"padding-left: 40px;\"><img decoding=\"async\" class=\"size-large alignleft\" src=\"https:\/\/levasseur.org\/photos\/r_2002_1.gif\" width=\"328\" height=\"244\" \/>Quelle belle rencontre que celle tenue \u00e0 Gatineau! Les organisateurs ont eu l&rsquo;id\u00e9e de convier les Levasseur \u00e0 une visite historique \u00e0 bord du train \u00e0 vapeur qui fait la navette de Hull \u00e0 Wakefield. En voiture pour une excursion inoubliable avec l&rsquo;un des derniers v\u00e9ritables trains \u00e0 vapeur \u00e0 circuler au Canada. Le trajet sinueux aux abords de la rivi\u00e8re Gatineau longe \u00e9galement l&rsquo;une des plus belles r\u00e9serves naturelles au Canada, le Parc de la Gatineau.<\/p>\n<p style=\"padding-left: 40px;\">Nous avons d\u00e9couvert ce paysage enchanteur, accompagn\u00e9 de guides touristiques, musiciens et chansonniers qui nous ont fait partager leur amour et leur connaissance de cette magnifique r\u00e9gion du Qu\u00e9bec, l&rsquo;Outaouais. Le train \u00e0 vapeur Hull-Chelsea-Wakefield nous a transport\u00e9s de la ville de Hull jusqu&rsquo;au pittoresque village de Wakefield sur l&rsquo;un des plus beaux trajets ferroviaires dans l&rsquo;est du pays. Ce trajet de 64 km longe la rivi\u00e8re Gatineau d&rsquo;un c\u00f4t\u00e9 et le Parc de la Gatineau de l&rsquo;autre.<br \/>\nAu retour de cette belle randonn\u00e9e, l&rsquo;assembl\u00e9e g\u00e9n\u00e9rale de l&rsquo;association a \u00e9t\u00e9 tenue \u00e0 Gatineau. Nous avons eu le plaisir d&rsquo;accueillir Joceline Levasseur et Gilles Carmel au sein de notre conseil.<\/p>\n<p style=\"padding-left: 40px;\">Pour finir la journ\u00e9e, les Levasseur et leurs invit\u00e9s ont particip\u00e9 \u00e0 un banquet et une soir\u00e9e sociale; ils ont bien appr\u00e9ci\u00e9 ces activit\u00e9s. Le rassemblement s&rsquo;est termin\u00e9 le dimanche par une messe et un brunch.<\/p>\n<hr \/>\n<p><strong>Endroit : Edmunston, NB, Canada<br \/>\nDate : 5 ao\u00fbt 2000<br \/>\nOrganisateur : L\u2019Association des Levasseur d\u2019Am\u00e9rique <\/strong><\/p>\n<p style=\"padding-left: 40px;\"><img decoding=\"async\" class=\"size-large alignleft\" src=\"https:\/\/levasseur.org\/photos\/r_2000_1.jpg\" width=\"400\" height=\"312\" \/>Les Levasseur d&rsquo;Am\u00e9rique se sont r\u00e9unis \u00e0 Edmundston le 5 ao\u00fbt 2000 \u00e0 l&rsquo;\u00e9cole Cormier. La majorit\u00e9 des Levasseur de la r\u00e9gion sont des descendants de Laurent Levasseur et sont originaires du Bas-du-Fleuve.<\/p>\n<p style=\"padding-left: 40px;\">La lign\u00e9e de Pierre \u00e9tait aussi repr\u00e9sent\u00e9e. La lign\u00e9e de Jean connue sous le nom de Vasseur dans la r\u00e9gion du Vermont n&rsquo;\u00e9tait pas repr\u00e9sent\u00e9e. Une journ\u00e9e m\u00e9morable pass\u00e9e dans la joie, l&rsquo;enthousiasme et la fraternit\u00e9 dont les Levasseur se souviendront longtemps.<\/p>\n<p style=\"padding-left: 40px;\">Le but premier \u00e9tait de souligner l&rsquo;arriv\u00e9e du premier Levasseur en terre madawaskadienne et de lui rendre hommage. Jean-Baptiste Levasseur, originaire du Kamouraska, avait \u00e9pous\u00e9 le 21 ao\u00fbt 1775 Madeleine Landry, veuve de J.-B. Cormier. (Voir contrat de mariage du notaire Michel Saindon).<br \/>\nLe couple est arriv\u00e9 \u00e0 Saint-Basile en 1786 et faisait baptiser en 1787 leur 7E enfant, une fille pr\u00e9nomm\u00e9e Victoire, suivie en 1792 d&rsquo;un fils Stanislas, en 1794 d&rsquo;Anastasie, en 1795 de Benjamin, en 1797 d&rsquo;Isidore et en 1799, d&rsquo;Alexis.<\/p>\n<p style=\"padding-left: 40px;\">Lorsqu&rsquo;en 1790, Thomas Carleton, lieutenant-gouverneur du Nouveau-Brunswick, signa un d\u00e9cret donnant \u00e0 49 pionniers un titre de propri\u00e9t\u00e9 dans la concession Mazerolle, J.-B. Levasseur re\u00e7ut le terrain No 6-209. Aujourd&rsquo;hui cette terre est au d\u00e9but de Rivi\u00e8re-Verte; elle est presque intacte. Seul un emplacement a \u00e9t\u00e9 vendu.<\/p>\n<p style=\"padding-left: 40px;\">Cette famille laissa une nombreuse descendance tant du c\u00f4t\u00e9 canadien qu&rsquo;am\u00e9ricain, sans oublier Saint-Basile, Rivi\u00e8re-Verte, Clair et Saint-Fran\u00e7ois. Fait \u00e0 remarquer, Jean-Baptiste Levasseur \u00e9tait l&rsquo;un des signataires de la p\u00e9tition de 1792 qui demandait la construction de l&rsquo;\u00e9glise de Saint-Basile au Nouveau-Brunswick, sous le vocable de Saint-Basile-le- Grand.<\/p>\n<p style=\"padding-left: 40px;\">Les Levasseur d&rsquo;Am\u00e9rique ont rendu hommage \u00e0 Jean-Baptiste Levasseur en plantant une croix au cimeti\u00e8re de Saint-Basile. Cette croix s&rsquo;enligne avec les croix des autres fondateurs de cette paroisse et se trouve en face de la maison Cyr dans le bas du cimeti\u00e8re.<\/p>\n<p style=\"padding-left: 40px;\">Monsieur Jacques Albert, conf\u00e9rencier invit\u00e9 pour parler des d\u00e9buts du Madawaska en matin\u00e9e, \u00e9tait pr\u00e9sent. Il a fait visiter la maison Cyr dans ses moindres d\u00e9tails, un geste tr\u00e8s appr\u00e9ci\u00e9 des personnes pr\u00e9sentes \u00e0 la f\u00eate. Ensuite pour renouer avec leurs racines, les Levasseur ont visit\u00e9 le mus\u00e9e, la petite chapelle et le cimeti\u00e8re des Religieuses Hospitali\u00e8res de Saint-Basile, visite guid\u00e9e qui fut tr\u00e8s appr\u00e9ci\u00e9e et des plus instructive pour tous. Merci \u00e0 ces religieuses qui ont su conserver une grande partie de notre histoire et de notre patrimoine.<\/p>\n<hr \/>\n<p><strong>Endroit : Kamouraska, Qc, Canada<\/strong><br \/>\n<strong>Date : 28 ao\u00fbt 1999<\/strong><br \/>\n<strong>Organisateur : L\u2019Association des Levasseur d\u2019Am\u00e9rique<\/strong><\/p>\n<p style=\"padding-left: 40px;\"><img decoding=\"async\" class=\"alignleft\" src=\"https:\/\/levasseur.org\/photos\/r_1999_1.jpg\" width=\"283\" height=\"212\" \/>Kamouraska est la patrie de Pierre Levasseur, l&rsquo;un des pionniers de la seigneurie du m\u00eame nom. Une centaine de personnes s&rsquo;\u00e9taient donn\u00e9 rendez-vous au Centre communautaire de Kamouraska pour fraterniser et en apprendre un peu plus sur leurs anc\u00eatres.<\/p>\n<p style=\"padding-left: 40px;\">Plusieurs activit\u00e9s furent organis\u00e9es pour cette rencontre et les personnes pr\u00e9sentes ont eu l&rsquo;occasion de go\u00fbter aux charmes de cette pittoresque r\u00e9gion du Bas-Saint-Laurent, l\u00e0 o\u00f9 la terre et la mer se confondent, et l\u00e0 o\u00f9 plusieurs maisons ancestrales ont conserv\u00e9 leur cachet d&rsquo;antan. Parmi les activit\u00e9s offertes aux visiteurs, notons des ateliers de g\u00e9n\u00e9alogie, une conf\u00e9rence traitant de l&rsquo;historique et des buts de l&rsquo;Association des Levasseur d&rsquo;Am\u00e9rique, l&rsquo;assembl\u00e9e g\u00e9n\u00e9rale pr\u00e9sid\u00e9e par Andr\u00e9 Levasseur, une visite guid\u00e9e de la Seigneurie de Kamouraska, pendant laquelle les Levasseur pr\u00e9sents ont mis le pied \u00e0\u00a0 l&rsquo;endroit o\u00f9 l&rsquo;anc\u00eatre Pierre Levasseur a cultiv\u00e9 sa terre (carte) et \u00e9lev\u00e9 ses enfants.<\/p>\n<p style=\"padding-left: 40px;\">Nous avons aussi proc\u00e9d\u00e9 au d\u00e9voilement d&rsquo;une plaque comm\u00e9morative au \u00ab\u00a0Berceau de Kamouraska\u00a0\u00bb. Celle-ci a \u00e9t\u00e9 d\u00e9voil\u00e9e par le nouveau pr\u00e9sident de l&rsquo;Association, Gilles LeVasseur, et\u00a0 b\u00e9nite ensuite par le p\u00e8re Dominique Levasseur, O.M.I., de Qu\u00e9bec. Le nouveau conseil est bien fier de cette r\u00e9alisation qui rappellera aux g\u00e9n\u00e9rations futures l&rsquo;histoire de Pierre Levasseur, un des pionniers de la Seigneurie de Kamouraska.<\/p>\n<p style=\"padding-left: 40px;\">Un grand merci \u00e0 Madame Denise Lapointe de Poh\u00e9n\u00e9gamook qui a vu aux pr\u00e9paratifs de cette rencontre.<\/p>\n<hr \/>\n<p><strong>Endroit : Ste-Marthe du Cap-de-la-Madeleine, Qc, Canada<\/strong><br \/>\n<strong>Date :\u00a0 15 ao\u00fbt 1998<\/strong><br \/>\n<strong>Organisateur : L\u2019Association des Levasseur d\u2019Am\u00e9rique<\/strong><\/p>\n<p style=\"padding-left: 40px;\"><img decoding=\"async\" class=\"alignleft\" src=\"https:\/\/levasseur.org\/photos\/r_1998_1.jpg\" width=\"354\" height=\"263\" \/>Une fin de semaine remplie d&rsquo;activit\u00e9s attendait les Levasseur et leurs invit\u00e9s \u00e0 Ste-Marthe-du-Cap-de-la-Madeleine, les 14 et 15 ao\u00fbt 1998. Plus d&rsquo;une centaine de personnes ont r\u00e9pondu \u00e0 l&rsquo;invitation du comit\u00e9 organisateur. Les participants ont profit\u00e9 de journ\u00e9es d&rsquo;activit\u00e9s bien remplies ! Notre pr\u00e9sident Andr\u00e9 Levasseur et son comit\u00e9 organisateur ont travaill\u00e9 tr\u00e8s fort et on peut affirmer que cette rencontre a connu un succ\u00e8s complet ! Vous trouverez dans cet article quelques photos comment\u00e9es.<\/p>\n<p style=\"padding-left: 40px;\">L&rsquo;accueil \u00e9tait assur\u00e9 par Paul Levasseur et Fran\u00e7oise Levasseur. Incidemment, Fran\u00e7oise est la fille de Thomas Levasseur, un des a\u00een\u00e9s qui a \u00e9t\u00e9 honor\u00e9 le samedi soir au souper. La rencontre a \u00e9t\u00e9 tenue \u00e0 la salle \u00ab\u00a0Le Domaine\u00a0\u00bb \u00e0 Sainte-Marthe-du-Cap-de-la-Madeleine, pr\u00e8s du fleuve St-Laurent et \u00e0 quelques pas du Sanctuaire du Cap-de-la-Madeleine o\u00f9 ont eu lieu plusieurs activit\u00e9s. Plusieurs conf\u00e9rences et allocutions ont \u00e9t\u00e9 pr\u00e9sent\u00e9es durant la journ\u00e9e de samedi. Entre autres, l&rsquo;historique de l&rsquo;Association (par Vincent Levasseur), une pr\u00e9sentation de notre site Web (Jean-Pierre Levasseur), une conf\u00e9rence sur les Levasseur dans la r\u00e9gion de Trois-Rivi\u00e8res (Jean-Marie Levasseur). Le ma\u00eetre de c\u00e9r\u00e9monie n&rsquo;\u00e9tait nul autre qu&rsquo;Andr\u00e9 Levasseur, et Joseph Levasseur a assur\u00e9 la traduction pour nos invit\u00e9s des autres provinces et de la Nouvelle-Angleterre.<\/p>\n<p style=\"padding-left: 40px;\">Le pr\u00e9sident de l&rsquo;association, M. Andr\u00e9 Levasseur, a d\u00e9voil\u00e9 aux invit\u00e9s le nouveau blason des Levasseur. Peu de familles poss\u00e8dent un blason officiellement reconnu par l&rsquo;Ordre h\u00e9raldique international. Ce fut un travail de plusieurs mois qui a demand\u00e9 des dizaines d&rsquo;heures de travail. Soyons fiers de notre blason.<\/p>\n<hr \/>\n<p><strong>Endroit : Hull, Qc, Canada<\/strong><br \/>\n<strong>Date :\u00a0 31 ao\u00fbt 1997<\/strong><br \/>\n<strong>Organisateur : L\u2019Association des Levasseur d\u2019Am\u00e9rique<\/strong><\/p>\n<p style=\"padding-left: 40px;\">Le 31 ao\u00fbt, plus de 60 Levasseur se rencontrent \u00e0 la salle des Chevaliers de Colomb \u00e0 Hull pour parler de g\u00e9n\u00e9alogie. La rencontre ne se limite pas \u00e0 des discussions sur la g\u00e9n\u00e9alogie. D\u00e8s l&rsquo;ouverture de la salle \u00e0 9 heures, certains se dirigent vers les collines de la Gatineau et le centre-ville pour visiter les nombreux sites attrayants de la r\u00e9gion de la capitale. En plus d&rsquo;\u00e9tablir des liens qui les ram\u00e8nent \u00e0 nos premiers anc\u00eatres, Pierre et Laurent, venus au pays vers 1650, ils apprennent \u00e0 se conna\u00eetre, \u00e0 se trouver des ressemblances et \u00e0 se faire de nouveaux amis. Les Levasseur qui sont rest\u00e9s \u00e0 la salle ont approfondi leurs connaissances de leurs origines et ont \u00e9tabli des liens qui les rattachent \u00e0 l&rsquo;ensemble des Levasseur d&rsquo;Am\u00e9rique.<\/p>\n<p style=\"padding-left: 40px;\">Apr\u00e8s le repas du midi, notre pr\u00e9sident, Andr\u00e9 Levasseur de Sainte-Ang\u00e8le-de-Laval, souhaite la bienvenue \u00e0 tous ceux qui sont venus participer \u00e0 cette journ\u00e9e de plaisir et de fraternit\u00e9. Marie B\u00e9zaire Levasseur nous apprend l&rsquo;origine de sa famille Levasseur dans la r\u00e9gion de Windsor, en Ontario. Elle nous fait part d&rsquo;une allocution qui passa sur les ondes de Radio-Canada sur le programme de la g\u00e9n\u00e9alogie des Canadiens fran\u00e7ais. Notre pr\u00e9sident fondateur, Vincent, fit une pr\u00e9sentation sur nos descendants, Pierre et Laurent, et une mise \u00e0 jour de l&rsquo;\u00e9tat de notre Association. Apr\u00e8s sa pr\u00e9sentation, les participants se sont regroup\u00e9s en petit nombre pour discuter de leurs familles respectives et \u00e9tablir les liens qui les unissent avec la grande famille Levasseur.<\/p>\n<p style=\"padding-left: 40px;\">Il \u00e9tait int\u00e9ressant de noter comment nos amis de Bay City, au Michigan, se rattachent aux Levasseur qui sont all\u00e9s s&rsquo;installer dans la vall\u00e9e de la Rivi\u00e8re Rouge, au Manitoba. Le manque de travail et les terrains restreints au Qu\u00e9bec compar\u00e9s aux occasions qu&rsquo;offraient l&rsquo;immense territoire des \u00c9tats-Unis et les terrains agricoles fertiles de l&rsquo;Ouest sont les raisons pour lesquelles bon nombre de nos anc\u00eatres se retrouvent dans tous les coins de l&rsquo;Am\u00e9rique, aujourd&rsquo;hui.<\/p>\n<p style=\"padding-left: 40px;\">Gr\u00e2ce \u00e0 notre ami Rolland de Hull, un buffet de mets vari\u00e9s et succulents attendait les participants \u00e0 la f\u00eate. Pendant le repas, les participants ont eu le plaisir de voir s&rsquo;envoler plus de 120 montgolfi\u00e8res venant de tous les coins du monde. Il y en avait de toutes sortes, allant d&rsquo;un aigle, \u00e0 une voiture 4X4, \u00e0 la feuille d&rsquo;\u00e9rable et \u00e0 l&rsquo;\u00c9cossais avec sa cornemuse. Ce fut une bonne id\u00e9e de faire la rencontre dans le cadre du Festival des montgolfi\u00e8res. Que dire des six Levasseur qui se sont m\u00e9rit\u00e9 un prix de pr\u00e9sence. Pendant le repas, six bouteilles de vin furent tir\u00e9es au hasard. F\u00e9licitations aux gagnants.<br \/>\nLes surprises vinrent apr\u00e8s le repas. Andr\u00e9, notre pr\u00e9sident, a soulign\u00e9 l&rsquo;anniversaire de mariage de Vincent, le fondateur de l&rsquo;association, et de son \u00e9pouse, Murielle. L&rsquo;association leur a offert deux billets pour participer \u00e0 \u00ab\u00a0Show Boat\u00a0\u00bb, un spectacle qui s&rsquo;est m\u00e9rit\u00e9 des critiques favorables et exceptionnelles dans les quotidiens de l&rsquo;Outaouais. Andr\u00e9 a mentionn\u00e9 l&rsquo;importance de l&rsquo;association comme \u00e9tant non seulement une organisation pour faire de la g\u00e9n\u00e9alogie, mais plut\u00f4t une organisation pour cr\u00e9er des liens de fraternit\u00e9 et d&rsquo;amiti\u00e9.<\/p>\n<p style=\"padding-left: 40px;\">Avez-vous d\u00e9j\u00e0 pens\u00e9 voir plus de soixante Levasseur \u00e0 un m\u00eame endroit danser des danses de ligne et s&rsquo;amuser comme de jeunes adolescents? Eh bien! c&rsquo;est ce que Claire Michaud, une invit\u00e9e sp\u00e9ciale, a r\u00e9ussi \u00e0 faire. Pendant plus d&rsquo;une heure et demie, les Levasseur ont appris de nouveaux pas de danse et ont eu beaucoup de plaisir. Nous avons constat\u00e9 que Vincent et Murielle sont experts dans ce domaine et que notre pr\u00e9sident actuel, Andr\u00e9, y parviendra peut-\u00eatre un jour, avec un peu de pratique.<\/p>\n<p style=\"padding-left: 40px;\">Les d\u00e9couvertes de la soir\u00e9e ont \u00e9t\u00e9 Marcelle Levasseur-B\u00e9langer d&rsquo;Orl\u00e9ans, Ont., H\u00e9l\u00e8ne Levasseur\/Charon de Maple Ridge, en Colombie Britannique, et de Lucille B\u00e9zaire d&rsquo;Orl\u00e9ans, Ont. Pendant une heure, ces trois jeunes femmes qui ne s&rsquo;\u00e9taient jamais rencontr\u00e9es avant cette soir\u00e9e, ont \u00e9gay\u00e9 les participants avec des chansons de l&rsquo;\u00e9poque et du pass\u00e9. On ne saura oublier l&rsquo;interpr\u00e9tation d&rsquo;\u00c9vang\u00e9line &#8230; Merci \u00e0 nos trois musiciennes.<\/p>\n<p style=\"padding-left: 40px;\">La soir\u00e9e se termine apr\u00e8s que bon nombre de Levasseur aient exprim\u00e9 leur joie en allant chanter. On doit notre reconnaissance \u00e0 Diane, fille de Vincent, et \u00e0 son mari, Alain Lacroix, pour leur musique bien vari\u00e9e et entra\u00eenante.<\/p>\n<p style=\"padding-left: 40px;\">Au Festival des montgolfi\u00e8res, le ciel s&rsquo;est illumin\u00e9 d&rsquo;un feu d&rsquo;artifice fantastique. Sans le r\u00e9aliser, ce feu d&rsquo;artifice mettait fin \u00e0 la rencontre des Levasseur, digne d&rsquo;une cl\u00f4ture aussi grandiose et noble.<\/p>\n<hr \/>\n<p><strong>Endroit : Rimouski, Qc, Canada<br \/>\nDate: 31 ao\u00fbt 1996<br \/>\nOrganisateur : L\u2019Association des Levasseur d\u2019Am\u00e9rique<\/strong><\/p>\n<p style=\"padding-left: 40px;\"><img decoding=\"async\" class=\"alignleft\" src=\"https:\/\/levasseur.org\/photos\/r_1996_1.jpg\" width=\"398\" height=\"281\" \/>Le rassemblement des Levasseur du 31 ao\u00fbt dernier fut une journ\u00e9e que l&rsquo;on peut qualifier de super. Les activit\u00e9s, les conf\u00e9renciers, le syst\u00e8me informatique, le repas, tout \u00e9tait parfait. Beaucoup de participants ont revu des Levasseur qu&rsquo;ils ne rencontrent qu&rsquo;\u00e0 ces rassemblements.<\/p>\n<p style=\"padding-left: 40px;\">C&rsquo;est aussi l&rsquo;endroit id\u00e9al pour faire de nouvelles connaissances.\u2028 L&rsquo;\u00e9lection du conseil d&rsquo;administration qui a eu lieu cette journ\u00e9e-l\u00e0 a laiss\u00e9 quelques postes vacants, c&rsquo;est vrai; par contre, des repr\u00e9sentants ont \u00e9t\u00e9 \u00e9lus dans des r\u00e9gions o\u00f9 ils \u00e9taient absents, telles la r\u00e9gion du Bas-St-Laurent o\u00f9 Jean-Pierre de Rimouski a \u00e9t\u00e9 \u00e9lu et la r\u00e9gion de Qu\u00e9bec o\u00f9 Ginette de Cap-Rouge a \u00e9t\u00e9 \u00e9lue.<\/p>\n<p style=\"padding-left: 40px;\">De plus amples renseignements sur les membres de votre conseil d&rsquo;administration seront publi\u00e9s dans un bulletin \u00e0 venir.<\/p>\n<p style=\"padding-left: 40px;\">Merci \u00e0 vous, Jean-Pierre et Paule, pour la planification d&rsquo;une journ\u00e9e aussi agr\u00e9able.<\/p>\n<p style=\"padding-left: 40px;\">Laval Levasseur<\/p>\n<hr \/>\n<p><strong>Endroit : Manchester, NH, USA<br \/>\nDate : 4 et 5 ao\u00fbt 1995<br \/>\nOrganisateur : L\u2019Association des Levasseur d\u2019Am\u00e9rique<\/strong><\/p>\n<p style=\"padding-left: 40px;\"><img decoding=\"async\" class=\"alignleft\" src=\"https:\/\/levasseur.org\/photos\/r_1995_1.jpg\" width=\"538\" height=\"413\" \/>MALGR\u00c9 UNE FAIBLE PARTICIPATION, LE RASSEMBLEMENT \u00c0 MANCHESTER FUT TR\u00c8S CAPTIVANT<\/p>\n<p style=\"padding-left: 40px;\">Pas moins de 1300 invitations avaient \u00e9t\u00e9 envoy\u00e9es \u00e0 des familles Levasseur des \u00c9tats-Unis et du Canada. Moins de 50 ont r\u00e9pondu \u00e0 l&rsquo;appel&#8230;<\/p>\n<p style=\"padding-left: 40px;\">Et pourtant, le premier rassemblement organis\u00e9 aux \u00c9tats-Unis par l&rsquo;Association des familles Levasseur d&rsquo;Am\u00e9rique fut fort int\u00e9ressant. La rencontre \u00ab\u00a0D\u00e9couvrez votre h\u00e9ritage\u00a0\u00bb 1995 qui s&rsquo;est d\u00e9roul\u00e9e \u00e0 Manchester, au New Hampshire, les 4 et 5 ao\u00fbt derniers, avait \u00e9t\u00e9 superbement planifi\u00e9e et bien organis\u00e9e par le vice-pr\u00e9sident de l&rsquo;association, Joseph Levasseur. Non seulement, il ne peut \u00eatre bl\u00e2m\u00e9 pour la faible participation, mais au contraire il m\u00e9rite toutes nos f\u00e9licitations pour les nombreuses heures consacr\u00e9es \u00e0 la pr\u00e9paration de cette rencontre. Bien entendu, les membres de VOTRE association vont s&rsquo;efforcer de trouver les raisons qui peuvent expliquer votre d\u00e9sint\u00e9ressement. Votre bureau de direction voudrait bien que vous lui communiquiez pourquoi ce rassemblement \u00e0 Manchester n&rsquo;a pas eu plus de succ\u00e8s quant au nombre de participants. Vos repr\u00e9sentants d\u00e9sirent \u00e9galement savoir quel genre d&rsquo;activit\u00e9s vous pr\u00e9f\u00e9rez.<\/p>\n<p style=\"padding-left: 40px;\">Il ne faudrait pas oublier que l&rsquo;Association des Levasseur d&rsquo;Am\u00e9rique dont VOUS faites partie est la seule authentique, avec ses lettres patentes, ses armoiries et sa reconnaisance officielle enregistr\u00e9e. Naturellement, l&rsquo;activit\u00e9 de Manchester s&rsquo;est traduite par un d\u00e9ficit financier. Parce que les finances de l&rsquo;association \u00e9taient en bonne sant\u00e9, ce n&rsquo;est toutefois pas catastrophique, heureusement! Une association comme la n\u00f4tre est \u00e0 but non lucratif, c&rsquo;est-\u00e0-dire qu&rsquo;elle n&rsquo;existe pas pour faire de l&rsquo;argent. Elle ne doit pas non plus en perdre \u00e0 r\u00e9p\u00e9tition car elle va automatiquement dispara\u00eetre et son existence n&rsquo;aura \u00e9t\u00e9 qu&rsquo;\u00e9ph\u00e9m\u00e8re.<\/p>\n<p style=\"padding-left: 40px;\">Rappelons que l&rsquo;objectif principal de l&rsquo;Association des Levasseur d&rsquo;Am\u00e9rique est d&rsquo;en savoir plus sur nos anc\u00eatres et d&rsquo;organiser des retrouvailles o\u00f9 les descendants de Pierre et de Laurent peuvent fraterniser. C&rsquo;est ce qu&rsquo;a v\u00e9cu le petit groupe qui s&rsquo;est rendu au New Hampshire, les 4 et 5 ao\u00fbt.<br \/>\n\u00c0 l&rsquo;inscription, les participants recevaient une enrichissante documentation, comprenant entre autres, une \u00e9dition sp\u00e9ciale du Journal de Levasseur. \u00c0 l&rsquo;int\u00e9rieur, on pouvait lire une lettre de bienvenue du s\u00e9nateur du New Hampshire, Bob Smith, de m\u00eame que du gouverneur Stephen Merrill du m\u00eame \u00e9tat. Il y avait m\u00eame une lettre personnelle du pr\u00e9sident du S\u00e9nat am\u00e9ricain, Joseph L. Delahunty, tout comme une proclamation officielle de la Chambre des repr\u00e9sentants du New Hampshire. Heureusement que ces hauts dignitaires n&rsquo;ont pas d\u00e9cid\u00e9 de participer au rassemblement, car cela aurait \u00e9t\u00e9 un peu g\u00eanant&#8230; Le maire de Manchester, Raymond J. Wieczorek, souhaitait aussi un bon s\u00e9jour dans sa ville \u00e0 tous les Levasseur. Nous souhaitaient aussi une bonne et fructueuse r\u00e9union, Ad\u00e8le Boufford Baker et Paul-J. Tremblay. copr\u00e9sidents de l&rsquo;Association canado-am\u00e9ricaine de Manchester.\u00a0 Dans son mot de bienvenue, le cinq au matin, le pr\u00e9sident de l&rsquo;association, Paul Levasseur, a mentionn\u00e9 que si l&rsquo;organisme avait d\u00e9cid\u00e9 de tenir un premier rassemblement aux \u00c9tats-Unis, c&rsquo;est que nous voulions nous rapprocher de nos homonymes am\u00e9ricains et aussi pour la tr\u00e8s bonne raison que 45% des membres proviennent des \u00c9tats-Unis.<br \/>\nLe pr\u00e9sident fondateur Vincent Levasseur a fait l&rsquo;historique du d\u00e9but de l&rsquo;Association des Levasseur d&rsquo;Am\u00e9rique qui remonte \u00e0 1988. Il a mentionn\u00e9 qu&rsquo;il y a des Levasseur un peu partout au Canada, du Nouveau-Brunswick \u00e0 Vancouver, et aux \u00c9tats-Unis, de la Floride \u00e0 la Californie. L&rsquo;ex-pr\u00e9sident Vincent a aussi rappel\u00e9 des recherches sur les Levasseur effectu\u00e9es par Jean-Charles Levasseur, de Portland, Or\u00e9gon, avant 1965. Il a aussi fait mention du grand rassemblement des Levasseur qui s&rsquo;est d\u00e9roul\u00e9 \u00e0 Sainte-Anne-de-Beaupr\u00e9 en 1957, o\u00f9 on avait discut\u00e9 de la possibilit\u00e9 de fonder une association des Levasseur. Vincent a enfin fait part que notre association, comme bien d&rsquo;autres, a besoin d&rsquo;une rel\u00e8ve. La meilleure fa\u00e7on de le faire est sans doute d&rsquo;int\u00e9resser nos enfants \u00e0 leurs anc\u00eatres. Joseph a sugg\u00e9r\u00e9 qu&rsquo;une excellente fa\u00e7on de le faire serait d&rsquo;offrir une carte de membre \u00e0 nos enfants qui sont mari\u00e9s.<\/p>\n<p style=\"padding-left: 40px;\">Puis, Vincent a pr\u00e9sent\u00e9 un vid\u00e9o informatique illustrant tout l&rsquo;int\u00e9r\u00eat qu&rsquo;on peut retirer en scrutant son arbre g\u00e9n\u00e9alogique. Roger Lawrence a parl\u00e9 de la migration fran\u00e7aise en Nouvelle-Angleterre et a fait ressortir toute la place qu&rsquo;ont occup\u00e9e ces Canadiens fran\u00e7ais, dans plusieurs \u00e9tats am\u00e9ricains, \u00e0 la fin du si\u00e8cle dernier et au d\u00e9but du pr\u00e9sent. Par exemple, pendant quelques d\u00e9cennies, ces Canadiens fran\u00e7ais ont repr\u00e9sent\u00e9 45 % de la population totale de Manchester. Et c&rsquo;\u00e9tait la m\u00eame chose pour plusieurs villes importantes de la Nouvelle-Angleterre.<\/p>\n<p style=\"padding-left: 40px;\">L&rsquo;historien Robert Perreault fut tout aussi captivant en racontant avec l&rsquo;aide de diapositives la vie de ces Canadiens fran\u00e7ais qui travaillaient dans des usines de textile comme celles importantes de la compagnie Amoskeag \u00e0 Manchester. Nos anc\u00eatres venus du Qu\u00e9bec ont vraiment fait leur nid l\u00e0-bas. Ils avaient leur propre journal publi\u00e9 \u00e0 chaque jour, leurs \u00e9coles, \u00e9glises, etc. Int\u00e9ressant d&rsquo;apprendre que seulement huit ans apr\u00e8s qu&rsquo;Alphonse Desjardins e\u00fbt fond\u00e9 la premi\u00e8re Caisse Populaire, \u00e0 L\u00e9vis au Qu\u00e9bec, il en \u00e9tablissait une \u00e0 Manchester au New Hampshire!<\/p>\n<p style=\"padding-left: 40px;\">Lors du succulent souper au Howard Johnson, Gilles Levasseur d&rsquo;Ottawa, un autre membre fondateur de l&rsquo;association, s&rsquo;est montr\u00e9 lui aussi des plus int\u00e9ressants. Il donna les origines des appellations Levasseur, LeVasseur, Vasseur ou encore LeVavasseur. Il nota que bon nombre de nos anc\u00eatres \u00e9taient des sculpteurs renomm\u00e9s et que certaines de leurs oeuvres existent encore dans certains mus\u00e9es.<\/p>\n<p style=\"padding-left: 40px;\">En r\u00e9sum\u00e9, le rassemblement \u00ab\u00a0D\u00e9couvrez votre h\u00e9ritage\u00a0\u00bb 1995 de Manchester aurait \u00e9t\u00e9 un \u00e9clatant succ\u00e8s si ce n&rsquo;avait pas \u00e9t\u00e9 de cette seule ombre au tableau: une participation an\u00e9mique&#8230;<br \/>\npar : Roger Levasseur<\/p>\n<hr \/>\n<p><strong>Endroit : Ste-Ang\u00e8le (B\u00e9cancour), QC, Canada<\/strong><br \/>\n<strong>Date : 11 septembre 1993<\/strong><br \/>\n<strong>Organisateur : L\u2019Association des Levasseur d\u2019Am\u00e9rique<\/strong><\/p>\n<p style=\"padding-left: 40px;\">Le 11 septembre dernier, l&rsquo;Association des Levasseur d&rsquo;Am\u00e9rique tenait \u00e0 Ste-Ang\u00e8le-de-Laval, une activit\u00e9 de rassemblement \u00e0 laquelle ont particip\u00e9 plus de 200 personnes.<\/p>\n<p style=\"padding-left: 40px;\">Cette activit\u00e9 a d\u00e9but\u00e9 par une messe \u00e0 l&rsquo;\u00e9glise de la paroisse de Ste-Ang\u00e8le, \u00e0 la fin de laquelle l&rsquo;Association des Levasseur proc\u00e9d\u00e9 au d\u00e9voilement d&rsquo;une plaque \u00e0 la m\u00e9moire de l&rsquo;anc\u00eatre Jean-Baptiste Levasseur qui a c\u00e9d\u00e9 le terrain sur lequel sont construits l&rsquo;\u00e9glise et le presbyt\u00e8re de Ste-Ang\u00e8le de Laval.<\/p>\n<p style=\"padding-left: 40px;\">Jean-Baptiste (1804-1877) est descendant de Denis-Joseph (1712-1792), anc\u00eatre des Levasseur de la r\u00e9gion et lui-m\u00eame descendant de l&rsquo;anc\u00eatre Pierre Levasseur (1629-1694). Cette plaque qui est appos\u00e9e au mur arri\u00e8re \u00e0 l&rsquo;int\u00e9rieur de l&rsquo;\u00e9glise se veut aussi un hommage aux anc\u00eatres, \u00e0 tous les Levasseur et \u00e0 leurs descendants et un rappel des valeurs pr\u00e9conis\u00e9es par l&rsquo;Association, \u00e0 savoir, le respect, la confiance, le courage et l&rsquo;entraide.<\/p>\n<p style=\"padding-left: 40px;\">La journ\u00e9e de rassemblement s&rsquo;est poursuivie au Coll\u00e8ge Mont-B\u00e9nilde par un l\u00e9ger d\u00eener et l&rsquo;assembl\u00e9e g\u00e9n\u00e9rale pendant laquelle un nouvel ex\u00e9cutif a \u00e9t\u00e9 \u00e9lu. Le tout s&rsquo;est termin\u00e9 par une \u00e9pluchette de bl\u00e9 d&rsquo;Inde.<\/p>\n<p style=\"padding-left: 40px;\">Cette activit\u00e9 de rassemblement a permis aux Levasseur et \u00e0 leurs familles de fraterniser, d&rsquo;\u00e9changer et de mieux se conna\u00eetre.<\/p>\n<p style=\"padding-left: 40px;\">Je tiens \u00e0 remercier le comit\u00e9 organisateur de cette activit\u00e9: Pierre (Pierreville), Roger (Gentilly, B\u00e9cancour), Andr\u00e9 (Trois-Rivi\u00e8res), Andr\u00e9 (St-Gr\u00e9goire, B\u00e9cancour). Gr\u00e2ce \u00e0 eux le rassemblement a connu un grand succ\u00e8s.<\/p>\n<p style=\"padding-left: 40px;\">Paul Levasseur, Sherbrooke<\/p>\n<hr \/>\n<p><strong>Endroit : Montr\u00e9al, QC, Canada<br \/>\nDate: 8 ao\u00fbt 1992<br \/>\nOrganisateur : L\u2019Association des Levasseur d\u2019Am\u00e9rique<\/strong><\/p>\n<p style=\"padding-left: 40px;\">La grande rencontre du 8 ao\u00fbt dernier fut une journ\u00e9e aussi agr\u00e9able que m\u00e9morable. Bien que la majorit\u00e9 des participants aient \u00e9t\u00e9 du Qu\u00e9bec, ce qui est sans doute normal, les \u00c9tats-Unis \u00e9taient \u00e9galement bien repr\u00e9sent\u00e9s. Des Levasseur, il y en avait; certains se sont revus pour la premi\u00e8re fois depuis les retrouvailles de 1990, d&rsquo;autres ont fait connaissance. La journ\u00e9e s&rsquo;est d\u00e9roul\u00e9e dans un climat de fraternit\u00e9 et la joie se lisait sur les visages.<\/p>\n<p style=\"padding-left: 40px;\">Sans aucun doute, le clou de la journ\u00e9e a \u00e9t\u00e9 la c\u00e9r\u00e9monie du d\u00e9voilement de nos armoiries par notre pr\u00e9sident. Par la suite, Paul et R\u00e9jean nous en ont donn\u00e9 une d\u00e9finition d\u00e9taill\u00e9e en fran\u00e7ais et en anglais. Ce fut l&rsquo;\u00e9merveillement g\u00e9n\u00e9ral devant notre blason. Tous les Levasseur pr\u00e9sents semblaient tr\u00e8s fiers de ce signe qui d\u00e9sormais les repr\u00e9sentera.<\/p>\n<p style=\"padding-left: 40px;\">Bravo, Paul, pour ce magnifique travail.<\/p>\n<hr \/>\n<p><strong>Endroit : Oakville, Mn, USA<\/strong><br \/>\n<strong>Date: 6 septembre 1992<\/strong><br \/>\n<strong>Organisateur : Nancy et Delsie Levasseur<\/strong><\/p>\n<hr \/>\n<p><strong>Endroit : White Bear Lake, Mn<\/strong><br \/>\n<strong>Date : 1992<\/strong><br \/>\n<strong>Organisateur: Ken at Grace LeVasseur<\/strong><\/p>\n<hr \/>\n<p><strong>1992 : White Bear Lake, Mn<br \/>\nComit\u00e9 organisateur : Ken at Grace LeVasseur<\/strong><\/p>\n<hr \/>\n<p><strong>1992 : St-L\u00e9andre-de-Matane, Qc, Canada<br \/>\n<\/strong><strong>Organisateur : Bernard Gaouette<\/strong><\/p>\n<hr \/>\n<p><strong>Endroit : Salt Lake City<\/strong><br \/>\n<strong>Date: \u00c9t\u00e9 1991<\/strong><br \/>\n<strong>Organisateur : Douglas Levasseur<\/strong><\/p>\n<hr \/>\n<p><strong>Endroit : Qu\u00e9bec, Qc, Canada<\/strong><br \/>\n<strong>Date: 21 et 22 juillet 1990<\/strong><br \/>\n<strong>Organisateur : L\u2019Association des Levasseur d\u2019Am\u00e9rique<\/strong><\/p>\n<hr \/>\n<p><strong>Endroit : St-\u00c9leuth\u00e8re, Qc<\/strong><br \/>\n<strong>Date : 19 ao\u00fbt 1988<\/strong><br \/>\n<strong>Organisateur : M. Bernard Gaouette<\/strong><\/p>\n<hr \/>\n<p><strong>Endroit : Kamouraska, Qc<\/strong><br \/>\n<strong>Date : 18 ao\u00fbt 1984<\/strong><br \/>\n<strong>Organisateur : M. Bernard Gaouette<\/strong><\/p>\n<hr \/>\n<p><strong>Endroit : Ste-Anne-de-Beaupr\u00e9, Qc, Canada<\/strong><br \/>\n<strong>Date: 18 ao\u00fbt 1957<\/strong><\/p>\n<p><a href=\"https:\/\/levasseur.org\/photos\/r_1957_2.jpg\">Comit\u00e9 organisateur<\/a> (dont Irma Levasseur)<\/p>\n<p><img decoding=\"async\" class=\"size-large aligncenter\" src=\"https:\/\/levasseur.org\/photos\/r_1957_1.jpg\" width=\"1094\" height=\"254\" \/><\/p>\n<hr \/>\n<p><strong>Endroit : Lowell, Ma, USA<\/strong><br \/>\n<strong>Date: 1954<\/strong><br \/>\n<strong>Organisateur : inconnu<br \/>\n<\/strong><\/p>\n<p><img decoding=\"async\" class=\"aligncenter\" src=\"https:\/\/levasseur.org\/photos\/r_1954_1.jpg\" width=\"1170\" height=\"468\" \/><\/p>\n<p>&nbsp;<\/p>\n<p>&nbsp;<\/p>\n<p>&nbsp;<\/p>\n<p>&nbsp;<\/p>\n","protected":false},"excerpt":{"rendered":"<p>Rassemblements 1954 \u00e0 2019 Date : 14 septembre 2019 Endroit  [&#8230;]<\/p>\n","protected":false},"author":1,"featured_media":0,"parent":94,"menu_order":0,"comment_status":"closed","ping_status":"closed","template":"","meta":{"footnotes":""},"class_list":["post-3526","page","type-page","status-publish","hentry"],"yoast_head":"<!-- This site is optimized with the Yoast SEO plugin v27.5 - https:\/\/yoast.com\/product\/yoast-seo-wordpress\/ -->\n<title>Les rassemblements - Familles Levasseur et Carmel<\/title>\n<meta name=\"description\" content=\"L\u2019Association des Levasseur et Carmel d\u2019Am\u00e9rique vous permet de consulter : documents historiques concernant les anc\u00eatres Jean, Pierre et Laurent Levasseur arriv\u00e9s en Nouvelle-France au 17e si\u00e8cle. Informations, objectifs, activit\u00e9s et rassemblements.\" \/>\n<meta name=\"robots\" content=\"index, follow, max-snippet:-1, max-image-preview:large, max-video-preview:-1\" \/>\n<link rel=\"canonical\" href=\"https:\/\/levasseur.org\/fr\/lassociation\/les-rassemblements\/\" \/>\n<meta property=\"og:locale\" content=\"fr_FR\" \/>\n<meta property=\"og:type\" content=\"article\" \/>\n<meta property=\"og:title\" content=\"Les rassemblements - Familles Levasseur et Carmel\" \/>\n<meta property=\"og:description\" content=\"L\u2019Association des Levasseur et Carmel d\u2019Am\u00e9rique vous permet de consulter : documents historiques concernant les anc\u00eatres Jean, Pierre et Laurent Levasseur arriv\u00e9s en Nouvelle-France au 17e si\u00e8cle. Informations, objectifs, activit\u00e9s et rassemblements.\" \/>\n<meta property=\"og:url\" content=\"https:\/\/levasseur.org\/fr\/lassociation\/les-rassemblements\/\" \/>\n<meta property=\"og:site_name\" content=\"Familles Levasseur et Carmel\" \/>\n<meta property=\"article:publisher\" content=\"https:\/\/www.facebook.com\/associationlevasseur\" \/>\n<meta property=\"article:modified_time\" content=\"2020-03-20T13:31:55+00:00\" \/>\n<meta property=\"og:image\" content=\"https:\/\/levasseur.org\/wp-content\/uploads\/2019\/03\/20190301-3.jpg\" \/>\n<meta name=\"twitter:card\" content=\"summary_large_image\" \/>\n<meta name=\"twitter:label1\" content=\"Dur\u00e9e de lecture estim\u00e9e\" \/>\n\t<meta name=\"twitter:data1\" content=\"53 minutes\" \/>\n<script type=\"application\/ld+json\" class=\"yoast-schema-graph\">{\"@context\":\"https:\\\/\\\/schema.org\",\"@graph\":[{\"@type\":\"WebPage\",\"@id\":\"https:\\\/\\\/levasseur.org\\\/fr\\\/lassociation\\\/les-rassemblements\\\/\",\"url\":\"https:\\\/\\\/levasseur.org\\\/fr\\\/lassociation\\\/les-rassemblements\\\/\",\"name\":\"Les rassemblements - Familles Levasseur et Carmel\",\"isPartOf\":{\"@id\":\"https:\\\/\\\/levasseur.org\\\/fr\\\/#website\"},\"primaryImageOfPage\":{\"@id\":\"https:\\\/\\\/levasseur.org\\\/fr\\\/lassociation\\\/les-rassemblements\\\/#primaryimage\"},\"image\":{\"@id\":\"https:\\\/\\\/levasseur.org\\\/fr\\\/lassociation\\\/les-rassemblements\\\/#primaryimage\"},\"thumbnailUrl\":\"https:\\\/\\\/levasseur.org\\\/wp-content\\\/uploads\\\/2019\\\/03\\\/20190301-3.jpg\",\"datePublished\":\"2018-12-20T19:13:10+00:00\",\"dateModified\":\"2020-03-20T13:31:55+00:00\",\"description\":\"L\u2019Association des Levasseur et Carmel d\u2019Am\u00e9rique vous permet de consulter : documents historiques concernant les anc\u00eatres Jean, Pierre et Laurent Levasseur arriv\u00e9s en Nouvelle-France au 17e si\u00e8cle. Informations, objectifs, activit\u00e9s et rassemblements.\",\"breadcrumb\":{\"@id\":\"https:\\\/\\\/levasseur.org\\\/fr\\\/lassociation\\\/les-rassemblements\\\/#breadcrumb\"},\"inLanguage\":\"fr-FR\",\"potentialAction\":[{\"@type\":\"ReadAction\",\"target\":[\"https:\\\/\\\/levasseur.org\\\/fr\\\/lassociation\\\/les-rassemblements\\\/\"]}]},{\"@type\":\"ImageObject\",\"inLanguage\":\"fr-FR\",\"@id\":\"https:\\\/\\\/levasseur.org\\\/fr\\\/lassociation\\\/les-rassemblements\\\/#primaryimage\",\"url\":\"https:\\\/\\\/levasseur.org\\\/wp-content\\\/uploads\\\/2019\\\/03\\\/20190301-3.jpg\",\"contentUrl\":\"https:\\\/\\\/levasseur.org\\\/wp-content\\\/uploads\\\/2019\\\/03\\\/20190301-3.jpg\"},{\"@type\":\"BreadcrumbList\",\"@id\":\"https:\\\/\\\/levasseur.org\\\/fr\\\/lassociation\\\/les-rassemblements\\\/#breadcrumb\",\"itemListElement\":[{\"@type\":\"ListItem\",\"position\":1,\"name\":\"Accueil\",\"item\":\"https:\\\/\\\/levasseur.org\\\/fr\\\/\"},{\"@type\":\"ListItem\",\"position\":2,\"name\":\"L&rsquo;Association\",\"item\":\"https:\\\/\\\/levasseur.org\\\/fr\\\/lassociation\\\/\"},{\"@type\":\"ListItem\",\"position\":3,\"name\":\"Les rassemblements\"}]},{\"@type\":\"WebSite\",\"@id\":\"https:\\\/\\\/levasseur.org\\\/fr\\\/#website\",\"url\":\"https:\\\/\\\/levasseur.org\\\/fr\\\/\",\"name\":\"Familles Levasseur & Carmel\",\"description\":\"Du mieux que je puis\",\"publisher\":{\"@id\":\"https:\\\/\\\/levasseur.org\\\/fr\\\/#organization\"},\"potentialAction\":[{\"@type\":\"SearchAction\",\"target\":{\"@type\":\"EntryPoint\",\"urlTemplate\":\"https:\\\/\\\/levasseur.org\\\/fr\\\/?s={search_term_string}\"},\"query-input\":{\"@type\":\"PropertyValueSpecification\",\"valueRequired\":true,\"valueName\":\"search_term_string\"}}],\"inLanguage\":\"fr-FR\"},{\"@type\":\"Organization\",\"@id\":\"https:\\\/\\\/levasseur.org\\\/fr\\\/#organization\",\"name\":\"Association des Levasseur d'Am\u00e9rique\",\"url\":\"https:\\\/\\\/levasseur.org\\\/fr\\\/\",\"logo\":{\"@type\":\"ImageObject\",\"inLanguage\":\"fr-FR\",\"@id\":\"https:\\\/\\\/levasseur.org\\\/fr\\\/#\\\/schema\\\/logo\\\/image\\\/\",\"url\":\"https:\\\/\\\/levasseur.org\\\/wp-content\\\/uploads\\\/2019\\\/04\\\/blason_nouv.gif\",\"contentUrl\":\"https:\\\/\\\/levasseur.org\\\/wp-content\\\/uploads\\\/2019\\\/04\\\/blason_nouv.gif\",\"width\":500,\"height\":487,\"caption\":\"Association des Levasseur d'Am\u00e9rique\"},\"image\":{\"@id\":\"https:\\\/\\\/levasseur.org\\\/fr\\\/#\\\/schema\\\/logo\\\/image\\\/\"},\"sameAs\":[\"https:\\\/\\\/www.facebook.com\\\/associationlevasseur\"]}]}<\/script>\n<!-- \/ Yoast SEO plugin. -->","yoast_head_json":{"title":"Les rassemblements - Familles Levasseur et Carmel","description":"L\u2019Association des Levasseur et Carmel d\u2019Am\u00e9rique vous permet de consulter : documents historiques concernant les anc\u00eatres Jean, Pierre et Laurent Levasseur arriv\u00e9s en Nouvelle-France au 17e si\u00e8cle. Informations, objectifs, activit\u00e9s et rassemblements.","robots":{"index":"index","follow":"follow","max-snippet":"max-snippet:-1","max-image-preview":"max-image-preview:large","max-video-preview":"max-video-preview:-1"},"canonical":"https:\/\/levasseur.org\/fr\/lassociation\/les-rassemblements\/","og_locale":"fr_FR","og_type":"article","og_title":"Les rassemblements - Familles Levasseur et Carmel","og_description":"L\u2019Association des Levasseur et Carmel d\u2019Am\u00e9rique vous permet de consulter : documents historiques concernant les anc\u00eatres Jean, Pierre et Laurent Levasseur arriv\u00e9s en Nouvelle-France au 17e si\u00e8cle. Informations, objectifs, activit\u00e9s et rassemblements.","og_url":"https:\/\/levasseur.org\/fr\/lassociation\/les-rassemblements\/","og_site_name":"Familles Levasseur et Carmel","article_publisher":"https:\/\/www.facebook.com\/associationlevasseur","article_modified_time":"2020-03-20T13:31:55+00:00","og_image":[{"url":"https:\/\/levasseur.org\/wp-content\/uploads\/2019\/03\/20190301-3.jpg","type":"","width":"","height":""}],"twitter_card":"summary_large_image","twitter_misc":{"Dur\u00e9e de lecture estim\u00e9e":"53 minutes"},"schema":{"@context":"https:\/\/schema.org","@graph":[{"@type":"WebPage","@id":"https:\/\/levasseur.org\/fr\/lassociation\/les-rassemblements\/","url":"https:\/\/levasseur.org\/fr\/lassociation\/les-rassemblements\/","name":"Les rassemblements - Familles Levasseur et Carmel","isPartOf":{"@id":"https:\/\/levasseur.org\/fr\/#website"},"primaryImageOfPage":{"@id":"https:\/\/levasseur.org\/fr\/lassociation\/les-rassemblements\/#primaryimage"},"image":{"@id":"https:\/\/levasseur.org\/fr\/lassociation\/les-rassemblements\/#primaryimage"},"thumbnailUrl":"https:\/\/levasseur.org\/wp-content\/uploads\/2019\/03\/20190301-3.jpg","datePublished":"2018-12-20T19:13:10+00:00","dateModified":"2020-03-20T13:31:55+00:00","description":"L\u2019Association des Levasseur et Carmel d\u2019Am\u00e9rique vous permet de consulter : documents historiques concernant les anc\u00eatres Jean, Pierre et Laurent Levasseur arriv\u00e9s en Nouvelle-France au 17e si\u00e8cle. Informations, objectifs, activit\u00e9s et rassemblements.","breadcrumb":{"@id":"https:\/\/levasseur.org\/fr\/lassociation\/les-rassemblements\/#breadcrumb"},"inLanguage":"fr-FR","potentialAction":[{"@type":"ReadAction","target":["https:\/\/levasseur.org\/fr\/lassociation\/les-rassemblements\/"]}]},{"@type":"ImageObject","inLanguage":"fr-FR","@id":"https:\/\/levasseur.org\/fr\/lassociation\/les-rassemblements\/#primaryimage","url":"https:\/\/levasseur.org\/wp-content\/uploads\/2019\/03\/20190301-3.jpg","contentUrl":"https:\/\/levasseur.org\/wp-content\/uploads\/2019\/03\/20190301-3.jpg"},{"@type":"BreadcrumbList","@id":"https:\/\/levasseur.org\/fr\/lassociation\/les-rassemblements\/#breadcrumb","itemListElement":[{"@type":"ListItem","position":1,"name":"Accueil","item":"https:\/\/levasseur.org\/fr\/"},{"@type":"ListItem","position":2,"name":"L&rsquo;Association","item":"https:\/\/levasseur.org\/fr\/lassociation\/"},{"@type":"ListItem","position":3,"name":"Les rassemblements"}]},{"@type":"WebSite","@id":"https:\/\/levasseur.org\/fr\/#website","url":"https:\/\/levasseur.org\/fr\/","name":"Familles Levasseur & Carmel","description":"Du mieux que je puis","publisher":{"@id":"https:\/\/levasseur.org\/fr\/#organization"},"potentialAction":[{"@type":"SearchAction","target":{"@type":"EntryPoint","urlTemplate":"https:\/\/levasseur.org\/fr\/?s={search_term_string}"},"query-input":{"@type":"PropertyValueSpecification","valueRequired":true,"valueName":"search_term_string"}}],"inLanguage":"fr-FR"},{"@type":"Organization","@id":"https:\/\/levasseur.org\/fr\/#organization","name":"Association des Levasseur d'Am\u00e9rique","url":"https:\/\/levasseur.org\/fr\/","logo":{"@type":"ImageObject","inLanguage":"fr-FR","@id":"https:\/\/levasseur.org\/fr\/#\/schema\/logo\/image\/","url":"https:\/\/levasseur.org\/wp-content\/uploads\/2019\/04\/blason_nouv.gif","contentUrl":"https:\/\/levasseur.org\/wp-content\/uploads\/2019\/04\/blason_nouv.gif","width":500,"height":487,"caption":"Association des Levasseur d'Am\u00e9rique"},"image":{"@id":"https:\/\/levasseur.org\/fr\/#\/schema\/logo\/image\/"},"sameAs":["https:\/\/www.facebook.com\/associationlevasseur"]}]}},"_links":{"self":[{"href":"https:\/\/levasseur.org\/fr\/wp-json\/wp\/v2\/pages\/3526","targetHints":{"allow":["GET"]}}],"collection":[{"href":"https:\/\/levasseur.org\/fr\/wp-json\/wp\/v2\/pages"}],"about":[{"href":"https:\/\/levasseur.org\/fr\/wp-json\/wp\/v2\/types\/page"}],"author":[{"embeddable":true,"href":"https:\/\/levasseur.org\/fr\/wp-json\/wp\/v2\/users\/1"}],"replies":[{"embeddable":true,"href":"https:\/\/levasseur.org\/fr\/wp-json\/wp\/v2\/comments?post=3526"}],"version-history":[{"count":0,"href":"https:\/\/levasseur.org\/fr\/wp-json\/wp\/v2\/pages\/3526\/revisions"}],"up":[{"embeddable":true,"href":"https:\/\/levasseur.org\/fr\/wp-json\/wp\/v2\/pages\/94"}],"wp:attachment":[{"href":"https:\/\/levasseur.org\/fr\/wp-json\/wp\/v2\/media?parent=3526"}],"curies":[{"name":"wp","href":"https:\/\/api.w.org\/{rel}","templated":true}]}}