{"id":25910,"date":"2023-03-25T10:26:31","date_gmt":"2023-03-25T14:26:31","guid":{"rendered":"https:\/\/levasseur.org\/?page_id=25910"},"modified":"2023-03-27T17:40:18","modified_gmt":"2023-03-27T21:40:18","slug":"monument-laurent","status":"publish","type":"page","link":"https:\/\/levasseur.org\/fr\/monument-laurent\/","title":{"rendered":"Monument Laurent Levasseur"},"content":{"rendered":"<h1 style=\"text-align: center;\">En m\u00e9moire de l&rsquo;anc\u00eatre Laurent Levasseur<\/h1>\n<hr \/>\n<p>\u00c0 l&rsquo;automne 2023, l&rsquo;Association des Levasseur d&rsquo;Am\u00e9rique inc. fera \u00e9riger un monument \u00e0 la m\u00e9moire de Laurent Levasseur dans le parc du Domaine Etchemin, sur le bord de la rivi\u00e8re du m\u00eame nom.<\/p>\n<p>Laurent Levasseur est l\u2019anc\u00eatre du plus grand nombre de descendants Levasseur en Am\u00e9rique du Nord. Laurent serait arriv\u00e9 au Canada en septembre 1663. Aussit\u00f4t arriv\u00e9, il fut engag\u00e9 chez Guillemette H\u00e9bert, veuve de Guillaume Couillard et fille de Louis H\u00e9bert, premier colon canadien. Il demeura \u00e0 l\u2019emploi de Guillemette H\u00e9bert durant deux p\u00e9riodes d\u2019engagement de trois ans.<\/p>\n<p>L\u2019objectif de l\u2019Association des Levasseur d\u2019Am\u00e9rique est de rendre hommage \u00e0 ce pionnier et faire en sorte de perp\u00e9tuer sa m\u00e9moire pour les g\u00e9n\u00e9rations \u00e0 venir. Il est tr\u00e8s certainement un objet de fiert\u00e9 pour les Levasseur, ainsi que pour la r\u00e9gion de L\u00e9vis \/ Lauzon qu\u2019il avait choisi pour patrie.<\/p>\n<p>Nous avons besoin de vos dons pour concr\u00e9tiser ce projet. Quel que soit le montant de votre contribution, elle sera tr\u00e8s appr\u00e9ci\u00e9 !<\/p>\n<p><a href=\"https:\/\/www.gofundme.com\/f\/monument-a-la-memoire-de-laurent-levasseur\"><img decoding=\"async\" class=\"aligncenter wp-image-25947\" src=\"https:\/\/levasseur.org\/wp-content\/uploads\/2023\/03\/contribue.jpg\" alt=\"\" width=\"309\" height=\"138\" srcset=\"https:\/\/levasseur.org\/wp-content\/uploads\/2023\/03\/contribue-200x89.jpg 200w, https:\/\/levasseur.org\/wp-content\/uploads\/2023\/03\/contribue-300x134.jpg 300w, https:\/\/levasseur.org\/wp-content\/uploads\/2023\/03\/contribue-400x179.jpg 400w, https:\/\/levasseur.org\/wp-content\/uploads\/2023\/03\/contribue-600x268.jpg 600w, https:\/\/levasseur.org\/wp-content\/uploads\/2023\/03\/contribue.jpg 676w\" sizes=\"(max-width: 309px) 100vw, 309px\" \/><\/a><\/p>\n<p>Voici le site ou sera installer le monument: https:\/\/goo.gl\/maps\/wznzqEExphEmeW5F9<\/p>\n<p><a href=\"https:\/\/www.gofundme.com\/f\/monument-a-la-memoire-de-laurent-levasseur\"><img decoding=\"async\" class=\"alignleft wp-image-25949\" src=\"https:\/\/levasseur.org\/wp-content\/uploads\/2023\/03\/Thermo.jpg\" alt=\"\" width=\"196\" height=\"260\" srcset=\"https:\/\/levasseur.org\/wp-content\/uploads\/2023\/03\/Thermo-200x265.jpg 200w, https:\/\/levasseur.org\/wp-content\/uploads\/2023\/03\/Thermo-226x300.jpg 226w, https:\/\/levasseur.org\/wp-content\/uploads\/2023\/03\/Thermo-400x530.jpg 400w, https:\/\/levasseur.org\/wp-content\/uploads\/2023\/03\/Thermo-600x795.jpg 600w, https:\/\/levasseur.org\/wp-content\/uploads\/2023\/03\/Thermo.jpg 670w\" sizes=\"(max-width: 196px) 100vw, 196px\" \/><\/a><\/p>\n<p>De plus, nous aurons certaines mentions de nos donateurs selon le montant de leur don<\/p>\n<ul>\n<li>Moins de 500 $, votre nom sera dans la liste des donateurs sur notre site Web.<\/li>\n<li>Entre 500 $ et 1 000 $, en plus de la mention pr\u00e9c\u00e9dente, auront leurs noms dans un pamphlet sp\u00e9cial qui sera cr\u00e9\u00e9 pour l&rsquo;inauguration du monument.<\/li>\n<li>En plus de ce qui pr\u00e9c\u00e8de, les donateurs de plus de 1 000 $ verront leurs noms grav\u00e9 dans le Granit sur le monument.<br \/>\nAlors pour la post\u00e9rit\u00e9, soyez g\u00e9n\u00e9reux.<\/li>\n<\/ul>\n<p>Allez sur ce ce site sans tarder pour y faire votre don : https:\/\/www.gofundme.com\/f\/monument-a-la-memoire-de-laurent-levasseur.<\/p>\n<p>Guy Levasseur, pr\u00e9sident<br \/>\nGuy@levasseur.org<\/p>\n","protected":false},"excerpt":{"rendered":"<p>En m\u00e9moire de l&rsquo;anc\u00eatre Laurent Levasseur \u00c0 l&rsquo;automne 2023, l&rsquo;Association  [&#8230;]<\/p>\n","protected":false},"author":1,"featured_media":0,"parent":0,"menu_order":0,"comment_status":"open","ping_status":"closed","template":"","meta":{"footnotes":""},"class_list":["post-25910","page","type-page","status-publish","hentry"],"yoast_head":"<!-- This site is optimized with the Yoast SEO plugin v27.5 - https:\/\/yoast.com\/product\/yoast-seo-wordpress\/ -->\n<title>Monument Laurent Levasseur - Familles Levasseur et Carmel<\/title>\n<meta name=\"description\" content=\"L\u2019Association des Levasseur et Carmel d\u2019Am\u00e9rique vous permet de consulter : documents historiques concernant les anc\u00eatres Jean, Pierre et Laurent Levasseur arriv\u00e9s en Nouvelle-France au 17e si\u00e8cle. Informations, objectifs, activit\u00e9s et rassemblements.\" \/>\n<meta name=\"robots\" content=\"index, follow, max-snippet:-1, max-image-preview:large, max-video-preview:-1\" \/>\n<link rel=\"canonical\" href=\"https:\/\/levasseur.org\/fr\/monument-laurent\/\" \/>\n<meta property=\"og:locale\" content=\"fr_FR\" \/>\n<meta property=\"og:type\" content=\"article\" \/>\n<meta property=\"og:title\" content=\"Monument Laurent Levasseur - Familles Levasseur et Carmel\" \/>\n<meta property=\"og:description\" content=\"L\u2019Association des Levasseur et Carmel d\u2019Am\u00e9rique vous permet de consulter : documents historiques concernant les anc\u00eatres Jean, Pierre et Laurent Levasseur arriv\u00e9s en Nouvelle-France au 17e si\u00e8cle. Informations, objectifs, activit\u00e9s et rassemblements.\" \/>\n<meta property=\"og:url\" content=\"https:\/\/levasseur.org\/fr\/monument-laurent\/\" \/>\n<meta property=\"og:site_name\" content=\"Familles Levasseur et Carmel\" \/>\n<meta property=\"article:publisher\" content=\"https:\/\/www.facebook.com\/associationlevasseur\" \/>\n<meta property=\"article:modified_time\" content=\"2023-03-27T21:40:18+00:00\" \/>\n<meta property=\"og:image\" content=\"https:\/\/levasseur.org\/wp-content\/uploads\/2023\/03\/contribue.jpg\" \/>\n<meta name=\"twitter:card\" content=\"summary_large_image\" \/>\n<meta name=\"twitter:label1\" content=\"Dur\u00e9e de lecture estim\u00e9e\" \/>\n\t<meta name=\"twitter:data1\" content=\"2 minutes\" \/>\n<script type=\"application\/ld+json\" class=\"yoast-schema-graph\">{\"@context\":\"https:\\\/\\\/schema.org\",\"@graph\":[{\"@type\":\"WebPage\",\"@id\":\"https:\\\/\\\/levasseur.org\\\/fr\\\/monument-laurent\\\/\",\"url\":\"https:\\\/\\\/levasseur.org\\\/fr\\\/monument-laurent\\\/\",\"name\":\"Monument Laurent Levasseur - Familles Levasseur et Carmel\",\"isPartOf\":{\"@id\":\"https:\\\/\\\/levasseur.org\\\/fr\\\/#website\"},\"primaryImageOfPage\":{\"@id\":\"https:\\\/\\\/levasseur.org\\\/fr\\\/monument-laurent\\\/#primaryimage\"},\"image\":{\"@id\":\"https:\\\/\\\/levasseur.org\\\/fr\\\/monument-laurent\\\/#primaryimage\"},\"thumbnailUrl\":\"https:\\\/\\\/levasseur.org\\\/wp-content\\\/uploads\\\/2023\\\/03\\\/contribue.jpg\",\"datePublished\":\"2023-03-25T14:26:31+00:00\",\"dateModified\":\"2023-03-27T21:40:18+00:00\",\"description\":\"L\u2019Association des Levasseur et Carmel d\u2019Am\u00e9rique vous permet de consulter : documents historiques concernant les anc\u00eatres Jean, Pierre et Laurent Levasseur arriv\u00e9s en Nouvelle-France au 17e si\u00e8cle. Informations, objectifs, activit\u00e9s et rassemblements.\",\"breadcrumb\":{\"@id\":\"https:\\\/\\\/levasseur.org\\\/fr\\\/monument-laurent\\\/#breadcrumb\"},\"inLanguage\":\"fr-FR\",\"potentialAction\":[{\"@type\":\"ReadAction\",\"target\":[\"https:\\\/\\\/levasseur.org\\\/fr\\\/monument-laurent\\\/\"]}]},{\"@type\":\"ImageObject\",\"inLanguage\":\"fr-FR\",\"@id\":\"https:\\\/\\\/levasseur.org\\\/fr\\\/monument-laurent\\\/#primaryimage\",\"url\":\"https:\\\/\\\/levasseur.org\\\/wp-content\\\/uploads\\\/2023\\\/03\\\/contribue.jpg\",\"contentUrl\":\"https:\\\/\\\/levasseur.org\\\/wp-content\\\/uploads\\\/2023\\\/03\\\/contribue.jpg\"},{\"@type\":\"BreadcrumbList\",\"@id\":\"https:\\\/\\\/levasseur.org\\\/fr\\\/monument-laurent\\\/#breadcrumb\",\"itemListElement\":[{\"@type\":\"ListItem\",\"position\":1,\"name\":\"Accueil\",\"item\":\"https:\\\/\\\/levasseur.org\\\/fr\\\/\"},{\"@type\":\"ListItem\",\"position\":2,\"name\":\"Monument Laurent Levasseur\"}]},{\"@type\":\"WebSite\",\"@id\":\"https:\\\/\\\/levasseur.org\\\/fr\\\/#website\",\"url\":\"https:\\\/\\\/levasseur.org\\\/fr\\\/\",\"name\":\"Familles Levasseur & Carmel\",\"description\":\"Du mieux que je puis\",\"publisher\":{\"@id\":\"https:\\\/\\\/levasseur.org\\\/fr\\\/#organization\"},\"potentialAction\":[{\"@type\":\"SearchAction\",\"target\":{\"@type\":\"EntryPoint\",\"urlTemplate\":\"https:\\\/\\\/levasseur.org\\\/fr\\\/?s={search_term_string}\"},\"query-input\":{\"@type\":\"PropertyValueSpecification\",\"valueRequired\":true,\"valueName\":\"search_term_string\"}}],\"inLanguage\":\"fr-FR\"},{\"@type\":\"Organization\",\"@id\":\"https:\\\/\\\/levasseur.org\\\/fr\\\/#organization\",\"name\":\"Association des Levasseur d'Am\u00e9rique\",\"url\":\"https:\\\/\\\/levasseur.org\\\/fr\\\/\",\"logo\":{\"@type\":\"ImageObject\",\"inLanguage\":\"fr-FR\",\"@id\":\"https:\\\/\\\/levasseur.org\\\/fr\\\/#\\\/schema\\\/logo\\\/image\\\/\",\"url\":\"https:\\\/\\\/levasseur.org\\\/wp-content\\\/uploads\\\/2019\\\/04\\\/blason_nouv.gif\",\"contentUrl\":\"https:\\\/\\\/levasseur.org\\\/wp-content\\\/uploads\\\/2019\\\/04\\\/blason_nouv.gif\",\"width\":500,\"height\":487,\"caption\":\"Association des Levasseur d'Am\u00e9rique\"},\"image\":{\"@id\":\"https:\\\/\\\/levasseur.org\\\/fr\\\/#\\\/schema\\\/logo\\\/image\\\/\"},\"sameAs\":[\"https:\\\/\\\/www.facebook.com\\\/associationlevasseur\"]}]}<\/script>\n<!-- \/ Yoast SEO plugin. -->","yoast_head_json":{"title":"Monument Laurent Levasseur - Familles Levasseur et Carmel","description":"L\u2019Association des Levasseur et Carmel d\u2019Am\u00e9rique vous permet de consulter : documents historiques concernant les anc\u00eatres Jean, Pierre et Laurent Levasseur arriv\u00e9s en Nouvelle-France au 17e si\u00e8cle. Informations, objectifs, activit\u00e9s et rassemblements.","robots":{"index":"index","follow":"follow","max-snippet":"max-snippet:-1","max-image-preview":"max-image-preview:large","max-video-preview":"max-video-preview:-1"},"canonical":"https:\/\/levasseur.org\/fr\/monument-laurent\/","og_locale":"fr_FR","og_type":"article","og_title":"Monument Laurent Levasseur - Familles Levasseur et Carmel","og_description":"L\u2019Association des Levasseur et Carmel d\u2019Am\u00e9rique vous permet de consulter : documents historiques concernant les anc\u00eatres Jean, Pierre et Laurent Levasseur arriv\u00e9s en Nouvelle-France au 17e si\u00e8cle. Informations, objectifs, activit\u00e9s et rassemblements.","og_url":"https:\/\/levasseur.org\/fr\/monument-laurent\/","og_site_name":"Familles Levasseur et Carmel","article_publisher":"https:\/\/www.facebook.com\/associationlevasseur","article_modified_time":"2023-03-27T21:40:18+00:00","og_image":[{"url":"https:\/\/levasseur.org\/wp-content\/uploads\/2023\/03\/contribue.jpg","type":"","width":"","height":""}],"twitter_card":"summary_large_image","twitter_misc":{"Dur\u00e9e de lecture estim\u00e9e":"2 minutes"},"schema":{"@context":"https:\/\/schema.org","@graph":[{"@type":"WebPage","@id":"https:\/\/levasseur.org\/fr\/monument-laurent\/","url":"https:\/\/levasseur.org\/fr\/monument-laurent\/","name":"Monument Laurent Levasseur - Familles Levasseur et Carmel","isPartOf":{"@id":"https:\/\/levasseur.org\/fr\/#website"},"primaryImageOfPage":{"@id":"https:\/\/levasseur.org\/fr\/monument-laurent\/#primaryimage"},"image":{"@id":"https:\/\/levasseur.org\/fr\/monument-laurent\/#primaryimage"},"thumbnailUrl":"https:\/\/levasseur.org\/wp-content\/uploads\/2023\/03\/contribue.jpg","datePublished":"2023-03-25T14:26:31+00:00","dateModified":"2023-03-27T21:40:18+00:00","description":"L\u2019Association des Levasseur et Carmel d\u2019Am\u00e9rique vous permet de consulter : documents historiques concernant les anc\u00eatres Jean, Pierre et Laurent Levasseur arriv\u00e9s en Nouvelle-France au 17e si\u00e8cle. Informations, objectifs, activit\u00e9s et rassemblements.","breadcrumb":{"@id":"https:\/\/levasseur.org\/fr\/monument-laurent\/#breadcrumb"},"inLanguage":"fr-FR","potentialAction":[{"@type":"ReadAction","target":["https:\/\/levasseur.org\/fr\/monument-laurent\/"]}]},{"@type":"ImageObject","inLanguage":"fr-FR","@id":"https:\/\/levasseur.org\/fr\/monument-laurent\/#primaryimage","url":"https:\/\/levasseur.org\/wp-content\/uploads\/2023\/03\/contribue.jpg","contentUrl":"https:\/\/levasseur.org\/wp-content\/uploads\/2023\/03\/contribue.jpg"},{"@type":"BreadcrumbList","@id":"https:\/\/levasseur.org\/fr\/monument-laurent\/#breadcrumb","itemListElement":[{"@type":"ListItem","position":1,"name":"Accueil","item":"https:\/\/levasseur.org\/fr\/"},{"@type":"ListItem","position":2,"name":"Monument Laurent Levasseur"}]},{"@type":"WebSite","@id":"https:\/\/levasseur.org\/fr\/#website","url":"https:\/\/levasseur.org\/fr\/","name":"Familles Levasseur & Carmel","description":"Du mieux que je puis","publisher":{"@id":"https:\/\/levasseur.org\/fr\/#organization"},"potentialAction":[{"@type":"SearchAction","target":{"@type":"EntryPoint","urlTemplate":"https:\/\/levasseur.org\/fr\/?s={search_term_string}"},"query-input":{"@type":"PropertyValueSpecification","valueRequired":true,"valueName":"search_term_string"}}],"inLanguage":"fr-FR"},{"@type":"Organization","@id":"https:\/\/levasseur.org\/fr\/#organization","name":"Association des Levasseur d'Am\u00e9rique","url":"https:\/\/levasseur.org\/fr\/","logo":{"@type":"ImageObject","inLanguage":"fr-FR","@id":"https:\/\/levasseur.org\/fr\/#\/schema\/logo\/image\/","url":"https:\/\/levasseur.org\/wp-content\/uploads\/2019\/04\/blason_nouv.gif","contentUrl":"https:\/\/levasseur.org\/wp-content\/uploads\/2019\/04\/blason_nouv.gif","width":500,"height":487,"caption":"Association des Levasseur d'Am\u00e9rique"},"image":{"@id":"https:\/\/levasseur.org\/fr\/#\/schema\/logo\/image\/"},"sameAs":["https:\/\/www.facebook.com\/associationlevasseur"]}]}},"_links":{"self":[{"href":"https:\/\/levasseur.org\/fr\/wp-json\/wp\/v2\/pages\/25910","targetHints":{"allow":["GET"]}}],"collection":[{"href":"https:\/\/levasseur.org\/fr\/wp-json\/wp\/v2\/pages"}],"about":[{"href":"https:\/\/levasseur.org\/fr\/wp-json\/wp\/v2\/types\/page"}],"author":[{"embeddable":true,"href":"https:\/\/levasseur.org\/fr\/wp-json\/wp\/v2\/users\/1"}],"replies":[{"embeddable":true,"href":"https:\/\/levasseur.org\/fr\/wp-json\/wp\/v2\/comments?post=25910"}],"version-history":[{"count":0,"href":"https:\/\/levasseur.org\/fr\/wp-json\/wp\/v2\/pages\/25910\/revisions"}],"wp:attachment":[{"href":"https:\/\/levasseur.org\/fr\/wp-json\/wp\/v2\/media?parent=25910"}],"curies":[{"name":"wp","href":"https:\/\/api.w.org\/{rel}","templated":true}]}}