{"id":26570,"date":"2023-08-03T15:07:00","date_gmt":"2023-08-03T19:07:00","guid":{"rendered":"https:\/\/levasseur.org\/album-j-a-gaston-ouellet\/"},"modified":"2023-09-04T13:53:38","modified_gmt":"2023-09-04T17:53:38","slug":"album-j-a-gaston-ouellet","status":"publish","type":"page","link":"https:\/\/levasseur.org\/en\/album-j-a-gaston-ouellet\/","title":{"rendered":"Album Photos &#8211; J.A. Gaston Ouellet"},"content":{"rendered":"<h1 style=\"text-align: center;\">Album-Photos &#8211; J.A. Gaston Ouellet<\/h1>\n<hr \/>\n<p><a href=\"https:\/\/levasseur.org\/wp-content\/uploads\/2023\/08\/J.A.G.Ouellet.jpg\"><img decoding=\"async\" class=\"lazyload wp-image-26191 alignleft\" src=\"https:\/\/levasseur.org\/wp-content\/uploads\/2023\/08\/J.A.G.Ouellet.jpg\" data-orig-src=\"https:\/\/levasseur.org\/wp-content\/uploads\/2023\/08\/J.A.G.Ouellet.jpg\" alt=\"\" width=\"192\" height=\"232\" srcset=\"data:image\/svg+xml,%3Csvg%20xmlns%3D%27http%3A%2F%2Fwww.w3.org%2F2000%2Fsvg%27%20width%3D%27192%27%20height%3D%27232%27%20viewBox%3D%270%200%20192%20232%27%3E%3Crect%20width%3D%27192%27%20height%3D%27232%27%20fill-opacity%3D%220%22%2F%3E%3C%2Fsvg%3E\" data-srcset=\"https:\/\/levasseur.org\/wp-content\/uploads\/2023\/08\/J.A.G.Ouellet-200x241.jpg 200w, https:\/\/levasseur.org\/wp-content\/uploads\/2023\/08\/J.A.G.Ouellet-249x300.jpg 249w, https:\/\/levasseur.org\/wp-content\/uploads\/2023\/08\/J.A.G.Ouellet-400x482.jpg 400w, https:\/\/levasseur.org\/wp-content\/uploads\/2023\/08\/J.A.G.Ouellet.jpg 466w\" data-sizes=\"auto\" data-orig-sizes=\"(max-width: 192px) 100vw, 192px\" \/><\/a><\/p>\n<p>J.A. Gaston Ouellet (grandson of Alphonse Levasseur &amp; Odina Boucher) &#8211; Main ancestor: Laurent Levasseur (Marie Marchand)<\/p>\n<p>Summary description: Text by Mr. Gaston Ouellet: &#8220;Alphonse Levasseur and Odina Boucher are the parents of my maternal grandmother, Marie-Eug\u00e9nie Levasseur, wife of William Ouellet., therefore, my great-grandparents. I am the son of their daughter Yvette. (Alphonse Ouellet). &#8220;When my family and I lived in Rimouski in the 60s-70s-80s we regularly rubbed shoulders with our uncle Cyrice Levasseur, Claude and Mimie. \u201d Note from Jean-Pierre Levasseur (webmestre): Thanks to Mr. Ouellet for all these photos. We have our great-grandparents in common. I found unpublished photos that I had never seen.<\/p>\n<p>If you hover the cursor over the photos, a description of the evidence on it will appear. You can also search for a person in this album using the magnifying glass at the top of the screen. The information entered is to the best of our knowledge. Any correction that is reported to us will be appreciated. In any case, you can consult the association&#8217;s database for more details (www.levasseur.org\/tng).<\/p>\n    <div id=\"bwg_container1_0\"         class=\"bwg_container bwg_thumbnail bwg_thumbnails_mosaic \"         data-right-click-protection=\"1\"         data-bwg=\"0\"         data-scroll=\"0\"         data-gallery-type=\"thumbnails_mosaic\"         data-gallery-view-type=\"thumbnails_mosaic\"         data-current-url=\"\/en\/wp-json\/wp\/v2\/pages\/26570\"         data-lightbox-url=\"https:\/\/levasseur.org\/wp-admin\/admin-ajax.php?action=GalleryBox&#038;current_view=0&#038;gallery_id=7&#038;tag=0&#038;theme_id=1&#038;shortcode_id=22&#038;sort_by=order&#038;order_by=asc&#038;current_url=%2Fen%2Fwp-json%2Fwp%2Fv2%2Fpages%2F26570\"         data-gallery-id=\"7\"         data-popup-width=\"800\"         data-popup-height=\"500\"         data-is-album=\"gallery\"         data-buttons-position=\"bottom\">      <div id=\"bwg_container2_0\">             <div id=\"ajax_loading_0\" class=\"bwg_loading_div_1\">      <div class=\"bwg_loading_div_2\">        <div class=\"bwg_loading_div_3\">          <div id=\"loading_div_0\" class=\"bwg_spider_ajax_loading\">          <\/div>        <\/div>      <\/div>    <\/div>            <form id=\"gal_front_form_0\"              class=\"bwg-hidden\"              method=\"post\"              action=\"#\"              data-current=\"0\"              data-shortcode-id=\"22\"              data-gallery-type=\"thumbnails_mosaic\"              data-gallery-id=\"7\"              data-tag=\"0\"              data-album-id=\"0\"              data-theme-id=\"1\"              data-ajax-url=\"https:\/\/levasseur.org\/wp-admin\/admin-ajax.php?action=bwg_frontend_data\">          <div id=\"bwg_container3_0\" class=\"bwg-background bwg-background-0\">            \t\t\t\t\t\t\t\t<div class=\"search_line bwg_tag_select_view\">\t\t\t\t\t\t\t\t             <div class=\"bwg_search_container_1\" id=\"bwg_search_container_1_0\">        <div class=\"bwg_search_container_2\" id=\"bwg_search_container_2_0\">        <span class=\"bwg_search_input_container\">          <span class=\"bwg_search_loupe_container1 bwg-hidden\">             <i title=\"SEARCH...\" class=\"bwg-icon-search bwg_search\" onclick=\"bwg_ajax('gal_front_form_0', '0', 'bwg_thumbnails_mosaic_0', 0, '', 'album', 1)\"><\/i>          <\/span>          <input id=\"bwg_search_input_0\" class=\"bwg_search_input\" type=\"search\" onkeypress=\"bwg_key_press(this); return bwg_check_search_input_enter(this, event);\" name=\"bwg_search_0\" value=\"\" placeholder=\"Search\" \/>          <span class=\"bwg_search_reset_container bwg-hidden\">          <i title=\"Reset\" class=\"bwg-icon-times bwg_reset\" onclick=\"bwg_clear_search_input('0'); bwg_ajax(&#039;gal_front_form_0&#039;, &#039;0&#039;, &#039;bwg_thumbnails_mosaic_0&#039;, 0, &#039;&#039;, &#039;album&#039;, 1) \"><\/i>        <\/span>          <input id=\"bwg_images_count_0\" class=\"bwg_search_input\" type=\"hidden\" name=\"bwg_images_count_0\" value=\"76\">            <span class=\"search_placeholder_title\" onclick=\"bwg_search_focus(this)\" >                <span class=\"bwg_search_loupe_container\">                  <i title=\"SEARCH...\" class=\"bwg-icon-search bwg_search\"><\/i>                <\/span>                <span style=\"font-size: 12px; font-family: Ubuntu;\">Search<\/span>          <\/span>        <\/span>        <\/div>      <\/div>      \t\t\t\t\t\t\t\t<\/div>\t\t\t\t\t\t\t    <div id=\"bwg_mosaic_thumbnails_div_0\"         class=\"bwg-container-0 bwg-container bwg-mosaic-thumbnails\"         data-bwg=\"0\"         data-mosaic-direction=\"vertical\"         data-resizable=\"0\"         data-width=\"250\"         data-height=\"250\"         data-total-width=\"100\"         data-block-id=\"bwg_thumbnails_mosaic_0\"         data-thumb-padding=\"2\"         data-thumb-border=\"0\"         data-title-margin=\"2px\"         data-image-title=\"none\"         data-play-icon=\"1\"         data-ecommerce-icon=\"none\"         data-gallery-id=\"7\"         data-lightbox-url=\"https:\/\/levasseur.org\/wp-admin\/admin-ajax.php?action=GalleryBox&#038;current_view=0&#038;gallery_id=7&#038;tag=0&#038;theme_id=1&#038;shortcode_id=22&#038;sort_by=order&#038;order_by=asc&#038;current_url=%2Fen%2Fwp-json%2Fwp%2Fv2%2Fpages%2F26570\"         data-mosaic-thumb-transition=\"1\"         style=\"visibility: hidden\" >      <div id=\"bwg_thumbnails_mosaic_0\" class=\"bwg_mosaic_thumbnails_0\">                  <a  class=\"bwg-a bwg_lightbox bwg_lightbox_0\" href=\"https:\/\/levasseur.org\/wp-content\/uploads\/photo-gallery\/EvaLevasseur-YvesOuellet_801.jpg?bwg=1691087994\" data-image-id=\"477\" data-elementor-open-lightbox=\"no\">          <div class=\"bwg_mosaic_thumb_spun_0 bwg-item0 bwg-mosaic-thumb-span \">            <img decoding=\"async\" class=\"lazyload bwg_mosaic_thumb_0 skip-lazy bwg_img_clear bwg_img_custom \"                 id=\"477\"                 src=\"data:image\/svg+xml,%3Csvg%20xmlns%3D%27http%3A%2F%2Fwww.w3.org%2F2000%2Fsvg%27%20width%3D%27324%27%20height%3D%27500%27%20viewBox%3D%270%200%20324%20500%27%3E%3Crect%20width%3D%27324%27%20height%3D%27500%27%20fill-opacity%3D%220%22%2F%3E%3C%2Fsvg%3E\" data-orig-src=\"https:\/\/levasseur.org\/wp-content\/uploads\/photo-gallery\/thumb\/EvaLevasseur-YvesOuellet_801.jpg?bwg=1691087994\"                 data-src=\"https:\/\/levasseur.org\/wp-content\/uploads\/photo-gallery\/thumb\/EvaLevasseur-YvesOuellet_801.jpg?bwg=1691087994\"                 data-width=\"324\"                 data-height=\"500\"                 alt=\"Eva Levasseur (Alphonse Levasseur et Odina Boucher) avec son fils, Yves Ouellet.\"                 title=\"Eva Levasseur (Alphonse Levasseur et Odina Boucher) avec son fils, Yves Ouellet.\" \/>                      <\/div>        <\/a>                <a  class=\"bwg-a bwg_lightbox bwg_lightbox_0\" href=\"https:\/\/levasseur.org\/wp-content\/uploads\/photo-gallery\/EvaLevasseur-GuyOuellet_272.jpg?bwg=1691087994\" data-image-id=\"476\" data-elementor-open-lightbox=\"no\">          <div class=\"bwg_mosaic_thumb_spun_0 bwg-item0 bwg-mosaic-thumb-span \">            <img decoding=\"async\" class=\"lazyload bwg_mosaic_thumb_0 skip-lazy bwg_img_clear bwg_img_custom \"                 id=\"476\"                 src=\"data:image\/svg+xml,%3Csvg%20xmlns%3D%27http%3A%2F%2Fwww.w3.org%2F2000%2Fsvg%27%20width%3D%27310%27%20height%3D%27500%27%20viewBox%3D%270%200%20310%20500%27%3E%3Crect%20width%3D%27310%27%20height%3D%27500%27%20fill-opacity%3D%220%22%2F%3E%3C%2Fsvg%3E\" data-orig-src=\"https:\/\/levasseur.org\/wp-content\/uploads\/photo-gallery\/thumb\/EvaLevasseur-GuyOuellet_272.jpg?bwg=1691087994\"                 data-src=\"https:\/\/levasseur.org\/wp-content\/uploads\/photo-gallery\/thumb\/EvaLevasseur-GuyOuellet_272.jpg?bwg=1691087994\"                 data-width=\"310\"                 data-height=\"500\"                 alt=\"Eva Levasseur (Alphonse Levasseur et Odina Boucher) avec son fils, Yves Ouellet\"                 title=\"Eva Levasseur (Alphonse Levasseur et Odina Boucher) avec son fils, Yves Ouellet\" \/>                      <\/div>        <\/a>                <a  class=\"bwg-a bwg_lightbox bwg_lightbox_0\" href=\"https:\/\/levasseur.org\/wp-content\/uploads\/photo-gallery\/Emelia-inconnu-RoseLevasseur-czAlphLevasseur-Tobin_403.jpg?bwg=1691087994\" data-image-id=\"475\" data-elementor-open-lightbox=\"no\">          <div class=\"bwg_mosaic_thumb_spun_0 bwg-item0 bwg-mosaic-thumb-span \">            <img decoding=\"async\" class=\"lazyload bwg_mosaic_thumb_0 skip-lazy bwg_img_clear bwg_img_custom \"                 id=\"475\"                 src=\"data:image\/svg+xml,%3Csvg%20xmlns%3D%27http%3A%2F%2Fwww.w3.org%2F2000%2Fsvg%27%20width%3D%27319%27%20height%3D%27500%27%20viewBox%3D%270%200%20319%20500%27%3E%3Crect%20width%3D%27319%27%20height%3D%27500%27%20fill-opacity%3D%220%22%2F%3E%3C%2Fsvg%3E\" data-orig-src=\"https:\/\/levasseur.org\/wp-content\/uploads\/photo-gallery\/thumb\/Emelia-inconnu-RoseLevasseur-czAlphLevasseur-Tobin_403.jpg?bwg=1691087994\"                 data-src=\"https:\/\/levasseur.org\/wp-content\/uploads\/photo-gallery\/thumb\/Emelia-inconnu-RoseLevasseur-czAlphLevasseur-Tobin_403.jpg?bwg=1691087994\"                 data-width=\"319\"                 data-height=\"500\"                 alt=\"\u00c9milia Levasseur, inconnu, Rose Levasseur et leur p\u00e8re Alphonse Levasseur. Sans doute \u00e0 Tobin (Rivi\u00e8re Trois-Pistoles).\"                 title=\"\u00c9milia Levasseur, inconnu, Rose Levasseur et leur p\u00e8re Alphonse Levasseur. Sans doute \u00e0 Tobin (Rivi\u00e8re Trois-Pistoles).\" \/>                      <\/div>        <\/a>                <a  class=\"bwg-a bwg_lightbox bwg_lightbox_0\" href=\"https:\/\/levasseur.org\/wp-content\/uploads\/photo-gallery\/FamilleAlphosneLevasseur5des12enfants_5837.jpg?bwg=1691087994\" data-image-id=\"474\" data-elementor-open-lightbox=\"no\">          <div class=\"bwg_mosaic_thumb_spun_0 bwg-item0 bwg-mosaic-thumb-span \">            <img decoding=\"async\" class=\"lazyload bwg_mosaic_thumb_0 skip-lazy bwg_img_clear bwg_img_custom \"                 id=\"474\"                 src=\"data:image\/svg+xml,%3Csvg%20xmlns%3D%27http%3A%2F%2Fwww.w3.org%2F2000%2Fsvg%27%20width%3D%27309%27%20height%3D%27500%27%20viewBox%3D%270%200%20309%20500%27%3E%3Crect%20width%3D%27309%27%20height%3D%27500%27%20fill-opacity%3D%220%22%2F%3E%3C%2Fsvg%3E\" data-orig-src=\"https:\/\/levasseur.org\/wp-content\/uploads\/photo-gallery\/thumb\/FamilleAlphosneLevasseur5des12enfants_5837.jpg?bwg=1691087994\"                 data-src=\"https:\/\/levasseur.org\/wp-content\/uploads\/photo-gallery\/thumb\/FamilleAlphosneLevasseur5des12enfants_5837.jpg?bwg=1691087994\"                 data-width=\"309\"                 data-height=\"500\"                 alt=\"Famille Alphonse Levasseur et Odina Boucher avec 5 de leurs 12 enfants.\"                 title=\"Famille Alphonse Levasseur et Odina Boucher avec 5 de leurs 12 enfants.\" \/>                      <\/div>        <\/a>                <a  class=\"bwg-a bwg_lightbox bwg_lightbox_0\" href=\"https:\/\/levasseur.org\/wp-content\/uploads\/photo-gallery\/EwidgeOuelletPaulPoitrasInconnus_2125.jpg?bwg=1691087994\" data-image-id=\"473\" data-elementor-open-lightbox=\"no\">          <div class=\"bwg_mosaic_thumb_spun_0 bwg-item0 bwg-mosaic-thumb-span \">            <img decoding=\"async\" class=\"lazyload bwg_mosaic_thumb_0 skip-lazy bwg_img_clear bwg_img_custom \"                 id=\"473\"                 src=\"data:image\/svg+xml,%3Csvg%20xmlns%3D%27http%3A%2F%2Fwww.w3.org%2F2000%2Fsvg%27%20width%3D%27500%27%20height%3D%27311%27%20viewBox%3D%270%200%20500%20311%27%3E%3Crect%20width%3D%27500%27%20height%3D%27311%27%20fill-opacity%3D%220%22%2F%3E%3C%2Fsvg%3E\" data-orig-src=\"https:\/\/levasseur.org\/wp-content\/uploads\/photo-gallery\/thumb\/EwidgeOuelletPaulPoitrasInconnus_2125.jpg?bwg=1691087994\"                 data-src=\"https:\/\/levasseur.org\/wp-content\/uploads\/photo-gallery\/thumb\/EwidgeOuelletPaulPoitrasInconnus_2125.jpg?bwg=1691087994\"                 data-width=\"500\"                 data-height=\"311\"                 alt=\"Ewidge Ouellet avec Paul Poitras et personnes inconnues.\"                 title=\"Ewidge Ouellet avec Paul Poitras et personnes inconnues.\" \/>                      <\/div>        <\/a>                <a  class=\"bwg-a bwg_lightbox bwg_lightbox_0\" href=\"https:\/\/levasseur.org\/wp-content\/uploads\/photo-gallery\/FamilleAlphonseLevasseur-OdinaBoucher_831.jpg?bwg=1691087994\" data-image-id=\"472\" data-elementor-open-lightbox=\"no\">          <div class=\"bwg_mosaic_thumb_spun_0 bwg-item0 bwg-mosaic-thumb-span \">            <img decoding=\"async\" class=\"lazyload bwg_mosaic_thumb_0 skip-lazy bwg_img_clear bwg_img_custom \"                 id=\"472\"                 src=\"data:image\/svg+xml,%3Csvg%20xmlns%3D%27http%3A%2F%2Fwww.w3.org%2F2000%2Fsvg%27%20width%3D%27500%27%20height%3D%27331%27%20viewBox%3D%270%200%20500%20331%27%3E%3Crect%20width%3D%27500%27%20height%3D%27331%27%20fill-opacity%3D%220%22%2F%3E%3C%2Fsvg%3E\" data-orig-src=\"https:\/\/levasseur.org\/wp-content\/uploads\/photo-gallery\/thumb\/FamilleAlphonseLevasseur-OdinaBoucher_831.jpg?bwg=1691087994\"                 data-src=\"https:\/\/levasseur.org\/wp-content\/uploads\/photo-gallery\/thumb\/FamilleAlphonseLevasseur-OdinaBoucher_831.jpg?bwg=1691087994\"                 data-width=\"500\"                 data-height=\"331\"                 alt=\"Famille Alphonse Levasseur et Odina Boucher.\"                 title=\"Famille Alphonse Levasseur et Odina Boucher.\" \/>                      <\/div>        <\/a>                <a  class=\"bwg-a bwg_lightbox bwg_lightbox_0\" href=\"https:\/\/levasseur.org\/wp-content\/uploads\/photo-gallery\/FamilleEvaLevasseurOuellet_80.jpg?bwg=1691087994\" data-image-id=\"471\" data-elementor-open-lightbox=\"no\">          <div class=\"bwg_mosaic_thumb_spun_0 bwg-item0 bwg-mosaic-thumb-span \">            <img decoding=\"async\" class=\"lazyload bwg_mosaic_thumb_0 skip-lazy bwg_img_clear bwg_img_custom \"                 id=\"471\"                 src=\"data:image\/svg+xml,%3Csvg%20xmlns%3D%27http%3A%2F%2Fwww.w3.org%2F2000%2Fsvg%27%20width%3D%27341%27%20height%3D%27500%27%20viewBox%3D%270%200%20341%20500%27%3E%3Crect%20width%3D%27341%27%20height%3D%27500%27%20fill-opacity%3D%220%22%2F%3E%3C%2Fsvg%3E\" data-orig-src=\"https:\/\/levasseur.org\/wp-content\/uploads\/photo-gallery\/thumb\/FamilleEvaLevasseurOuellet_80.jpg?bwg=1691087994\"                 data-src=\"https:\/\/levasseur.org\/wp-content\/uploads\/photo-gallery\/thumb\/FamilleEvaLevasseurOuellet_80.jpg?bwg=1691087994\"                 data-width=\"341\"                 data-height=\"500\"                 alt=\"Famille Eva Levasseur (mari\u00e9 William Ouellet).\"                 title=\"Famille Eva Levasseur (mari\u00e9 William Ouellet).\" \/>                      <\/div>        <\/a>                <a  class=\"bwg-a bwg_lightbox bwg_lightbox_0\" href=\"https:\/\/levasseur.org\/wp-content\/uploads\/photo-gallery\/FamilleCyriceLevasseur_266.jpg?bwg=1691087994\" data-image-id=\"470\" data-elementor-open-lightbox=\"no\">          <div class=\"bwg_mosaic_thumb_spun_0 bwg-item0 bwg-mosaic-thumb-span \">            <img decoding=\"async\" class=\"lazyload bwg_mosaic_thumb_0 skip-lazy bwg_img_clear bwg_img_custom \"                 id=\"470\"                 src=\"data:image\/svg+xml,%3Csvg%20xmlns%3D%27http%3A%2F%2Fwww.w3.org%2F2000%2Fsvg%27%20width%3D%27499%27%20height%3D%27367%27%20viewBox%3D%270%200%20499%20367%27%3E%3Crect%20width%3D%27499%27%20height%3D%27367%27%20fill-opacity%3D%220%22%2F%3E%3C%2Fsvg%3E\" data-orig-src=\"https:\/\/levasseur.org\/wp-content\/uploads\/photo-gallery\/thumb\/FamilleCyriceLevasseur_266.jpg?bwg=1691087994\"                 data-src=\"https:\/\/levasseur.org\/wp-content\/uploads\/photo-gallery\/thumb\/FamilleCyriceLevasseur_266.jpg?bwg=1691087994\"                 data-width=\"499\"                 data-height=\"367\"                 alt=\"Famille Cyrice Levasseur (fils de Alphonse Levasseur et Odina Boucher)\"                 title=\"Famille Cyrice Levasseur (fils de Alphonse Levasseur et Odina Boucher)\" \/>                      <\/div>        <\/a>                <a  class=\"bwg-a bwg_lightbox bwg_lightbox_0\" href=\"https:\/\/levasseur.org\/wp-content\/uploads\/photo-gallery\/FamilleJosephOuelletEmeliaLevass_1708.jpg?bwg=1691087994\" data-image-id=\"469\" data-elementor-open-lightbox=\"no\">          <div class=\"bwg_mosaic_thumb_spun_0 bwg-item0 bwg-mosaic-thumb-span \">            <img decoding=\"async\" class=\"lazyload bwg_mosaic_thumb_0 skip-lazy bwg_img_clear bwg_img_custom \"                 id=\"469\"                 src=\"data:image\/svg+xml,%3Csvg%20xmlns%3D%27http%3A%2F%2Fwww.w3.org%2F2000%2Fsvg%27%20width%3D%27498%27%20height%3D%27500%27%20viewBox%3D%270%200%20498%20500%27%3E%3Crect%20width%3D%27498%27%20height%3D%27500%27%20fill-opacity%3D%220%22%2F%3E%3C%2Fsvg%3E\" data-orig-src=\"https:\/\/levasseur.org\/wp-content\/uploads\/photo-gallery\/thumb\/FamilleJosephOuelletEmeliaLevass_1708.jpg?bwg=1691087994\"                 data-src=\"https:\/\/levasseur.org\/wp-content\/uploads\/photo-gallery\/thumb\/FamilleJosephOuelletEmeliaLevass_1708.jpg?bwg=1691087994\"                 data-width=\"498\"                 data-height=\"500\"                 alt=\"Famille Joseph Ouellet et Emilia Levasseur.\"                 title=\"Famille Joseph Ouellet et Emilia Levasseur.\" \/>                      <\/div>        <\/a>                <a  class=\"bwg-a bwg_lightbox bwg_lightbox_0\" href=\"https:\/\/levasseur.org\/wp-content\/uploads\/photo-gallery\/FernandeLevasseuretSimoneOuellet_1001.jpg?bwg=1691087994\" data-image-id=\"468\" data-elementor-open-lightbox=\"no\">          <div class=\"bwg_mosaic_thumb_spun_0 bwg-item0 bwg-mosaic-thumb-span \">            <img decoding=\"async\" class=\"lazyload bwg_mosaic_thumb_0 skip-lazy bwg_img_clear bwg_img_custom \"                 id=\"468\"                 src=\"data:image\/svg+xml,%3Csvg%20xmlns%3D%27http%3A%2F%2Fwww.w3.org%2F2000%2Fsvg%27%20width%3D%27373%27%20height%3D%27500%27%20viewBox%3D%270%200%20373%20500%27%3E%3Crect%20width%3D%27373%27%20height%3D%27500%27%20fill-opacity%3D%220%22%2F%3E%3C%2Fsvg%3E\" data-orig-src=\"https:\/\/levasseur.org\/wp-content\/uploads\/photo-gallery\/thumb\/FernandeLevasseuretSimoneOuellet_1001.jpg?bwg=1691087994\"                 data-src=\"https:\/\/levasseur.org\/wp-content\/uploads\/photo-gallery\/thumb\/FernandeLevasseuretSimoneOuellet_1001.jpg?bwg=1691087994\"                 data-width=\"373\"                 data-height=\"500\"                 alt=\"Fernande Levasseur (Joseph Levasseur et Rose-Anna Ouellet) et Simone Ouellet, fille de \u00c9va Levasseur.\"                 title=\"Fernande Levasseur (Joseph Levasseur et Rose-Anna Ouellet) et Simone Ouellet, fille de \u00c9va Levasseur.\" \/>                      <\/div>        <\/a>                <a  class=\"bwg-a bwg_lightbox bwg_lightbox_0\" href=\"https:\/\/levasseur.org\/wp-content\/uploads\/photo-gallery\/FernandeLevasseurSimoneOuellet-NicoleGaetanGuillemette_5863.jpg?bwg=1691087994\" data-image-id=\"467\" data-elementor-open-lightbox=\"no\">          <div class=\"bwg_mosaic_thumb_spun_0 bwg-item0 bwg-mosaic-thumb-span \">            <img decoding=\"async\" class=\"lazyload bwg_mosaic_thumb_0 skip-lazy bwg_img_clear bwg_img_custom \"                 id=\"467\"                 src=\"data:image\/svg+xml,%3Csvg%20xmlns%3D%27http%3A%2F%2Fwww.w3.org%2F2000%2Fsvg%27%20width%3D%27306%27%20height%3D%27499%27%20viewBox%3D%270%200%20306%20499%27%3E%3Crect%20width%3D%27306%27%20height%3D%27499%27%20fill-opacity%3D%220%22%2F%3E%3C%2Fsvg%3E\" data-orig-src=\"https:\/\/levasseur.org\/wp-content\/uploads\/photo-gallery\/thumb\/FernandeLevasseurSimoneOuellet-NicoleGaetanGuillemette_5863.jpg?bwg=1691087994\"                 data-src=\"https:\/\/levasseur.org\/wp-content\/uploads\/photo-gallery\/thumb\/FernandeLevasseurSimoneOuellet-NicoleGaetanGuillemette_5863.jpg?bwg=1691087994\"                 data-width=\"306\"                 data-height=\"499\"                 alt=\"Fernande Levasseur (Alphonse Levasseur et Rose-Anna Ouellet), Simone Ouellet, Nicole et Ga\u00e9tan Guillemette (Dosylva Guillemette et Lucienne Levasseur).\"                 title=\"Fernande Levasseur (Alphonse Levasseur et Rose-Anna Ouellet), Simone Ouellet, Nicole et Ga\u00e9tan Guillemette (Dosylva Guillemette et Lucienne Levasseur).\" \/>                      <\/div>        <\/a>                <a  class=\"bwg-a bwg_lightbox bwg_lightbox_0\" href=\"https:\/\/levasseur.org\/wp-content\/uploads\/photo-gallery\/FamilleWilliam-MarieEugenei-octobre1960_822.jpg?bwg=1691087994\" data-image-id=\"466\" data-elementor-open-lightbox=\"no\">          <div class=\"bwg_mosaic_thumb_spun_0 bwg-item0 bwg-mosaic-thumb-span \">            <img decoding=\"async\" class=\"lazyload bwg_mosaic_thumb_0 skip-lazy bwg_img_clear bwg_img_custom \"                 id=\"466\"                 src=\"data:image\/svg+xml,%3Csvg%20xmlns%3D%27http%3A%2F%2Fwww.w3.org%2F2000%2Fsvg%27%20width%3D%27500%27%20height%3D%27455%27%20viewBox%3D%270%200%20500%20455%27%3E%3Crect%20width%3D%27500%27%20height%3D%27455%27%20fill-opacity%3D%220%22%2F%3E%3C%2Fsvg%3E\" data-orig-src=\"https:\/\/levasseur.org\/wp-content\/uploads\/photo-gallery\/thumb\/FamilleWilliam-MarieEugenei-octobre1960_822.jpg?bwg=1691087994\"                 data-src=\"https:\/\/levasseur.org\/wp-content\/uploads\/photo-gallery\/thumb\/FamilleWilliam-MarieEugenei-octobre1960_822.jpg?bwg=1691087994\"                 data-width=\"500\"                 data-height=\"455\"                 alt=\"Famille William Ouellet et Marie-Eug\u00e9nie Levasseur en octobre 1960.\"                 title=\"Famille William Ouellet et Marie-Eug\u00e9nie Levasseur en octobre 1960.\" \/>                      <\/div>        <\/a>                <a  class=\"bwg-a bwg_lightbox bwg_lightbox_0\" href=\"https:\/\/levasseur.org\/wp-content\/uploads\/photo-gallery\/FamilleOuellety-LevasseurPiquerNique.jpg?bwg=1691087994\" data-image-id=\"465\" data-elementor-open-lightbox=\"no\">          <div class=\"bwg_mosaic_thumb_spun_0 bwg-item0 bwg-mosaic-thumb-span \">            <img decoding=\"async\" class=\"lazyload bwg_mosaic_thumb_0 skip-lazy bwg_img_clear bwg_img_custom \"                 id=\"465\"                 src=\"data:image\/svg+xml,%3Csvg%20xmlns%3D%27http%3A%2F%2Fwww.w3.org%2F2000%2Fsvg%27%20width%3D%27500%27%20height%3D%27338%27%20viewBox%3D%270%200%20500%20338%27%3E%3Crect%20width%3D%27500%27%20height%3D%27338%27%20fill-opacity%3D%220%22%2F%3E%3C%2Fsvg%3E\" data-orig-src=\"https:\/\/levasseur.org\/wp-content\/uploads\/photo-gallery\/thumb\/FamilleOuellety-LevasseurPiquerNique.jpg?bwg=1691087994\"                 data-src=\"https:\/\/levasseur.org\/wp-content\/uploads\/photo-gallery\/thumb\/FamilleOuellety-LevasseurPiquerNique.jpg?bwg=1691087994\"                 data-width=\"500\"                 data-height=\"338\"                 alt=\"Familles Ouellet et Levasseur \u00e0 un pique-nique\"                 title=\"Familles Ouellet et Levasseur \u00e0 un pique-nique\" \/>                      <\/div>        <\/a>                <a  class=\"bwg-a bwg_lightbox bwg_lightbox_0\" href=\"https:\/\/levasseur.org\/wp-content\/uploads\/photo-gallery\/FamilleOuellet-LevasseurETPereLeon-Vers1948_1221.jpg?bwg=1691087994\" data-image-id=\"464\" data-elementor-open-lightbox=\"no\">          <div class=\"bwg_mosaic_thumb_spun_0 bwg-item0 bwg-mosaic-thumb-span \">            <img decoding=\"async\" class=\"lazyload bwg_mosaic_thumb_0 skip-lazy bwg_img_clear bwg_img_custom \"                 id=\"464\"                 src=\"data:image\/svg+xml,%3Csvg%20xmlns%3D%27http%3A%2F%2Fwww.w3.org%2F2000%2Fsvg%27%20width%3D%27362%27%20height%3D%27500%27%20viewBox%3D%270%200%20362%20500%27%3E%3Crect%20width%3D%27362%27%20height%3D%27500%27%20fill-opacity%3D%220%22%2F%3E%3C%2Fsvg%3E\" data-orig-src=\"https:\/\/levasseur.org\/wp-content\/uploads\/photo-gallery\/thumb\/FamilleOuellet-LevasseurETPereLeon-Vers1948_1221.jpg?bwg=1691087994\"                 data-src=\"https:\/\/levasseur.org\/wp-content\/uploads\/photo-gallery\/thumb\/FamilleOuellet-LevasseurETPereLeon-Vers1948_1221.jpg?bwg=1691087994\"                 data-width=\"362\"                 data-height=\"500\"                 alt=\"Famille Ouellet Levasseur et le P\u00e8re L\u00e9on vers 1948.\"                 title=\"Famille Ouellet Levasseur et le P\u00e8re L\u00e9on vers 1948.\" \/>                      <\/div>        <\/a>                <a  class=\"bwg-a bwg_lightbox bwg_lightbox_0\" href=\"https:\/\/levasseur.org\/wp-content\/uploads\/photo-gallery\/Francoise-JArc-SimoneOuellet_800.jpg?bwg=1691087994\" data-image-id=\"463\" data-elementor-open-lightbox=\"no\">          <div class=\"bwg_mosaic_thumb_spun_0 bwg-item0 bwg-mosaic-thumb-span \">            <img decoding=\"async\" class=\"lazyload bwg_mosaic_thumb_0 skip-lazy bwg_img_clear bwg_img_custom \"                 id=\"463\"                 src=\"data:image\/svg+xml,%3Csvg%20xmlns%3D%27http%3A%2F%2Fwww.w3.org%2F2000%2Fsvg%27%20width%3D%27390%27%20height%3D%27500%27%20viewBox%3D%270%200%20390%20500%27%3E%3Crect%20width%3D%27390%27%20height%3D%27500%27%20fill-opacity%3D%220%22%2F%3E%3C%2Fsvg%3E\" data-orig-src=\"https:\/\/levasseur.org\/wp-content\/uploads\/photo-gallery\/thumb\/Francoise-JArc-SimoneOuellet_800.jpg?bwg=1691087994\"                 data-src=\"https:\/\/levasseur.org\/wp-content\/uploads\/photo-gallery\/thumb\/Francoise-JArc-SimoneOuellet_800.jpg?bwg=1691087994\"                 data-width=\"390\"                 data-height=\"500\"                 alt=\"Fran\u00e7oise, Jeanne d&#039;Arc et Simone Ouellet\"                 title=\"Fran\u00e7oise, Jeanne d&#039;Arc et Simone Ouellet\" \/>                      <\/div>        <\/a>                <a  class=\"bwg-a bwg_lightbox bwg_lightbox_0\" href=\"https:\/\/levasseur.org\/wp-content\/uploads\/photo-gallery\/Herve_Edewidge_128.jpg?bwg=1691087994\" data-image-id=\"462\" data-elementor-open-lightbox=\"no\">          <div class=\"bwg_mosaic_thumb_spun_0 bwg-item0 bwg-mosaic-thumb-span \">            <img decoding=\"async\" class=\"lazyload bwg_mosaic_thumb_0 skip-lazy bwg_img_clear bwg_img_custom \"                 id=\"462\"                 src=\"data:image\/svg+xml,%3Csvg%20xmlns%3D%27http%3A%2F%2Fwww.w3.org%2F2000%2Fsvg%27%20width%3D%27309%27%20height%3D%27500%27%20viewBox%3D%270%200%20309%20500%27%3E%3Crect%20width%3D%27309%27%20height%3D%27500%27%20fill-opacity%3D%220%22%2F%3E%3C%2Fsvg%3E\" data-orig-src=\"https:\/\/levasseur.org\/wp-content\/uploads\/photo-gallery\/thumb\/Herve_Edewidge_128.jpg?bwg=1691087994\"                 data-src=\"https:\/\/levasseur.org\/wp-content\/uploads\/photo-gallery\/thumb\/Herve_Edewidge_128.jpg?bwg=1691087994\"                 data-width=\"309\"                 data-height=\"500\"                 alt=\"Herv\u00e9 Levasseur (Alphonse) et  Edwidge Ouellet.\"                 title=\"Herv\u00e9 Levasseur (Alphonse) et  Edwidge Ouellet.\" \/>                      <\/div>        <\/a>                <a  class=\"bwg-a bwg_lightbox bwg_lightbox_0\" href=\"https:\/\/levasseur.org\/wp-content\/uploads\/photo-gallery\/GiseleLevasseur-et-Mariage_257.jpg?bwg=1691087994\" data-image-id=\"461\" data-elementor-open-lightbox=\"no\">          <div class=\"bwg_mosaic_thumb_spun_0 bwg-item0 bwg-mosaic-thumb-span \">            <img decoding=\"async\" class=\"lazyload bwg_mosaic_thumb_0 skip-lazy bwg_img_clear bwg_img_custom \"                 id=\"461\"                 src=\"data:image\/svg+xml,%3Csvg%20xmlns%3D%27http%3A%2F%2Fwww.w3.org%2F2000%2Fsvg%27%20width%3D%27309%27%20height%3D%27500%27%20viewBox%3D%270%200%20309%20500%27%3E%3Crect%20width%3D%27309%27%20height%3D%27500%27%20fill-opacity%3D%220%22%2F%3E%3C%2Fsvg%3E\" data-orig-src=\"https:\/\/levasseur.org\/wp-content\/uploads\/photo-gallery\/thumb\/GiseleLevasseur-et-Mariage_257.jpg?bwg=1691087994\"                 data-src=\"https:\/\/levasseur.org\/wp-content\/uploads\/photo-gallery\/thumb\/GiseleLevasseur-et-Mariage_257.jpg?bwg=1691087994\"                 data-width=\"309\"                 data-height=\"500\"                 alt=\"Gisele Levasseur \u00e0 son mariage avec \u00c9mile Santerre. Elle est la fille de Cyrice Levasseur\"                 title=\"Gisele Levasseur \u00e0 son mariage avec \u00c9mile Santerre. Elle est la fille de Cyrice Levasseur\" \/>                      <\/div>        <\/a>                <a  class=\"bwg-a bwg_lightbox bwg_lightbox_0\" href=\"https:\/\/levasseur.org\/wp-content\/uploads\/photo-gallery\/Herv\u00c7_Levasseur_5833.jpg?bwg=1691087994\" data-image-id=\"460\" data-elementor-open-lightbox=\"no\">          <div class=\"bwg_mosaic_thumb_spun_0 bwg-item0 bwg-mosaic-thumb-span \">            <img decoding=\"async\" class=\"lazyload bwg_mosaic_thumb_0 skip-lazy bwg_img_clear bwg_img_custom \"                 id=\"460\"                 src=\"data:image\/svg+xml,%3Csvg%20xmlns%3D%27http%3A%2F%2Fwww.w3.org%2F2000%2Fsvg%27%20width%3D%27374%27%20height%3D%27500%27%20viewBox%3D%270%200%20374%20500%27%3E%3Crect%20width%3D%27374%27%20height%3D%27500%27%20fill-opacity%3D%220%22%2F%3E%3C%2Fsvg%3E\" data-orig-src=\"https:\/\/levasseur.org\/wp-content\/uploads\/photo-gallery\/thumb\/Herv\u00c7_Levasseur_5833.jpg?bwg=1691087994\"                 data-src=\"https:\/\/levasseur.org\/wp-content\/uploads\/photo-gallery\/thumb\/Herv\u00c7_Levasseur_5833.jpg?bwg=1691087994\"                 data-width=\"374\"                 data-height=\"500\"                 alt=\"Herv\u00e9 Levasseur, le plus jeune fils d&#039;Alphonse Levasseur et Odina Boucher.\"                 title=\"Herv\u00e9 Levasseur, le plus jeune fils d&#039;Alphonse Levasseur et Odina Boucher.\" \/>                      <\/div>        <\/a>                <a  class=\"bwg-a bwg_lightbox bwg_lightbox_0\" href=\"https:\/\/levasseur.org\/wp-content\/uploads\/photo-gallery\/JosephLevasseurRoseAnnaOuelletEtc1942_3312.jpg?bwg=1691087994\" data-image-id=\"459\" data-elementor-open-lightbox=\"no\">          <div class=\"bwg_mosaic_thumb_spun_0 bwg-item0 bwg-mosaic-thumb-span \">            <img decoding=\"async\" class=\"lazyload bwg_mosaic_thumb_0 skip-lazy bwg_img_clear bwg_img_custom \"                 id=\"459\"                 src=\"data:image\/svg+xml,%3Csvg%20xmlns%3D%27http%3A%2F%2Fwww.w3.org%2F2000%2Fsvg%27%20width%3D%27500%27%20height%3D%27300%27%20viewBox%3D%270%200%20500%20300%27%3E%3Crect%20width%3D%27500%27%20height%3D%27300%27%20fill-opacity%3D%220%22%2F%3E%3C%2Fsvg%3E\" data-orig-src=\"https:\/\/levasseur.org\/wp-content\/uploads\/photo-gallery\/thumb\/JosephLevasseurRoseAnnaOuelletEtc1942_3312.jpg?bwg=1691087994\"                 data-src=\"https:\/\/levasseur.org\/wp-content\/uploads\/photo-gallery\/thumb\/JosephLevasseurRoseAnnaOuelletEtc1942_3312.jpg?bwg=1691087994\"                 data-width=\"500\"                 data-height=\"300\"                 alt=\"Joseph Levasseur et son \u00e9pouse Rose- Anna Ouellet\"                 title=\"Joseph Levasseur et son \u00e9pouse Rose- Anna Ouellet\" \/>                      <\/div>        <\/a>                <a  class=\"bwg-a bwg_lightbox bwg_lightbox_0\" href=\"https:\/\/levasseur.org\/wp-content\/uploads\/photo-gallery\/JosephLevasseur-avVoiturecheval_226.jpg?bwg=1691087994\" data-image-id=\"458\" data-elementor-open-lightbox=\"no\">          <div class=\"bwg_mosaic_thumb_spun_0 bwg-item0 bwg-mosaic-thumb-span \">            <img decoding=\"async\" class=\"lazyload bwg_mosaic_thumb_0 skip-lazy bwg_img_clear bwg_img_custom \"                 id=\"458\"                 src=\"data:image\/svg+xml,%3Csvg%20xmlns%3D%27http%3A%2F%2Fwww.w3.org%2F2000%2Fsvg%27%20width%3D%27500%27%20height%3D%27323%27%20viewBox%3D%270%200%20500%20323%27%3E%3Crect%20width%3D%27500%27%20height%3D%27323%27%20fill-opacity%3D%220%22%2F%3E%3C%2Fsvg%3E\" data-orig-src=\"https:\/\/levasseur.org\/wp-content\/uploads\/photo-gallery\/thumb\/JosephLevasseur-avVoiturecheval_226.jpg?bwg=1691087994\"                 data-src=\"https:\/\/levasseur.org\/wp-content\/uploads\/photo-gallery\/thumb\/JosephLevasseur-avVoiturecheval_226.jpg?bwg=1691087994\"                 data-width=\"500\"                 data-height=\"323\"                 alt=\"Joseph Levasseur (Alphonse) avec voiture \u00e0 cheval.\"                 title=\"Joseph Levasseur (Alphonse) avec voiture \u00e0 cheval.\" \/>                      <\/div>        <\/a>                <a  class=\"bwg-a bwg_lightbox bwg_lightbox_0\" href=\"https:\/\/levasseur.org\/wp-content\/uploads\/photo-gallery\/MarieAnnaLevasseur_AnselmeGagnon_Mariage_259.jpg?bwg=1691087994\" data-image-id=\"439\" data-elementor-open-lightbox=\"no\">          <div class=\"bwg_mosaic_thumb_spun_0 bwg-item0 bwg-mosaic-thumb-span \">            <img decoding=\"async\" class=\"lazyload bwg_mosaic_thumb_0 skip-lazy bwg_img_clear bwg_img_custom \"                 id=\"439\"                 src=\"data:image\/svg+xml,%3Csvg%20xmlns%3D%27http%3A%2F%2Fwww.w3.org%2F2000%2Fsvg%27%20width%3D%27304%27%20height%3D%27500%27%20viewBox%3D%270%200%20304%20500%27%3E%3Crect%20width%3D%27304%27%20height%3D%27500%27%20fill-opacity%3D%220%22%2F%3E%3C%2Fsvg%3E\" data-orig-src=\"https:\/\/levasseur.org\/wp-content\/uploads\/photo-gallery\/thumb\/MarieAnnaLevasseur_AnselmeGagnon_Mariage_259.jpg?bwg=1691087994\"                 data-src=\"https:\/\/levasseur.org\/wp-content\/uploads\/photo-gallery\/thumb\/MarieAnnaLevasseur_AnselmeGagnon_Mariage_259.jpg?bwg=1691087994\"                 data-width=\"304\"                 data-height=\"500\"                 alt=\"Marie-Anna Levasseur (Alphonse Levasseur et Odina Boucher). Son conjoint, AnselmeGagnon (Mariage).\"                 title=\"Marie-Anna Levasseur (Alphonse Levasseur et Odina Boucher). Son conjoint, AnselmeGagnon (Mariage).\" \/>                      <\/div>        <\/a>                <a  class=\"bwg-a bwg_lightbox bwg_lightbox_0\" href=\"https:\/\/levasseur.org\/wp-content\/uploads\/photo-gallery\/JacquesLevasseurSoldat_2095.jpg?bwg=1691087994\" data-image-id=\"457\" data-elementor-open-lightbox=\"no\">          <div class=\"bwg_mosaic_thumb_spun_0 bwg-item0 bwg-mosaic-thumb-span \">            <img decoding=\"async\" class=\"lazyload bwg_mosaic_thumb_0 skip-lazy bwg_img_clear bwg_img_custom \"                 id=\"457\"                 src=\"data:image\/svg+xml,%3Csvg%20xmlns%3D%27http%3A%2F%2Fwww.w3.org%2F2000%2Fsvg%27%20width%3D%27328%27%20height%3D%27500%27%20viewBox%3D%270%200%20328%20500%27%3E%3Crect%20width%3D%27328%27%20height%3D%27500%27%20fill-opacity%3D%220%22%2F%3E%3C%2Fsvg%3E\" data-orig-src=\"https:\/\/levasseur.org\/wp-content\/uploads\/photo-gallery\/thumb\/JacquesLevasseurSoldat_2095.jpg?bwg=1691087994\"                 data-src=\"https:\/\/levasseur.org\/wp-content\/uploads\/photo-gallery\/thumb\/JacquesLevasseurSoldat_2095.jpg?bwg=1691087994\"                 data-width=\"328\"                 data-height=\"500\"                 alt=\"Jacques Levasseur (Cyrice Levasseur) Soldat.\"                 title=\"Jacques Levasseur (Cyrice Levasseur) Soldat.\" \/>                      <\/div>        <\/a>                <a  class=\"bwg-a bwg_lightbox bwg_lightbox_0\" href=\"https:\/\/levasseur.org\/wp-content\/uploads\/photo-gallery\/LucienneLevasseur-2inconnues_925.jpg?bwg=1691087994\" data-image-id=\"456\" data-elementor-open-lightbox=\"no\">          <div class=\"bwg_mosaic_thumb_spun_0 bwg-item0 bwg-mosaic-thumb-span \">            <img decoding=\"async\" class=\"lazyload bwg_mosaic_thumb_0 skip-lazy bwg_img_clear bwg_img_custom \"                 id=\"456\"                 src=\"data:image\/svg+xml,%3Csvg%20xmlns%3D%27http%3A%2F%2Fwww.w3.org%2F2000%2Fsvg%27%20width%3D%27279%27%20height%3D%27500%27%20viewBox%3D%270%200%20279%20500%27%3E%3Crect%20width%3D%27279%27%20height%3D%27500%27%20fill-opacity%3D%220%22%2F%3E%3C%2Fsvg%3E\" data-orig-src=\"https:\/\/levasseur.org\/wp-content\/uploads\/photo-gallery\/thumb\/LucienneLevasseur-2inconnues_925.jpg?bwg=1691087994\"                 data-src=\"https:\/\/levasseur.org\/wp-content\/uploads\/photo-gallery\/thumb\/LucienneLevasseur-2inconnues_925.jpg?bwg=1691087994\"                 data-width=\"279\"                 data-height=\"500\"                 alt=\"Lucienne Levasseur (Dossylva Guillemette (avec deux inconnues).\"                 title=\"Lucienne Levasseur (Dossylva Guillemette (avec deux inconnues).\" \/>                      <\/div>        <\/a>                <a  class=\"bwg-a bwg_lightbox bwg_lightbox_0\" href=\"https:\/\/levasseur.org\/wp-content\/uploads\/photo-gallery\/Levasseur-1950_850.jpg?bwg=1691087994\" data-image-id=\"455\" data-elementor-open-lightbox=\"no\">          <div class=\"bwg_mosaic_thumb_spun_0 bwg-item0 bwg-mosaic-thumb-span \">            <img decoding=\"async\" class=\"lazyload bwg_mosaic_thumb_0 skip-lazy bwg_img_clear bwg_img_custom \"                 id=\"455\"                 src=\"data:image\/svg+xml,%3Csvg%20xmlns%3D%27http%3A%2F%2Fwww.w3.org%2F2000%2Fsvg%27%20width%3D%27491%27%20height%3D%27500%27%20viewBox%3D%270%200%20491%20500%27%3E%3Crect%20width%3D%27491%27%20height%3D%27500%27%20fill-opacity%3D%220%22%2F%3E%3C%2Fsvg%3E\" data-orig-src=\"https:\/\/levasseur.org\/wp-content\/uploads\/photo-gallery\/thumb\/Levasseur-1950_850.jpg?bwg=1691087994\"                 data-src=\"https:\/\/levasseur.org\/wp-content\/uploads\/photo-gallery\/thumb\/Levasseur-1950_850.jpg?bwg=1691087994\"                 data-width=\"491\"                 data-height=\"500\"                 alt=\"Famille Levasseur vers 1950.\"                 title=\"Famille Levasseur vers 1950.\" \/>                      <\/div>        <\/a>                <a  class=\"bwg-a bwg_lightbox bwg_lightbox_0\" href=\"https:\/\/levasseur.org\/wp-content\/uploads\/photo-gallery\/JosephLevassuerDsFord_2134.jpg?bwg=1691087994\" data-image-id=\"454\" data-elementor-open-lightbox=\"no\">          <div class=\"bwg_mosaic_thumb_spun_0 bwg-item0 bwg-mosaic-thumb-span \">            <img decoding=\"async\" class=\"lazyload bwg_mosaic_thumb_0 skip-lazy bwg_img_clear bwg_img_custom \"                 id=\"454\"                 src=\"data:image\/svg+xml,%3Csvg%20xmlns%3D%27http%3A%2F%2Fwww.w3.org%2F2000%2Fsvg%27%20width%3D%27500%27%20height%3D%27292%27%20viewBox%3D%270%200%20500%20292%27%3E%3Crect%20width%3D%27500%27%20height%3D%27292%27%20fill-opacity%3D%220%22%2F%3E%3C%2Fsvg%3E\" data-orig-src=\"https:\/\/levasseur.org\/wp-content\/uploads\/photo-gallery\/thumb\/JosephLevassuerDsFord_2134.jpg?bwg=1691087994\"                 data-src=\"https:\/\/levasseur.org\/wp-content\/uploads\/photo-gallery\/thumb\/JosephLevassuerDsFord_2134.jpg?bwg=1691087994\"                 data-width=\"500\"                 data-height=\"292\"                 alt=\"Joseph Levasseur (Alphonse) et sa Ford.\"                 title=\"Joseph Levasseur (Alphonse) et sa Ford.\" \/>                      <\/div>        <\/a>                <a  class=\"bwg-a bwg_lightbox bwg_lightbox_0\" href=\"https:\/\/levasseur.org\/wp-content\/uploads\/photo-gallery\/LucienneLevasseurReneOuelletLucilleOuellet_75.jpg?bwg=1691087994\" data-image-id=\"453\" data-elementor-open-lightbox=\"no\">          <div class=\"bwg_mosaic_thumb_spun_0 bwg-item0 bwg-mosaic-thumb-span \">            <img decoding=\"async\" class=\"lazyload bwg_mosaic_thumb_0 skip-lazy bwg_img_clear bwg_img_custom \"                 id=\"453\"                 src=\"data:image\/svg+xml,%3Csvg%20xmlns%3D%27http%3A%2F%2Fwww.w3.org%2F2000%2Fsvg%27%20width%3D%27500%27%20height%3D%27443%27%20viewBox%3D%270%200%20500%20443%27%3E%3Crect%20width%3D%27500%27%20height%3D%27443%27%20fill-opacity%3D%220%22%2F%3E%3C%2Fsvg%3E\" data-orig-src=\"https:\/\/levasseur.org\/wp-content\/uploads\/photo-gallery\/thumb\/LucienneLevasseurReneOuelletLucilleOuellet_75.jpg?bwg=1691087994\"                 data-src=\"https:\/\/levasseur.org\/wp-content\/uploads\/photo-gallery\/thumb\/LucienneLevasseurReneOuelletLucilleOuellet_75.jpg?bwg=1691087994\"                 data-width=\"500\"                 data-height=\"443\"                 alt=\"Lucienne Levasseur Ren\u00e9 Ouellet et Lucille Ouellet\"                 title=\"Lucienne Levasseur Ren\u00e9 Ouellet et Lucille Ouellet\" \/>                      <\/div>        <\/a>                <a  class=\"bwg-a bwg_lightbox bwg_lightbox_0\" href=\"https:\/\/levasseur.org\/wp-content\/uploads\/photo-gallery\/MarcelOuelletFilsCharlesEugeene-Scout_965.jpg?bwg=1691087994\" data-image-id=\"452\" data-elementor-open-lightbox=\"no\">          <div class=\"bwg_mosaic_thumb_spun_0 bwg-item0 bwg-mosaic-thumb-span \">            <img decoding=\"async\" class=\"lazyload bwg_mosaic_thumb_0 skip-lazy bwg_img_clear bwg_img_custom \"                 id=\"452\"                 src=\"data:image\/svg+xml,%3Csvg%20xmlns%3D%27http%3A%2F%2Fwww.w3.org%2F2000%2Fsvg%27%20width%3D%27294%27%20height%3D%27500%27%20viewBox%3D%270%200%20294%20500%27%3E%3Crect%20width%3D%27294%27%20height%3D%27500%27%20fill-opacity%3D%220%22%2F%3E%3C%2Fsvg%3E\" data-orig-src=\"https:\/\/levasseur.org\/wp-content\/uploads\/photo-gallery\/thumb\/MarcelOuelletFilsCharlesEugeene-Scout_965.jpg?bwg=1691087994\"                 data-src=\"https:\/\/levasseur.org\/wp-content\/uploads\/photo-gallery\/thumb\/MarcelOuelletFilsCharlesEugeene-Scout_965.jpg?bwg=1691087994\"                 data-width=\"294\"                 data-height=\"500\"                 alt=\"Marcel Ouellet. fils de Charles-Eug\u00e8ne (Scout).\"                 title=\"Marcel Ouellet. fils de Charles-Eug\u00e8ne (Scout).\" \/>                      <\/div>        <\/a>                <a  class=\"bwg-a bwg_lightbox bwg_lightbox_0\" href=\"https:\/\/levasseur.org\/wp-content\/uploads\/photo-gallery\/MaisonAlphonseLevasseurVersTobib_Inconnus_351.jpg?bwg=1691087994\" data-image-id=\"451\" data-elementor-open-lightbox=\"no\">          <div class=\"bwg_mosaic_thumb_spun_0 bwg-item0 bwg-mosaic-thumb-span \">            <img decoding=\"async\" class=\"lazyload bwg_mosaic_thumb_0 skip-lazy bwg_img_clear bwg_img_custom \"                 id=\"451\"                 src=\"data:image\/svg+xml,%3Csvg%20xmlns%3D%27http%3A%2F%2Fwww.w3.org%2F2000%2Fsvg%27%20width%3D%27499%27%20height%3D%27310%27%20viewBox%3D%270%200%20499%20310%27%3E%3Crect%20width%3D%27499%27%20height%3D%27310%27%20fill-opacity%3D%220%22%2F%3E%3C%2Fsvg%3E\" data-orig-src=\"https:\/\/levasseur.org\/wp-content\/uploads\/photo-gallery\/thumb\/MaisonAlphonseLevasseurVersTobib_Inconnus_351.jpg?bwg=1691087994\"                 data-src=\"https:\/\/levasseur.org\/wp-content\/uploads\/photo-gallery\/thumb\/MaisonAlphonseLevasseurVersTobib_Inconnus_351.jpg?bwg=1691087994\"                 data-width=\"499\"                 data-height=\"310\"                 alt=\"Maison de Alphonse Levasseur \"                 title=\"Maison de Alphonse Levasseur \" \/>                      <\/div>        <\/a>                <a  class=\"bwg-a bwg_lightbox bwg_lightbox_0\" href=\"https:\/\/levasseur.org\/wp-content\/uploads\/photo-gallery\/LucilleMarieAnneBrouette_1686.jpg?bwg=1691087994\" data-image-id=\"450\" data-elementor-open-lightbox=\"no\">          <div class=\"bwg_mosaic_thumb_spun_0 bwg-item0 bwg-mosaic-thumb-span \">            <img decoding=\"async\" class=\"lazyload bwg_mosaic_thumb_0 skip-lazy bwg_img_clear bwg_img_custom \"                 id=\"450\"                 src=\"data:image\/svg+xml,%3Csvg%20xmlns%3D%27http%3A%2F%2Fwww.w3.org%2F2000%2Fsvg%27%20width%3D%27300%27%20height%3D%27500%27%20viewBox%3D%270%200%20300%20500%27%3E%3Crect%20width%3D%27300%27%20height%3D%27500%27%20fill-opacity%3D%220%22%2F%3E%3C%2Fsvg%3E\" data-orig-src=\"https:\/\/levasseur.org\/wp-content\/uploads\/photo-gallery\/thumb\/LucilleMarieAnneBrouette_1686.jpg?bwg=1691087994\"                 data-src=\"https:\/\/levasseur.org\/wp-content\/uploads\/photo-gallery\/thumb\/LucilleMarieAnneBrouette_1686.jpg?bwg=1691087994\"                 data-width=\"300\"                 data-height=\"500\"                 alt=\"Lucille et Marie-Anna sur brouette.\"                 title=\"Lucille et Marie-Anna sur brouette.\" \/>                      <\/div>        <\/a>                <a  class=\"bwg-a bwg_lightbox bwg_lightbox_0\" href=\"https:\/\/levasseur.org\/wp-content\/uploads\/photo-gallery\/Mariage-50illiam-MarieEugenie_691.jpg?bwg=1691087994\" data-image-id=\"449\" data-elementor-open-lightbox=\"no\">          <div class=\"bwg_mosaic_thumb_spun_0 bwg-item0 bwg-mosaic-thumb-span \">            <img decoding=\"async\" class=\"lazyload bwg_mosaic_thumb_0 skip-lazy bwg_img_clear bwg_img_custom \"                 id=\"449\"                 src=\"data:image\/svg+xml,%3Csvg%20xmlns%3D%27http%3A%2F%2Fwww.w3.org%2F2000%2Fsvg%27%20width%3D%27329%27%20height%3D%27500%27%20viewBox%3D%270%200%20329%20500%27%3E%3Crect%20width%3D%27329%27%20height%3D%27500%27%20fill-opacity%3D%220%22%2F%3E%3C%2Fsvg%3E\" data-orig-src=\"https:\/\/levasseur.org\/wp-content\/uploads\/photo-gallery\/thumb\/Mariage-50illiam-MarieEugenie_691.jpg?bwg=1691087994\"                 data-src=\"https:\/\/levasseur.org\/wp-content\/uploads\/photo-gallery\/thumb\/Mariage-50illiam-MarieEugenie_691.jpg?bwg=1691087994\"                 data-width=\"329\"                 data-height=\"500\"                 alt=\"Mariage 50 ans - William Ouellet et Marie-Eug\u00e9nie Levasseur.\"                 title=\"Mariage 50 ans - William Ouellet et Marie-Eug\u00e9nie Levasseur.\" \/>                      <\/div>        <\/a>                <a  class=\"bwg-a bwg_lightbox bwg_lightbox_0\" href=\"https:\/\/levasseur.org\/wp-content\/uploads\/photo-gallery\/LucienneReneOuellet_1309.jpg?bwg=1691087994\" data-image-id=\"448\" data-elementor-open-lightbox=\"no\">          <div class=\"bwg_mosaic_thumb_spun_0 bwg-item0 bwg-mosaic-thumb-span \">            <img decoding=\"async\" class=\"lazyload bwg_mosaic_thumb_0 skip-lazy bwg_img_clear bwg_img_custom \"                 id=\"448\"                 src=\"data:image\/svg+xml,%3Csvg%20xmlns%3D%27http%3A%2F%2Fwww.w3.org%2F2000%2Fsvg%27%20width%3D%27500%27%20height%3D%27488%27%20viewBox%3D%270%200%20500%20488%27%3E%3Crect%20width%3D%27500%27%20height%3D%27488%27%20fill-opacity%3D%220%22%2F%3E%3C%2Fsvg%3E\" data-orig-src=\"https:\/\/levasseur.org\/wp-content\/uploads\/photo-gallery\/thumb\/LucienneReneOuellet_1309.jpg?bwg=1691087994\"                 data-src=\"https:\/\/levasseur.org\/wp-content\/uploads\/photo-gallery\/thumb\/LucienneReneOuellet_1309.jpg?bwg=1691087994\"                 data-width=\"500\"                 data-height=\"488\"                 alt=\"Lucienne Levasseur et Ren\u00e9 Ouellet.\"                 title=\"Lucienne Levasseur et Ren\u00e9 Ouellet.\" \/>                      <\/div>        <\/a>                <a  class=\"bwg-a bwg_lightbox bwg_lightbox_0\" href=\"https:\/\/levasseur.org\/wp-content\/uploads\/photo-gallery\/Mariage50AnJosEt\u00eamiliaLevasseur1960_3301.jpg?bwg=1691087994\" data-image-id=\"447\" data-elementor-open-lightbox=\"no\">          <div class=\"bwg_mosaic_thumb_spun_0 bwg-item0 bwg-mosaic-thumb-span \">            <img decoding=\"async\" class=\"lazyload bwg_mosaic_thumb_0 skip-lazy bwg_img_clear bwg_img_custom \"                 id=\"447\"                 src=\"data:image\/svg+xml,%3Csvg%20xmlns%3D%27http%3A%2F%2Fwww.w3.org%2F2000%2Fsvg%27%20width%3D%27490%27%20height%3D%27500%27%20viewBox%3D%270%200%20490%20500%27%3E%3Crect%20width%3D%27490%27%20height%3D%27500%27%20fill-opacity%3D%220%22%2F%3E%3C%2Fsvg%3E\" data-orig-src=\"https:\/\/levasseur.org\/wp-content\/uploads\/photo-gallery\/thumb\/Mariage50AnJosEt\u00eamiliaLevasseur1960_3301.jpg?bwg=1691087994\"                 data-src=\"https:\/\/levasseur.org\/wp-content\/uploads\/photo-gallery\/thumb\/Mariage50AnJosEt\u00eamiliaLevasseur1960_3301.jpg?bwg=1691087994\"                 data-width=\"490\"                 data-height=\"500\"                 alt=\"Mariage 50 ans - Joseph Ouellet et \u00c9milia Levasseur (1960).\"                 title=\"Mariage 50 ans - Joseph Ouellet et \u00c9milia Levasseur (1960).\" \/>                      <\/div>        <\/a>                <a  class=\"bwg-a bwg_lightbox bwg_lightbox_0\" href=\"https:\/\/levasseur.org\/wp-content\/uploads\/photo-gallery\/Mariage50WilliamOuellet-MarieEug_5858.jpg?bwg=1691087994\" data-image-id=\"445\" data-elementor-open-lightbox=\"no\">          <div class=\"bwg_mosaic_thumb_spun_0 bwg-item0 bwg-mosaic-thumb-span \">            <img decoding=\"async\" class=\"lazyload bwg_mosaic_thumb_0 skip-lazy bwg_img_clear bwg_img_custom \"                 id=\"445\"                 src=\"data:image\/svg+xml,%3Csvg%20xmlns%3D%27http%3A%2F%2Fwww.w3.org%2F2000%2Fsvg%27%20width%3D%27500%27%20height%3D%27498%27%20viewBox%3D%270%200%20500%20498%27%3E%3Crect%20width%3D%27500%27%20height%3D%27498%27%20fill-opacity%3D%220%22%2F%3E%3C%2Fsvg%3E\" data-orig-src=\"https:\/\/levasseur.org\/wp-content\/uploads\/photo-gallery\/thumb\/Mariage50WilliamOuellet-MarieEug_5858.jpg?bwg=1691087994\"                 data-src=\"https:\/\/levasseur.org\/wp-content\/uploads\/photo-gallery\/thumb\/Mariage50WilliamOuellet-MarieEug_5858.jpg?bwg=1691087994\"                 data-width=\"500\"                 data-height=\"498\"                 alt=\"Mariage 50 ans - William Ouellet et Marie-Eug\u00e9nie Levasseur.\"                 title=\"Mariage 50 ans - William Ouellet et Marie-Eug\u00e9nie Levasseur.\" \/>                      <\/div>        <\/a>                <a  class=\"bwg-a bwg_lightbox bwg_lightbox_0\" href=\"https:\/\/levasseur.org\/wp-content\/uploads\/photo-gallery\/Mariage50WilliamOuellet-MarieETHerv\u00c7_5859.jpg?bwg=1691087994\" data-image-id=\"444\" data-elementor-open-lightbox=\"no\">          <div class=\"bwg_mosaic_thumb_spun_0 bwg-item0 bwg-mosaic-thumb-span \">            <img decoding=\"async\" class=\"lazyload bwg_mosaic_thumb_0 skip-lazy bwg_img_clear bwg_img_custom \"                 id=\"444\"                 src=\"data:image\/svg+xml,%3Csvg%20xmlns%3D%27http%3A%2F%2Fwww.w3.org%2F2000%2Fsvg%27%20width%3D%27498%27%20height%3D%27500%27%20viewBox%3D%270%200%20498%20500%27%3E%3Crect%20width%3D%27498%27%20height%3D%27500%27%20fill-opacity%3D%220%22%2F%3E%3C%2Fsvg%3E\" data-orig-src=\"https:\/\/levasseur.org\/wp-content\/uploads\/photo-gallery\/thumb\/Mariage50WilliamOuellet-MarieETHerv\u00c7_5859.jpg?bwg=1691087994\"                 data-src=\"https:\/\/levasseur.org\/wp-content\/uploads\/photo-gallery\/thumb\/Mariage50WilliamOuellet-MarieETHerv\u00c7_5859.jpg?bwg=1691087994\"                 data-width=\"498\"                 data-height=\"500\"                 alt=\"Mariage 50 ans. William Ouellet-Marie Levasseur et Herv\u00e9 Levasseur.\"                 title=\"Mariage 50 ans. William Ouellet-Marie Levasseur et Herv\u00e9 Levasseur.\" \/>                      <\/div>        <\/a>                <a  class=\"bwg-a bwg_lightbox bwg_lightbox_0\" href=\"https:\/\/levasseur.org\/wp-content\/uploads\/photo-gallery\/MariageJacquesLevasseur_3146.jpg?bwg=1691087994\" data-image-id=\"443\" data-elementor-open-lightbox=\"no\">          <div class=\"bwg_mosaic_thumb_spun_0 bwg-item0 bwg-mosaic-thumb-span \">            <img decoding=\"async\" class=\"lazyload bwg_mosaic_thumb_0 skip-lazy bwg_img_clear bwg_img_custom \"                 id=\"443\"                 src=\"data:image\/svg+xml,%3Csvg%20xmlns%3D%27http%3A%2F%2Fwww.w3.org%2F2000%2Fsvg%27%20width%3D%27346%27%20height%3D%27500%27%20viewBox%3D%270%200%20346%20500%27%3E%3Crect%20width%3D%27346%27%20height%3D%27500%27%20fill-opacity%3D%220%22%2F%3E%3C%2Fsvg%3E\" data-orig-src=\"https:\/\/levasseur.org\/wp-content\/uploads\/photo-gallery\/thumb\/MariageJacquesLevasseur_3146.jpg?bwg=1691087994\"                 data-src=\"https:\/\/levasseur.org\/wp-content\/uploads\/photo-gallery\/thumb\/MariageJacquesLevasseur_3146.jpg?bwg=1691087994\"                 data-width=\"346\"                 data-height=\"500\"                 alt=\"Mariage Jacques Levasseur\"                 title=\"Mariage Jacques Levasseur\" \/>                      <\/div>        <\/a>                <a  class=\"bwg-a bwg_lightbox bwg_lightbox_0\" href=\"https:\/\/levasseur.org\/wp-content\/uploads\/photo-gallery\/MariageMontrealczJosephOuellet-Montreal-Invites_957.jpg?bwg=1691087994\" data-image-id=\"442\" data-elementor-open-lightbox=\"no\">          <div class=\"bwg_mosaic_thumb_spun_0 bwg-item0 bwg-mosaic-thumb-span \">            <img decoding=\"async\" class=\"lazyload bwg_mosaic_thumb_0 skip-lazy bwg_img_clear bwg_img_custom \"                 id=\"442\"                 src=\"data:image\/svg+xml,%3Csvg%20xmlns%3D%27http%3A%2F%2Fwww.w3.org%2F2000%2Fsvg%27%20width%3D%27500%27%20height%3D%27309%27%20viewBox%3D%270%200%20500%20309%27%3E%3Crect%20width%3D%27500%27%20height%3D%27309%27%20fill-opacity%3D%220%22%2F%3E%3C%2Fsvg%3E\" data-orig-src=\"https:\/\/levasseur.org\/wp-content\/uploads\/photo-gallery\/thumb\/MariageMontrealczJosephOuellet-Montreal-Invites_957.jpg?bwg=1691087994\"                 data-src=\"https:\/\/levasseur.org\/wp-content\/uploads\/photo-gallery\/thumb\/MariageMontrealczJosephOuellet-Montreal-Invites_957.jpg?bwg=1691087994\"                 data-width=\"500\"                 data-height=\"309\"                 alt=\"MariageMontrealczJosephOuellet-Montreal-Invites 957\"                 title=\"MariageMontrealczJosephOuellet-Montreal-Invites 957\" \/>                      <\/div>        <\/a>                <a  class=\"bwg-a bwg_lightbox bwg_lightbox_0\" href=\"https:\/\/levasseur.org\/wp-content\/uploads\/photo-gallery\/MariageHerv\u00c7LevasseurEstelleRoss_1722.jpg?bwg=1691087994\" data-image-id=\"441\" data-elementor-open-lightbox=\"no\">          <div class=\"bwg_mosaic_thumb_spun_0 bwg-item0 bwg-mosaic-thumb-span \">            <img decoding=\"async\" class=\"lazyload bwg_mosaic_thumb_0 skip-lazy bwg_img_clear bwg_img_custom \"                 id=\"441\"                 src=\"data:image\/svg+xml,%3Csvg%20xmlns%3D%27http%3A%2F%2Fwww.w3.org%2F2000%2Fsvg%27%20width%3D%27332%27%20height%3D%27500%27%20viewBox%3D%270%200%20332%20500%27%3E%3Crect%20width%3D%27332%27%20height%3D%27500%27%20fill-opacity%3D%220%22%2F%3E%3C%2Fsvg%3E\" data-orig-src=\"https:\/\/levasseur.org\/wp-content\/uploads\/photo-gallery\/thumb\/MariageHerv\u00c7LevasseurEstelleRoss_1722.jpg?bwg=1691087994\"                 data-src=\"https:\/\/levasseur.org\/wp-content\/uploads\/photo-gallery\/thumb\/MariageHerv\u00c7LevasseurEstelleRoss_1722.jpg?bwg=1691087994\"                 data-width=\"332\"                 data-height=\"500\"                 alt=\"Mariage Herv\u00e9 Levasseur et Estelle Ross.\"                 title=\"Mariage Herv\u00e9 Levasseur et Estelle Ross.\" \/>                      <\/div>        <\/a>                <a  class=\"bwg-a bwg_lightbox bwg_lightbox_0\" href=\"https:\/\/levasseur.org\/wp-content\/uploads\/photo-gallery\/MarieEug\u00c7nie-Rose-Alice-Enf_3156.jpg?bwg=1691087994\" data-image-id=\"440\" data-elementor-open-lightbox=\"no\">          <div class=\"bwg_mosaic_thumb_spun_0 bwg-item0 bwg-mosaic-thumb-span \">            <img decoding=\"async\" class=\"lazyload bwg_mosaic_thumb_0 skip-lazy bwg_img_clear bwg_img_custom \"                 id=\"440\"                 src=\"data:image\/svg+xml,%3Csvg%20xmlns%3D%27http%3A%2F%2Fwww.w3.org%2F2000%2Fsvg%27%20width%3D%27499%27%20height%3D%27316%27%20viewBox%3D%270%200%20499%20316%27%3E%3Crect%20width%3D%27499%27%20height%3D%27316%27%20fill-opacity%3D%220%22%2F%3E%3C%2Fsvg%3E\" data-orig-src=\"https:\/\/levasseur.org\/wp-content\/uploads\/photo-gallery\/thumb\/MarieEug\u00c7nie-Rose-Alice-Enf_3156.jpg?bwg=1691087994\"                 data-src=\"https:\/\/levasseur.org\/wp-content\/uploads\/photo-gallery\/thumb\/MarieEug\u00c7nie-Rose-Alice-Enf_3156.jpg?bwg=1691087994\"                 data-width=\"499\"                 data-height=\"316\"                 alt=\"Marie-Eug\u00e9nie, Rose, Alice et enfants.\"                 title=\"Marie-Eug\u00e9nie, Rose, Alice et enfants.\" \/>                      <\/div>        <\/a>                <a  class=\"bwg-a bwg_lightbox bwg_lightbox_0\" href=\"https:\/\/levasseur.org\/wp-content\/uploads\/photo-gallery\/MarieEugeneiPhillipEvaFoyer3Pist_1669.jpg?bwg=1691087994\" data-image-id=\"437\" data-elementor-open-lightbox=\"no\">          <div class=\"bwg_mosaic_thumb_spun_0 bwg-item0 bwg-mosaic-thumb-span \">            <img decoding=\"async\" class=\"lazyload bwg_mosaic_thumb_0 skip-lazy bwg_img_clear bwg_img_custom \"                 id=\"437\"                 src=\"data:image\/svg+xml,%3Csvg%20xmlns%3D%27http%3A%2F%2Fwww.w3.org%2F2000%2Fsvg%27%20width%3D%27500%27%20height%3D%27426%27%20viewBox%3D%270%200%20500%20426%27%3E%3Crect%20width%3D%27500%27%20height%3D%27426%27%20fill-opacity%3D%220%22%2F%3E%3C%2Fsvg%3E\" data-orig-src=\"https:\/\/levasseur.org\/wp-content\/uploads\/photo-gallery\/thumb\/MarieEugeneiPhillipEvaFoyer3Pist_1669.jpg?bwg=1691087994\"                 data-src=\"https:\/\/levasseur.org\/wp-content\/uploads\/photo-gallery\/thumb\/MarieEugeneiPhillipEvaFoyer3Pist_1669.jpg?bwg=1691087994\"                 data-width=\"500\"                 data-height=\"426\"                 alt=\"Marie-Eug\u00e9nie Levasseur,  Phillippe Levasseur et \u00c9va Levasseur au Foyer de Trois-Pistoles\"                 title=\"Marie-Eug\u00e9nie Levasseur,  Phillippe Levasseur et \u00c9va Levasseur au Foyer de Trois-Pistoles\" \/>                      <\/div>        <\/a>                <a  class=\"bwg-a bwg_lightbox bwg_lightbox_0\" href=\"https:\/\/levasseur.org\/wp-content\/uploads\/photo-gallery\/MarieEugeneiLevasseurDr-autresinconnues_190.jpg?bwg=1691087994\" data-image-id=\"438\" data-elementor-open-lightbox=\"no\">          <div class=\"bwg_mosaic_thumb_spun_0 bwg-item0 bwg-mosaic-thumb-span \">            <img decoding=\"async\" class=\"lazyload bwg_mosaic_thumb_0 skip-lazy bwg_img_clear bwg_img_custom \"                 id=\"438\"                 src=\"data:image\/svg+xml,%3Csvg%20xmlns%3D%27http%3A%2F%2Fwww.w3.org%2F2000%2Fsvg%27%20width%3D%27326%27%20height%3D%27500%27%20viewBox%3D%270%200%20326%20500%27%3E%3Crect%20width%3D%27326%27%20height%3D%27500%27%20fill-opacity%3D%220%22%2F%3E%3C%2Fsvg%3E\" data-orig-src=\"https:\/\/levasseur.org\/wp-content\/uploads\/photo-gallery\/thumb\/MarieEugeneiLevasseurDr-autresinconnues_190.jpg?bwg=1691087994\"                 data-src=\"https:\/\/levasseur.org\/wp-content\/uploads\/photo-gallery\/thumb\/MarieEugeneiLevasseurDr-autresinconnues_190.jpg?bwg=1691087994\"                 data-width=\"326\"                 data-height=\"500\"                 alt=\"Marie-Eug\u00e9nie Levasseur, autres inconnus\"                 title=\"Marie-Eug\u00e9nie Levasseur, autres inconnus\" \/>                      <\/div>        <\/a>                <a  class=\"bwg-a bwg_lightbox bwg_lightbox_0\" href=\"https:\/\/levasseur.org\/wp-content\/uploads\/photo-gallery\/MarieEugenieCyriceEvaVers1915_2252-6.jpg?bwg=1691087994\" data-image-id=\"436\" data-elementor-open-lightbox=\"no\">          <div class=\"bwg_mosaic_thumb_spun_0 bwg-item0 bwg-mosaic-thumb-span \">            <img decoding=\"async\" class=\"lazyload bwg_mosaic_thumb_0 skip-lazy bwg_img_clear bwg_img_custom \"                 id=\"436\"                 src=\"data:image\/svg+xml,%3Csvg%20xmlns%3D%27http%3A%2F%2Fwww.w3.org%2F2000%2Fsvg%27%20width%3D%27500%27%20height%3D%27352%27%20viewBox%3D%270%200%20500%20352%27%3E%3Crect%20width%3D%27500%27%20height%3D%27352%27%20fill-opacity%3D%220%22%2F%3E%3C%2Fsvg%3E\" data-orig-src=\"https:\/\/levasseur.org\/wp-content\/uploads\/photo-gallery\/thumb\/MarieEugenieCyriceEvaVers1915_2252-6.jpg?bwg=1691087994\"                 data-src=\"https:\/\/levasseur.org\/wp-content\/uploads\/photo-gallery\/thumb\/MarieEugenieCyriceEvaVers1915_2252-6.jpg?bwg=1691087994\"                 data-width=\"500\"                 data-height=\"352\"                 alt=\"MarieEugenieCyriceEvaVers1915 2252-6\"                 title=\"MarieEugenieCyriceEvaVers1915 2252-6\" \/>                      <\/div>        <\/a>                <a  class=\"bwg-a bwg_lightbox bwg_lightbox_0\" href=\"https:\/\/levasseur.org\/wp-content\/uploads\/photo-gallery\/MartheOuelletDCD22032005_2317.jpg?bwg=1691087994\" data-image-id=\"435\" data-elementor-open-lightbox=\"no\">          <div class=\"bwg_mosaic_thumb_spun_0 bwg-item0 bwg-mosaic-thumb-span \">            <img decoding=\"async\" class=\"lazyload bwg_mosaic_thumb_0 skip-lazy bwg_img_clear bwg_img_custom \"                 id=\"435\"                 src=\"data:image\/svg+xml,%3Csvg%20xmlns%3D%27http%3A%2F%2Fwww.w3.org%2F2000%2Fsvg%27%20width%3D%27314%27%20height%3D%27500%27%20viewBox%3D%270%200%20314%20500%27%3E%3Crect%20width%3D%27314%27%20height%3D%27500%27%20fill-opacity%3D%220%22%2F%3E%3C%2Fsvg%3E\" data-orig-src=\"https:\/\/levasseur.org\/wp-content\/uploads\/photo-gallery\/thumb\/MartheOuelletDCD22032005_2317.jpg?bwg=1691087994\"                 data-src=\"https:\/\/levasseur.org\/wp-content\/uploads\/photo-gallery\/thumb\/MartheOuelletDCD22032005_2317.jpg?bwg=1691087994\"                 data-width=\"314\"                 data-height=\"500\"                 alt=\"Simone Ouellet (\u00c9va Levasseur)\"                 title=\"Simone Ouellet (\u00c9va Levasseur)\" \/>                      <\/div>        <\/a>                <a  class=\"bwg-a bwg_lightbox bwg_lightbox_0\" href=\"https:\/\/levasseur.org\/wp-content\/uploads\/photo-gallery\/NicoleEtJosephLevasseut_5850.jpg?bwg=1691087994\" data-image-id=\"434\" data-elementor-open-lightbox=\"no\">          <div class=\"bwg_mosaic_thumb_spun_0 bwg-item0 bwg-mosaic-thumb-span \">            <img decoding=\"async\" class=\"lazyload bwg_mosaic_thumb_0 skip-lazy bwg_img_clear bwg_img_custom \"                 id=\"434\"                 src=\"data:image\/svg+xml,%3Csvg%20xmlns%3D%27http%3A%2F%2Fwww.w3.org%2F2000%2Fsvg%27%20width%3D%27324%27%20height%3D%27500%27%20viewBox%3D%270%200%20324%20500%27%3E%3Crect%20width%3D%27324%27%20height%3D%27500%27%20fill-opacity%3D%220%22%2F%3E%3C%2Fsvg%3E\" data-orig-src=\"https:\/\/levasseur.org\/wp-content\/uploads\/photo-gallery\/thumb\/NicoleEtJosephLevasseut_5850.jpg?bwg=1691087994\"                 data-src=\"https:\/\/levasseur.org\/wp-content\/uploads\/photo-gallery\/thumb\/NicoleEtJosephLevasseut_5850.jpg?bwg=1691087994\"                 data-width=\"324\"                 data-height=\"500\"                 alt=\"Nicole Dessureault et Joseph Levasseur (Alphonse)\"                 title=\"Nicole Dessureault et Joseph Levasseur (Alphonse)\" \/>                      <\/div>        <\/a>                <a  class=\"bwg-a bwg_lightbox bwg_lightbox_0\" href=\"https:\/\/levasseur.org\/wp-content\/uploads\/photo-gallery\/MimiLevasseur_WilliamOuellet_1960_256.jpg?bwg=1691087994\" data-image-id=\"433\" data-elementor-open-lightbox=\"no\">          <div class=\"bwg_mosaic_thumb_spun_0 bwg-item0 bwg-mosaic-thumb-span \">            <img decoding=\"async\" class=\"lazyload bwg_mosaic_thumb_0 skip-lazy bwg_img_clear bwg_img_custom \"                 id=\"433\"                 src=\"data:image\/svg+xml,%3Csvg%20xmlns%3D%27http%3A%2F%2Fwww.w3.org%2F2000%2Fsvg%27%20width%3D%27500%27%20height%3D%27475%27%20viewBox%3D%270%200%20500%20475%27%3E%3Crect%20width%3D%27500%27%20height%3D%27475%27%20fill-opacity%3D%220%22%2F%3E%3C%2Fsvg%3E\" data-orig-src=\"https:\/\/levasseur.org\/wp-content\/uploads\/photo-gallery\/thumb\/MimiLevasseur_WilliamOuellet_1960_256.jpg?bwg=1691087994\"                 data-src=\"https:\/\/levasseur.org\/wp-content\/uploads\/photo-gallery\/thumb\/MimiLevasseur_WilliamOuellet_1960_256.jpg?bwg=1691087994\"                 data-width=\"500\"                 data-height=\"475\"                 alt=\"Mimi Levasseur William Ouellet (1960)\"                 title=\"Mimi Levasseur William Ouellet (1960)\" \/>                      <\/div>        <\/a>                <a  class=\"bwg-a bwg_lightbox bwg_lightbox_0\" href=\"https:\/\/levasseur.org\/wp-content\/uploads\/photo-gallery\/OdinaBoucher_Ste-Helene_207.jpg?bwg=1691087994\" data-image-id=\"432\" data-elementor-open-lightbox=\"no\">          <div class=\"bwg_mosaic_thumb_spun_0 bwg-item0 bwg-mosaic-thumb-span \">            <img decoding=\"async\" class=\"lazyload bwg_mosaic_thumb_0 skip-lazy bwg_img_clear bwg_img_custom \"                 id=\"432\"                 src=\"data:image\/svg+xml,%3Csvg%20xmlns%3D%27http%3A%2F%2Fwww.w3.org%2F2000%2Fsvg%27%20width%3D%27311%27%20height%3D%27500%27%20viewBox%3D%270%200%20311%20500%27%3E%3Crect%20width%3D%27311%27%20height%3D%27500%27%20fill-opacity%3D%220%22%2F%3E%3C%2Fsvg%3E\" data-orig-src=\"https:\/\/levasseur.org\/wp-content\/uploads\/photo-gallery\/thumb\/OdinaBoucher_Ste-Helene_207.jpg?bwg=1691087994\"                 data-src=\"https:\/\/levasseur.org\/wp-content\/uploads\/photo-gallery\/thumb\/OdinaBoucher_Ste-Helene_207.jpg?bwg=1691087994\"                 data-width=\"311\"                 data-height=\"500\"                 alt=\"Odina Boucher  \"                 title=\"Odina Boucher  \" \/>                      <\/div>        <\/a>                <a  class=\"bwg-a bwg_lightbox bwg_lightbox_0\" href=\"https:\/\/levasseur.org\/wp-content\/uploads\/photo-gallery\/Philiphe_Valeda-au-3mariages_157.jpg?bwg=1691087994\" data-image-id=\"431\" data-elementor-open-lightbox=\"no\">          <div class=\"bwg_mosaic_thumb_spun_0 bwg-item0 bwg-mosaic-thumb-span \">            <img decoding=\"async\" class=\"lazyload bwg_mosaic_thumb_0 skip-lazy bwg_img_clear bwg_img_custom \"                 id=\"431\"                 src=\"data:image\/svg+xml,%3Csvg%20xmlns%3D%27http%3A%2F%2Fwww.w3.org%2F2000%2Fsvg%27%20width%3D%27298%27%20height%3D%27499%27%20viewBox%3D%270%200%20298%20499%27%3E%3Crect%20width%3D%27298%27%20height%3D%27499%27%20fill-opacity%3D%220%22%2F%3E%3C%2Fsvg%3E\" data-orig-src=\"https:\/\/levasseur.org\/wp-content\/uploads\/photo-gallery\/thumb\/Philiphe_Valeda-au-3mariages_157.jpg?bwg=1691087994\"                 data-src=\"https:\/\/levasseur.org\/wp-content\/uploads\/photo-gallery\/thumb\/Philiphe_Valeda-au-3mariages_157.jpg?bwg=1691087994\"                 data-width=\"298\"                 data-height=\"499\"                 alt=\"Philippe Levasseur et  Val\u00e9da au mariage\"                 title=\"Philippe Levasseur et  Val\u00e9da au mariage\" \/>                      <\/div>        <\/a>                <a  class=\"bwg-a bwg_lightbox bwg_lightbox_0\" href=\"https:\/\/levasseur.org\/wp-content\/uploads\/photo-gallery\/OdinaBucherEtInconnue_5843.jpg?bwg=1691087994\" data-image-id=\"430\" data-elementor-open-lightbox=\"no\">          <div class=\"bwg_mosaic_thumb_spun_0 bwg-item0 bwg-mosaic-thumb-span \">            <img decoding=\"async\" class=\"lazyload bwg_mosaic_thumb_0 skip-lazy bwg_img_clear bwg_img_custom \"                 id=\"430\"                 src=\"data:image\/svg+xml,%3Csvg%20xmlns%3D%27http%3A%2F%2Fwww.w3.org%2F2000%2Fsvg%27%20width%3D%27320%27%20height%3D%27500%27%20viewBox%3D%270%200%20320%20500%27%3E%3Crect%20width%3D%27320%27%20height%3D%27500%27%20fill-opacity%3D%220%22%2F%3E%3C%2Fsvg%3E\" data-orig-src=\"https:\/\/levasseur.org\/wp-content\/uploads\/photo-gallery\/thumb\/OdinaBucherEtInconnue_5843.jpg?bwg=1691087994\"                 data-src=\"https:\/\/levasseur.org\/wp-content\/uploads\/photo-gallery\/thumb\/OdinaBucherEtInconnue_5843.jpg?bwg=1691087994\"                 data-width=\"320\"                 data-height=\"500\"                 alt=\"Odina Boucher et son fils, Herv\u00e9 Levasseur\"                 title=\"Odina Boucher et son fils, Herv\u00e9 Levasseur\" \/>                      <\/div>        <\/a>                <a  class=\"bwg-a bwg_lightbox bwg_lightbox_0\" href=\"https:\/\/levasseur.org\/wp-content\/uploads\/photo-gallery\/PH98DF~1.jpg?bwg=1691087994\" data-image-id=\"429\" data-elementor-open-lightbox=\"no\">          <div class=\"bwg_mosaic_thumb_spun_0 bwg-item0 bwg-mosaic-thumb-span \">            <img decoding=\"async\" class=\"lazyload bwg_mosaic_thumb_0 skip-lazy bwg_img_clear bwg_img_custom \"                 id=\"429\"                 src=\"data:image\/svg+xml,%3Csvg%20xmlns%3D%27http%3A%2F%2Fwww.w3.org%2F2000%2Fsvg%27%20width%3D%27500%27%20height%3D%27281%27%20viewBox%3D%270%200%20500%20281%27%3E%3Crect%20width%3D%27500%27%20height%3D%27281%27%20fill-opacity%3D%220%22%2F%3E%3C%2Fsvg%3E\" data-orig-src=\"https:\/\/levasseur.org\/wp-content\/uploads\/photo-gallery\/thumb\/PH98DF~1.jpg?bwg=1691087994\"                 data-src=\"https:\/\/levasseur.org\/wp-content\/uploads\/photo-gallery\/thumb\/PH98DF~1.jpg?bwg=1691087994\"                 data-width=\"500\"                 data-height=\"281\"                 alt=\"\u00e0 identifier\"                 title=\"\u00e0 identifier\" \/>                      <\/div>        <\/a>                <a  class=\"bwg-a bwg_lightbox bwg_lightbox_0\" href=\"https:\/\/levasseur.org\/wp-content\/uploads\/photo-gallery\/Philippe-MarieAnnaLevasseur_3147.jpg?bwg=1691087994\" data-image-id=\"428\" data-elementor-open-lightbox=\"no\">          <div class=\"bwg_mosaic_thumb_spun_0 bwg-item0 bwg-mosaic-thumb-span \">            <img decoding=\"async\" class=\"lazyload bwg_mosaic_thumb_0 skip-lazy bwg_img_clear bwg_img_custom \"                 id=\"428\"                 src=\"data:image\/svg+xml,%3Csvg%20xmlns%3D%27http%3A%2F%2Fwww.w3.org%2F2000%2Fsvg%27%20width%3D%27341%27%20height%3D%27500%27%20viewBox%3D%270%200%20341%20500%27%3E%3Crect%20width%3D%27341%27%20height%3D%27500%27%20fill-opacity%3D%220%22%2F%3E%3C%2Fsvg%3E\" data-orig-src=\"https:\/\/levasseur.org\/wp-content\/uploads\/photo-gallery\/thumb\/Philippe-MarieAnnaLevasseur_3147.jpg?bwg=1691087994\"                 data-src=\"https:\/\/levasseur.org\/wp-content\/uploads\/photo-gallery\/thumb\/Philippe-MarieAnnaLevasseur_3147.jpg?bwg=1691087994\"                 data-width=\"341\"                 data-height=\"500\"                 alt=\"Philippe, Marie-Anna Levasseur \"                 title=\"Philippe, Marie-Anna Levasseur \" \/>                      <\/div>        <\/a>                <a  class=\"bwg-a bwg_lightbox bwg_lightbox_0\" href=\"https:\/\/levasseur.org\/wp-content\/uploads\/photo-gallery\/PhilipheLevasseur_Ford1938_193.jpg?bwg=1691087994\" data-image-id=\"427\" data-elementor-open-lightbox=\"no\">          <div class=\"bwg_mosaic_thumb_spun_0 bwg-item0 bwg-mosaic-thumb-span \">            <img decoding=\"async\" class=\"lazyload bwg_mosaic_thumb_0 skip-lazy bwg_img_clear bwg_img_custom \"                 id=\"427\"                 src=\"data:image\/svg+xml,%3Csvg%20xmlns%3D%27http%3A%2F%2Fwww.w3.org%2F2000%2Fsvg%27%20width%3D%27342%27%20height%3D%27500%27%20viewBox%3D%270%200%20342%20500%27%3E%3Crect%20width%3D%27342%27%20height%3D%27500%27%20fill-opacity%3D%220%22%2F%3E%3C%2Fsvg%3E\" data-orig-src=\"https:\/\/levasseur.org\/wp-content\/uploads\/photo-gallery\/thumb\/PhilipheLevasseur_Ford1938_193.jpg?bwg=1691087994\"                 data-src=\"https:\/\/levasseur.org\/wp-content\/uploads\/photo-gallery\/thumb\/PhilipheLevasseur_Ford1938_193.jpg?bwg=1691087994\"                 data-width=\"342\"                 data-height=\"500\"                 alt=\"Philiphe Levasseur (Ford 1938)\"                 title=\"Philiphe Levasseur (Ford 1938)\" \/>                      <\/div>        <\/a>                <a  class=\"bwg-a bwg_lightbox bwg_lightbox_0\" href=\"https:\/\/levasseur.org\/wp-content\/uploads\/photo-gallery\/PiqueNique_MarieEugeneihautDR-PhilipheLevasseurBsDr_206.jpg?bwg=1691087994\" data-image-id=\"426\" data-elementor-open-lightbox=\"no\">          <div class=\"bwg_mosaic_thumb_spun_0 bwg-item0 bwg-mosaic-thumb-span \">            <img decoding=\"async\" class=\"lazyload bwg_mosaic_thumb_0 skip-lazy bwg_img_clear bwg_img_custom \"                 id=\"426\"                 src=\"data:image\/svg+xml,%3Csvg%20xmlns%3D%27http%3A%2F%2Fwww.w3.org%2F2000%2Fsvg%27%20width%3D%27500%27%20height%3D%27312%27%20viewBox%3D%270%200%20500%20312%27%3E%3Crect%20width%3D%27500%27%20height%3D%27312%27%20fill-opacity%3D%220%22%2F%3E%3C%2Fsvg%3E\" data-orig-src=\"https:\/\/levasseur.org\/wp-content\/uploads\/photo-gallery\/thumb\/PiqueNique_MarieEugeneihautDR-PhilipheLevasseurBsDr_206.jpg?bwg=1691087994\"                 data-src=\"https:\/\/levasseur.org\/wp-content\/uploads\/photo-gallery\/thumb\/PiqueNique_MarieEugeneihautDR-PhilipheLevasseurBsDr_206.jpg?bwg=1691087994\"                 data-width=\"500\"                 data-height=\"312\"                 alt=\"Pique-Nique Marie-Eug\u00e9nie Levasseur. Haut droite : Philippe Levasseur\"                 title=\"Pique-Nique Marie-Eug\u00e9nie Levasseur. Haut droite : Philippe Levasseur\" \/>                      <\/div>        <\/a>                <a  class=\"bwg-a bwg_lightbox bwg_lightbox_0\" href=\"https:\/\/levasseur.org\/wp-content\/uploads\/photo-gallery\/RobertDessureault-RoseLevasseur_902.jpg?bwg=1691087994\" data-image-id=\"425\" data-elementor-open-lightbox=\"no\">          <div class=\"bwg_mosaic_thumb_spun_0 bwg-item0 bwg-mosaic-thumb-span \">            <img decoding=\"async\" class=\"lazyload bwg_mosaic_thumb_0 skip-lazy bwg_img_clear bwg_img_custom \"                 id=\"425\"                 src=\"data:image\/svg+xml,%3Csvg%20xmlns%3D%27http%3A%2F%2Fwww.w3.org%2F2000%2Fsvg%27%20width%3D%27353%27%20height%3D%27500%27%20viewBox%3D%270%200%20353%20500%27%3E%3Crect%20width%3D%27353%27%20height%3D%27500%27%20fill-opacity%3D%220%22%2F%3E%3C%2Fsvg%3E\" data-orig-src=\"https:\/\/levasseur.org\/wp-content\/uploads\/photo-gallery\/thumb\/RobertDessureault-RoseLevasseur_902.jpg?bwg=1691087994\"                 data-src=\"https:\/\/levasseur.org\/wp-content\/uploads\/photo-gallery\/thumb\/RobertDessureault-RoseLevasseur_902.jpg?bwg=1691087994\"                 data-width=\"353\"                 data-height=\"500\"                 alt=\"Robert Dessureault et Rose Levasseur\"                 title=\"Robert Dessureault et Rose Levasseur\" \/>                      <\/div>        <\/a>                <a  class=\"bwg-a bwg_lightbox bwg_lightbox_0\" href=\"https:\/\/levasseur.org\/wp-content\/uploads\/photo-gallery\/Rioux-Ludger_Joseph_Levasseur_163.jpg?bwg=1691087994\" data-image-id=\"424\" data-elementor-open-lightbox=\"no\">          <div class=\"bwg_mosaic_thumb_spun_0 bwg-item0 bwg-mosaic-thumb-span \">            <img decoding=\"async\" class=\"lazyload bwg_mosaic_thumb_0 skip-lazy bwg_img_clear bwg_img_custom \"                 id=\"424\"                 src=\"data:image\/svg+xml,%3Csvg%20xmlns%3D%27http%3A%2F%2Fwww.w3.org%2F2000%2Fsvg%27%20width%3D%27345%27%20height%3D%27500%27%20viewBox%3D%270%200%20345%20500%27%3E%3Crect%20width%3D%27345%27%20height%3D%27500%27%20fill-opacity%3D%220%22%2F%3E%3C%2Fsvg%3E\" data-orig-src=\"https:\/\/levasseur.org\/wp-content\/uploads\/photo-gallery\/thumb\/Rioux-Ludger_Joseph_Levasseur_163.jpg?bwg=1691087994\"                 data-src=\"https:\/\/levasseur.org\/wp-content\/uploads\/photo-gallery\/thumb\/Rioux-Ludger_Joseph_Levasseur_163.jpg?bwg=1691087994\"                 data-width=\"345\"                 data-height=\"500\"                 alt=\"Rioux-Ludger - Joseph Levasseur\"                 title=\"Rioux-Ludger - Joseph Levasseur\" \/>                      <\/div>        <\/a>                <a  class=\"bwg-a bwg_lightbox bwg_lightbox_0\" href=\"https:\/\/levasseur.org\/wp-content\/uploads\/photo-gallery\/RobertDessureault_Voitureacheval_243.jpg?bwg=1691087994\" data-image-id=\"423\" data-elementor-open-lightbox=\"no\">          <div class=\"bwg_mosaic_thumb_spun_0 bwg-item0 bwg-mosaic-thumb-span \">            <img decoding=\"async\" class=\"lazyload bwg_mosaic_thumb_0 skip-lazy bwg_img_clear bwg_img_custom \"                 id=\"423\"                 src=\"data:image\/svg+xml,%3Csvg%20xmlns%3D%27http%3A%2F%2Fwww.w3.org%2F2000%2Fsvg%27%20width%3D%27500%27%20height%3D%27313%27%20viewBox%3D%270%200%20500%20313%27%3E%3Crect%20width%3D%27500%27%20height%3D%27313%27%20fill-opacity%3D%220%22%2F%3E%3C%2Fsvg%3E\" data-orig-src=\"https:\/\/levasseur.org\/wp-content\/uploads\/photo-gallery\/thumb\/RobertDessureault_Voitureacheval_243.jpg?bwg=1691087994\"                 data-src=\"https:\/\/levasseur.org\/wp-content\/uploads\/photo-gallery\/thumb\/RobertDessureault_Voitureacheval_243.jpg?bwg=1691087994\"                 data-width=\"500\"                 data-height=\"313\"                 alt=\"Robert Dessureault. Voiture \u00e0 cheval\"                 title=\"Robert Dessureault. Voiture \u00e0 cheval\" \/>                      <\/div>        <\/a>                <a  class=\"bwg-a bwg_lightbox bwg_lightbox_0\" href=\"https:\/\/levasseur.org\/wp-content\/uploads\/photo-gallery\/pouseDeJacquesLevasseur_3149.jpg?bwg=1691087994\" data-image-id=\"422\" data-elementor-open-lightbox=\"no\">          <div class=\"bwg_mosaic_thumb_spun_0 bwg-item0 bwg-mosaic-thumb-span \">            <img decoding=\"async\" class=\"lazyload bwg_mosaic_thumb_0 skip-lazy bwg_img_clear bwg_img_custom \"                 id=\"422\"                 src=\"data:image\/svg+xml,%3Csvg%20xmlns%3D%27http%3A%2F%2Fwww.w3.org%2F2000%2Fsvg%27%20width%3D%27398%27%20height%3D%27500%27%20viewBox%3D%270%200%20398%20500%27%3E%3Crect%20width%3D%27398%27%20height%3D%27500%27%20fill-opacity%3D%220%22%2F%3E%3C%2Fsvg%3E\" data-orig-src=\"https:\/\/levasseur.org\/wp-content\/uploads\/photo-gallery\/thumb\/pouseDeJacquesLevasseur_3149.jpg?bwg=1691087994\"                 data-src=\"https:\/\/levasseur.org\/wp-content\/uploads\/photo-gallery\/thumb\/pouseDeJacquesLevasseur_3149.jpg?bwg=1691087994\"                 data-width=\"398\"                 data-height=\"500\"                 alt=\"\u00c9pouse de Jacques Levasseur \"                 title=\"\u00c9pouse de Jacques Levasseur \" \/>                      <\/div>        <\/a>                <a  class=\"bwg-a bwg_lightbox bwg_lightbox_0\" href=\"https:\/\/levasseur.org\/wp-content\/uploads\/photo-gallery\/RobertDessureault_RoseLevasseur_262.jpg?bwg=1691087994\" data-image-id=\"421\" data-elementor-open-lightbox=\"no\">          <div class=\"bwg_mosaic_thumb_spun_0 bwg-item0 bwg-mosaic-thumb-span \">            <img decoding=\"async\" class=\"lazyload bwg_mosaic_thumb_0 skip-lazy bwg_img_clear bwg_img_custom \"                 id=\"421\"                 src=\"data:image\/svg+xml,%3Csvg%20xmlns%3D%27http%3A%2F%2Fwww.w3.org%2F2000%2Fsvg%27%20width%3D%27323%27%20height%3D%27500%27%20viewBox%3D%270%200%20323%20500%27%3E%3Crect%20width%3D%27323%27%20height%3D%27500%27%20fill-opacity%3D%220%22%2F%3E%3C%2Fsvg%3E\" data-orig-src=\"https:\/\/levasseur.org\/wp-content\/uploads\/photo-gallery\/thumb\/RobertDessureault_RoseLevasseur_262.jpg?bwg=1691087994\"                 data-src=\"https:\/\/levasseur.org\/wp-content\/uploads\/photo-gallery\/thumb\/RobertDessureault_RoseLevasseur_262.jpg?bwg=1691087994\"                 data-width=\"323\"                 data-height=\"500\"                 alt=\"Robert Dessureault et Rose Levasseur\"                 title=\"Robert Dessureault et Rose Levasseur\" \/>                      <\/div>        <\/a>                <a  class=\"bwg-a bwg_lightbox bwg_lightbox_0\" href=\"https:\/\/levasseur.org\/wp-content\/uploads\/photo-gallery\/Ren\u00c7Leblond-\u00eacoleVers28-33_3092.jpg?bwg=1691087994\" data-image-id=\"420\" data-elementor-open-lightbox=\"no\">          <div class=\"bwg_mosaic_thumb_spun_0 bwg-item0 bwg-mosaic-thumb-span \">            <img decoding=\"async\" class=\"lazyload bwg_mosaic_thumb_0 skip-lazy bwg_img_clear bwg_img_custom \"                 id=\"420\"                 src=\"data:image\/svg+xml,%3Csvg%20xmlns%3D%27http%3A%2F%2Fwww.w3.org%2F2000%2Fsvg%27%20width%3D%27500%27%20height%3D%27241%27%20viewBox%3D%270%200%20500%20241%27%3E%3Crect%20width%3D%27500%27%20height%3D%27241%27%20fill-opacity%3D%220%22%2F%3E%3C%2Fsvg%3E\" data-orig-src=\"https:\/\/levasseur.org\/wp-content\/uploads\/photo-gallery\/thumb\/Ren\u00c7Leblond-\u00eacoleVers28-33_3092.jpg?bwg=1691087994\"                 data-src=\"https:\/\/levasseur.org\/wp-content\/uploads\/photo-gallery\/thumb\/Ren\u00c7Leblond-\u00eacoleVers28-33_3092.jpg?bwg=1691087994\"                 data-width=\"500\"                 data-height=\"241\"                 alt=\"Ren\u00e9 Leblond (\u00e9cole vers 1928\/1933)\"                 title=\"Ren\u00e9 Leblond (\u00e9cole vers 1928\/1933)\" \/>                      <\/div>        <\/a>                <a  class=\"bwg-a bwg_lightbox bwg_lightbox_0\" href=\"https:\/\/levasseur.org\/wp-content\/uploads\/photo-gallery\/RoseLevasseur_FernadeLevasseur_RobertDessureault_196.jpg?bwg=1691087994\" data-image-id=\"419\" data-elementor-open-lightbox=\"no\">          <div class=\"bwg_mosaic_thumb_spun_0 bwg-item0 bwg-mosaic-thumb-span \">            <img decoding=\"async\" class=\"lazyload bwg_mosaic_thumb_0 skip-lazy bwg_img_clear bwg_img_custom \"                 id=\"419\"                 src=\"data:image\/svg+xml,%3Csvg%20xmlns%3D%27http%3A%2F%2Fwww.w3.org%2F2000%2Fsvg%27%20width%3D%27313%27%20height%3D%27500%27%20viewBox%3D%270%200%20313%20500%27%3E%3Crect%20width%3D%27313%27%20height%3D%27500%27%20fill-opacity%3D%220%22%2F%3E%3C%2Fsvg%3E\" data-orig-src=\"https:\/\/levasseur.org\/wp-content\/uploads\/photo-gallery\/thumb\/RoseLevasseur_FernadeLevasseur_RobertDessureault_196.jpg?bwg=1691087994\"                 data-src=\"https:\/\/levasseur.org\/wp-content\/uploads\/photo-gallery\/thumb\/RoseLevasseur_FernadeLevasseur_RobertDessureault_196.jpg?bwg=1691087994\"                 data-width=\"313\"                 data-height=\"500\"                 alt=\"Rose Levasseur, Fernande Levasseur,  Robert Dessureault\"                 title=\"Rose Levasseur, Fernande Levasseur,  Robert Dessureault\" \/>                      <\/div>        <\/a>                <a  class=\"bwg-a bwg_lightbox bwg_lightbox_0\" href=\"https:\/\/levasseur.org\/wp-content\/uploads\/photo-gallery\/RoneAnnaOuellet_AutoJosephLevasseur_208.jpg?bwg=1691087994\" data-image-id=\"418\" data-elementor-open-lightbox=\"no\">          <div class=\"bwg_mosaic_thumb_spun_0 bwg-item0 bwg-mosaic-thumb-span \">            <img decoding=\"async\" class=\"lazyload bwg_mosaic_thumb_0 skip-lazy bwg_img_clear bwg_img_custom \"                 id=\"418\"                 src=\"data:image\/svg+xml,%3Csvg%20xmlns%3D%27http%3A%2F%2Fwww.w3.org%2F2000%2Fsvg%27%20width%3D%27500%27%20height%3D%27332%27%20viewBox%3D%270%200%20500%20332%27%3E%3Crect%20width%3D%27500%27%20height%3D%27332%27%20fill-opacity%3D%220%22%2F%3E%3C%2Fsvg%3E\" data-orig-src=\"https:\/\/levasseur.org\/wp-content\/uploads\/photo-gallery\/thumb\/RoneAnnaOuellet_AutoJosephLevasseur_208.jpg?bwg=1691087994\"                 data-src=\"https:\/\/levasseur.org\/wp-content\/uploads\/photo-gallery\/thumb\/RoneAnnaOuellet_AutoJosephLevasseur_208.jpg?bwg=1691087994\"                 data-width=\"500\"                 data-height=\"332\"                 alt=\"Rode-Anna Ouellet (Auto Joseph Levasseur)\"                 title=\"Rode-Anna Ouellet (Auto Joseph Levasseur)\" \/>                      <\/div>        <\/a>                <a  class=\"bwg-a bwg_lightbox bwg_lightbox_0\" href=\"https:\/\/levasseur.org\/wp-content\/uploads\/photo-gallery\/RoseAnnaOuelletEvaLevasSimoneOuel_1308.jpg?bwg=1691087994\" data-image-id=\"417\" data-elementor-open-lightbox=\"no\">          <div class=\"bwg_mosaic_thumb_spun_0 bwg-item0 bwg-mosaic-thumb-span \">            <img decoding=\"async\" class=\"lazyload bwg_mosaic_thumb_0 skip-lazy bwg_img_clear bwg_img_custom \"                 id=\"417\"                 src=\"data:image\/svg+xml,%3Csvg%20xmlns%3D%27http%3A%2F%2Fwww.w3.org%2F2000%2Fsvg%27%20width%3D%27338%27%20height%3D%27500%27%20viewBox%3D%270%200%20338%20500%27%3E%3Crect%20width%3D%27338%27%20height%3D%27500%27%20fill-opacity%3D%220%22%2F%3E%3C%2Fsvg%3E\" data-orig-src=\"https:\/\/levasseur.org\/wp-content\/uploads\/photo-gallery\/thumb\/RoseAnnaOuelletEvaLevasSimoneOuel_1308.jpg?bwg=1691087994\"                 data-src=\"https:\/\/levasseur.org\/wp-content\/uploads\/photo-gallery\/thumb\/RoseAnnaOuelletEvaLevasSimoneOuel_1308.jpg?bwg=1691087994\"                 data-width=\"338\"                 data-height=\"500\"                 alt=\"Rosa-Anna Ouellet (Edgar Levasseur), Eva Levasseur (Alphonse) et Simone Ouellet\"                 title=\"Rosa-Anna Ouellet (Edgar Levasseur), Eva Levasseur (Alphonse) et Simone Ouellet\" \/>                      <\/div>        <\/a>                <a  class=\"bwg-a bwg_lightbox bwg_lightbox_0\" href=\"https:\/\/levasseur.org\/wp-content\/uploads\/photo-gallery\/RobertDessureault-Yolonde_274.jpg?bwg=1691087994\" data-image-id=\"416\" data-elementor-open-lightbox=\"no\">          <div class=\"bwg_mosaic_thumb_spun_0 bwg-item0 bwg-mosaic-thumb-span \">            <img decoding=\"async\" class=\"lazyload bwg_mosaic_thumb_0 skip-lazy bwg_img_clear bwg_img_custom \"                 id=\"416\"                 src=\"data:image\/svg+xml,%3Csvg%20xmlns%3D%27http%3A%2F%2Fwww.w3.org%2F2000%2Fsvg%27%20width%3D%27500%27%20height%3D%27305%27%20viewBox%3D%270%200%20500%20305%27%3E%3Crect%20width%3D%27500%27%20height%3D%27305%27%20fill-opacity%3D%220%22%2F%3E%3C%2Fsvg%3E\" data-orig-src=\"https:\/\/levasseur.org\/wp-content\/uploads\/photo-gallery\/thumb\/RobertDessureault-Yolonde_274.jpg?bwg=1691087994\"                 data-src=\"https:\/\/levasseur.org\/wp-content\/uploads\/photo-gallery\/thumb\/RobertDessureault-Yolonde_274.jpg?bwg=1691087994\"                 data-width=\"500\"                 data-height=\"305\"                 alt=\"Robert Dessureault et Yolande \"                 title=\"Robert Dessureault et Yolande \" \/>                      <\/div>        <\/a>                <a  class=\"bwg-a bwg_lightbox bwg_lightbox_0\" href=\"https:\/\/levasseur.org\/wp-content\/uploads\/photo-gallery\/RobertDessureauVoitureChevalFamilex1933_1715.jpg?bwg=1691087994\" data-image-id=\"415\" data-elementor-open-lightbox=\"no\">          <div class=\"bwg_mosaic_thumb_spun_0 bwg-item0 bwg-mosaic-thumb-span \">            <img decoding=\"async\" class=\"lazyload bwg_mosaic_thumb_0 skip-lazy bwg_img_clear bwg_img_custom \"                 id=\"415\"                 src=\"data:image\/svg+xml,%3Csvg%20xmlns%3D%27http%3A%2F%2Fwww.w3.org%2F2000%2Fsvg%27%20width%3D%27500%27%20height%3D%27311%27%20viewBox%3D%270%200%20500%20311%27%3E%3Crect%20width%3D%27500%27%20height%3D%27311%27%20fill-opacity%3D%220%22%2F%3E%3C%2Fsvg%3E\" data-orig-src=\"https:\/\/levasseur.org\/wp-content\/uploads\/photo-gallery\/thumb\/RobertDessureauVoitureChevalFamilex1933_1715.jpg?bwg=1691087994\"                 data-src=\"https:\/\/levasseur.org\/wp-content\/uploads\/photo-gallery\/thumb\/RobertDessureauVoitureChevalFamilex1933_1715.jpg?bwg=1691087994\"                 data-width=\"500\"                 data-height=\"311\"                 alt=\"Robert Dessureault en voiture \u00e0 cheval en 1933\"                 title=\"Robert Dessureault en voiture \u00e0 cheval en 1933\" \/>                      <\/div>        <\/a>                <a  class=\"bwg-a bwg_lightbox bwg_lightbox_0\" href=\"https:\/\/levasseur.org\/wp-content\/uploads\/photo-gallery\/RoseAnnaOuelletJosLevassuerWilfridNoellieGagnonETC_2135.jpg?bwg=1691087994\" data-image-id=\"414\" data-elementor-open-lightbox=\"no\">          <div class=\"bwg_mosaic_thumb_spun_0 bwg-item0 bwg-mosaic-thumb-span \">            <img decoding=\"async\" class=\"lazyload bwg_mosaic_thumb_0 skip-lazy bwg_img_clear bwg_img_custom \"                 id=\"414\"                 src=\"data:image\/svg+xml,%3Csvg%20xmlns%3D%27http%3A%2F%2Fwww.w3.org%2F2000%2Fsvg%27%20width%3D%27500%27%20height%3D%27299%27%20viewBox%3D%270%200%20500%20299%27%3E%3Crect%20width%3D%27500%27%20height%3D%27299%27%20fill-opacity%3D%220%22%2F%3E%3C%2Fsvg%3E\" data-orig-src=\"https:\/\/levasseur.org\/wp-content\/uploads\/photo-gallery\/thumb\/RoseAnnaOuelletJosLevassuerWilfridNoellieGagnonETC_2135.jpg?bwg=1691087994\"                 data-src=\"https:\/\/levasseur.org\/wp-content\/uploads\/photo-gallery\/thumb\/RoseAnnaOuelletJosLevassuerWilfridNoellieGagnonETC_2135.jpg?bwg=1691087994\"                 data-width=\"500\"                 data-height=\"299\"                 alt=\"Rose-Anna Ouellet, Joseph Levasseur, Wilfrid Levasseur Noellie Gagnon, etc\"                 title=\"Rose-Anna Ouellet, Joseph Levasseur, Wilfrid Levasseur Noellie Gagnon, etc\" \/>                      <\/div>        <\/a>                <a  class=\"bwg-a bwg_lightbox bwg_lightbox_0\" href=\"https:\/\/levasseur.org\/wp-content\/uploads\/photo-gallery\/SimoneOuelletJeunefille_1783.jpg?bwg=1691087994\" data-image-id=\"413\" data-elementor-open-lightbox=\"no\">          <div class=\"bwg_mosaic_thumb_spun_0 bwg-item0 bwg-mosaic-thumb-span \">            <img decoding=\"async\" class=\"lazyload bwg_mosaic_thumb_0 skip-lazy bwg_img_clear bwg_img_custom \"                 id=\"413\"                 src=\"data:image\/svg+xml,%3Csvg%20xmlns%3D%27http%3A%2F%2Fwww.w3.org%2F2000%2Fsvg%27%20width%3D%27350%27%20height%3D%27500%27%20viewBox%3D%270%200%20350%20500%27%3E%3Crect%20width%3D%27350%27%20height%3D%27500%27%20fill-opacity%3D%220%22%2F%3E%3C%2Fsvg%3E\" data-orig-src=\"https:\/\/levasseur.org\/wp-content\/uploads\/photo-gallery\/thumb\/SimoneOuelletJeunefille_1783.jpg?bwg=1691087994\"                 data-src=\"https:\/\/levasseur.org\/wp-content\/uploads\/photo-gallery\/thumb\/SimoneOuelletJeunefille_1783.jpg?bwg=1691087994\"                 data-width=\"350\"                 data-height=\"500\"                 alt=\"Simone Ouellet, jeune fille\"                 title=\"Simone Ouellet, jeune fille\" \/>                      <\/div>        <\/a>                <a  class=\"bwg-a bwg_lightbox bwg_lightbox_0\" href=\"https:\/\/levasseur.org\/wp-content\/uploads\/photo-gallery\/Wilfrid-Lucienne-Cyrice-MAnna-PhilLevasseurs_956.jpg?bwg=1691087994\" data-image-id=\"412\" data-elementor-open-lightbox=\"no\">          <div class=\"bwg_mosaic_thumb_spun_0 bwg-item0 bwg-mosaic-thumb-span \">            <img decoding=\"async\" class=\"lazyload bwg_mosaic_thumb_0 skip-lazy bwg_img_clear bwg_img_custom \"                 id=\"412\"                 src=\"data:image\/svg+xml,%3Csvg%20xmlns%3D%27http%3A%2F%2Fwww.w3.org%2F2000%2Fsvg%27%20width%3D%27500%27%20height%3D%27348%27%20viewBox%3D%270%200%20500%20348%27%3E%3Crect%20width%3D%27500%27%20height%3D%27348%27%20fill-opacity%3D%220%22%2F%3E%3C%2Fsvg%3E\" data-orig-src=\"https:\/\/levasseur.org\/wp-content\/uploads\/photo-gallery\/thumb\/Wilfrid-Lucienne-Cyrice-MAnna-PhilLevasseurs_956.jpg?bwg=1691087994\"                 data-src=\"https:\/\/levasseur.org\/wp-content\/uploads\/photo-gallery\/thumb\/Wilfrid-Lucienne-Cyrice-MAnna-PhilLevasseurs_956.jpg?bwg=1691087994\"                 data-width=\"500\"                 data-height=\"348\"                 alt=\"Wilfrid Ouellet, Lucienne, Cyrice, Marie-Anna et Philippe Levasseur\"                 title=\"Wilfrid Ouellet, Lucienne, Cyrice, Marie-Anna et Philippe Levasseur\" \/>                      <\/div>        <\/a>                <a  class=\"bwg-a bwg_lightbox bwg_lightbox_0\" href=\"https:\/\/levasseur.org\/wp-content\/uploads\/photo-gallery\/SimoneOuelletJagoArlette032004_2276.jpg?bwg=1691087994\" data-image-id=\"411\" data-elementor-open-lightbox=\"no\">          <div class=\"bwg_mosaic_thumb_spun_0 bwg-item0 bwg-mosaic-thumb-span \">            <img decoding=\"async\" class=\"lazyload bwg_mosaic_thumb_0 skip-lazy bwg_img_clear bwg_img_custom \"                 id=\"411\"                 src=\"data:image\/svg+xml,%3Csvg%20xmlns%3D%27http%3A%2F%2Fwww.w3.org%2F2000%2Fsvg%27%20width%3D%27500%27%20height%3D%27362%27%20viewBox%3D%270%200%20500%20362%27%3E%3Crect%20width%3D%27500%27%20height%3D%27362%27%20fill-opacity%3D%220%22%2F%3E%3C%2Fsvg%3E\" data-orig-src=\"https:\/\/levasseur.org\/wp-content\/uploads\/photo-gallery\/thumb\/SimoneOuelletJagoArlette032004_2276.jpg?bwg=1691087994\"                 data-src=\"https:\/\/levasseur.org\/wp-content\/uploads\/photo-gallery\/thumb\/SimoneOuelletJagoArlette032004_2276.jpg?bwg=1691087994\"                 data-width=\"500\"                 data-height=\"362\"                 alt=\"Simone Ouellet, Gaston Ouellet et Arlette\"                 title=\"Simone Ouellet, Gaston Ouellet et Arlette\" \/>                      <\/div>        <\/a>                <a  class=\"bwg-a bwg_lightbox bwg_lightbox_0\" href=\"https:\/\/levasseur.org\/wp-content\/uploads\/photo-gallery\/SimoneOuellet_1717.jpg?bwg=1691087994\" data-image-id=\"410\" data-elementor-open-lightbox=\"no\">          <div class=\"bwg_mosaic_thumb_spun_0 bwg-item0 bwg-mosaic-thumb-span \">            <img decoding=\"async\" class=\"lazyload bwg_mosaic_thumb_0 skip-lazy bwg_img_clear bwg_img_custom \"                 id=\"410\"                 src=\"data:image\/svg+xml,%3Csvg%20xmlns%3D%27http%3A%2F%2Fwww.w3.org%2F2000%2Fsvg%27%20width%3D%27305%27%20height%3D%27500%27%20viewBox%3D%270%200%20305%20500%27%3E%3Crect%20width%3D%27305%27%20height%3D%27500%27%20fill-opacity%3D%220%22%2F%3E%3C%2Fsvg%3E\" data-orig-src=\"https:\/\/levasseur.org\/wp-content\/uploads\/photo-gallery\/thumb\/SimoneOuellet_1717.jpg?bwg=1691087994\"                 data-src=\"https:\/\/levasseur.org\/wp-content\/uploads\/photo-gallery\/thumb\/SimoneOuellet_1717.jpg?bwg=1691087994\"                 data-width=\"305\"                 data-height=\"500\"                 alt=\"Simone Ouellet (William Ouellet et \u00c9va Levasseur)\"                 title=\"Simone Ouellet (William Ouellet et \u00c9va Levasseur)\" \/>                      <\/div>        <\/a>                <a  class=\"bwg-a bwg_lightbox bwg_lightbox_0\" href=\"https:\/\/levasseur.org\/wp-content\/uploads\/photo-gallery\/ValedaetPhilippeLevasseur_906.jpg?bwg=1691087994\" data-image-id=\"409\" data-elementor-open-lightbox=\"no\">          <div class=\"bwg_mosaic_thumb_spun_0 bwg-item0 bwg-mosaic-thumb-span \">            <img decoding=\"async\" class=\"lazyload bwg_mosaic_thumb_0 skip-lazy bwg_img_clear bwg_img_custom \"                 id=\"409\"                 src=\"data:image\/svg+xml,%3Csvg%20xmlns%3D%27http%3A%2F%2Fwww.w3.org%2F2000%2Fsvg%27%20width%3D%27277%27%20height%3D%27500%27%20viewBox%3D%270%200%20277%20500%27%3E%3Crect%20width%3D%27277%27%20height%3D%27500%27%20fill-opacity%3D%220%22%2F%3E%3C%2Fsvg%3E\" data-orig-src=\"https:\/\/levasseur.org\/wp-content\/uploads\/photo-gallery\/thumb\/ValedaetPhilippeLevasseur_906.jpg?bwg=1691087994\"                 data-src=\"https:\/\/levasseur.org\/wp-content\/uploads\/photo-gallery\/thumb\/ValedaetPhilippeLevasseur_906.jpg?bwg=1691087994\"                 data-width=\"277\"                 data-height=\"500\"                 alt=\"Philippe Levasseur et son \u00e9pouse Val\u00e9da\"                 title=\"Philippe Levasseur et son \u00e9pouse Val\u00e9da\" \/>                      <\/div>        <\/a>                <a  class=\"bwg-a bwg_lightbox bwg_lightbox_0\" href=\"https:\/\/levasseur.org\/wp-content\/uploads\/photo-gallery\/WilfridLevasseur_1289.jpg?bwg=1691087994\" data-image-id=\"408\" data-elementor-open-lightbox=\"no\">          <div class=\"bwg_mosaic_thumb_spun_0 bwg-item0 bwg-mosaic-thumb-span \">            <img decoding=\"async\" class=\"lazyload bwg_mosaic_thumb_0 skip-lazy bwg_img_clear bwg_img_custom \"                 id=\"408\"                 src=\"data:image\/svg+xml,%3Csvg%20xmlns%3D%27http%3A%2F%2Fwww.w3.org%2F2000%2Fsvg%27%20width%3D%27326%27%20height%3D%27500%27%20viewBox%3D%270%200%20326%20500%27%3E%3Crect%20width%3D%27326%27%20height%3D%27500%27%20fill-opacity%3D%220%22%2F%3E%3C%2Fsvg%3E\" data-orig-src=\"https:\/\/levasseur.org\/wp-content\/uploads\/photo-gallery\/thumb\/WilfridLevasseur_1289.jpg?bwg=1691087994\"                 data-src=\"https:\/\/levasseur.org\/wp-content\/uploads\/photo-gallery\/thumb\/WilfridLevasseur_1289.jpg?bwg=1691087994\"                 data-width=\"326\"                 data-height=\"500\"                 alt=\"Wilfrid Levasseur (Alphonse Levasseur et Odina Boucher)\"                 title=\"Wilfrid Levasseur (Alphonse Levasseur et Odina Boucher)\" \/>                      <\/div>        <\/a>                <a  class=\"bwg-a bwg_lightbox bwg_lightbox_0\" href=\"https:\/\/levasseur.org\/wp-content\/uploads\/photo-gallery\/WilfridLevasseurEt\u00eapouseBerthe_5860.jpg?bwg=1691087994\" data-image-id=\"407\" data-elementor-open-lightbox=\"no\">          <div class=\"bwg_mosaic_thumb_spun_0 bwg-item0 bwg-mosaic-thumb-span \">            <img decoding=\"async\" class=\"lazyload bwg_mosaic_thumb_0 skip-lazy bwg_img_clear bwg_img_custom \"                 id=\"407\"                 src=\"data:image\/svg+xml,%3Csvg%20xmlns%3D%27http%3A%2F%2Fwww.w3.org%2F2000%2Fsvg%27%20width%3D%27500%27%20height%3D%27428%27%20viewBox%3D%270%200%20500%20428%27%3E%3Crect%20width%3D%27500%27%20height%3D%27428%27%20fill-opacity%3D%220%22%2F%3E%3C%2Fsvg%3E\" data-orig-src=\"https:\/\/levasseur.org\/wp-content\/uploads\/photo-gallery\/thumb\/WilfridLevasseurEt\u00eapouseBerthe_5860.jpg?bwg=1691087994\"                 data-src=\"https:\/\/levasseur.org\/wp-content\/uploads\/photo-gallery\/thumb\/WilfridLevasseurEt\u00eapouseBerthe_5860.jpg?bwg=1691087994\"                 data-width=\"500\"                 data-height=\"428\"                 alt=\"Wilfrid Levasseur et son \u00e9pouse Berthe\"                 title=\"Wilfrid Levasseur et son \u00e9pouse Berthe\" \/>                      <\/div>        <\/a>                <a  class=\"bwg-a bwg_lightbox bwg_lightbox_0\" href=\"https:\/\/levasseur.org\/wp-content\/uploads\/photo-gallery\/William_et_Marie_Eugenie_171.jpg?bwg=1691087994\" data-image-id=\"406\" data-elementor-open-lightbox=\"no\">          <div class=\"bwg_mosaic_thumb_spun_0 bwg-item0 bwg-mosaic-thumb-span \">            <img decoding=\"async\" class=\"lazyload bwg_mosaic_thumb_0 skip-lazy bwg_img_clear bwg_img_custom \"                 id=\"406\"                 src=\"data:image\/svg+xml,%3Csvg%20xmlns%3D%27http%3A%2F%2Fwww.w3.org%2F2000%2Fsvg%27%20width%3D%27375%27%20height%3D%27500%27%20viewBox%3D%270%200%20375%20500%27%3E%3Crect%20width%3D%27375%27%20height%3D%27500%27%20fill-opacity%3D%220%22%2F%3E%3C%2Fsvg%3E\" data-orig-src=\"https:\/\/levasseur.org\/wp-content\/uploads\/photo-gallery\/thumb\/William_et_Marie_Eugenie_171.jpg?bwg=1691087994\"                 data-src=\"https:\/\/levasseur.org\/wp-content\/uploads\/photo-gallery\/thumb\/William_et_Marie_Eugenie_171.jpg?bwg=1691087994\"                 data-width=\"375\"                 data-height=\"500\"                 alt=\"William Ouellet et Marie-Eug\u00e9nie Levasseur\"                 title=\"William Ouellet et Marie-Eug\u00e9nie Levasseur\" \/>                      <\/div>        <\/a>                <a  class=\"bwg-a bwg_lightbox bwg_lightbox_0\" href=\"https:\/\/levasseur.org\/wp-content\/uploads\/photo-gallery\/WilfridLevasseurDocilvaGuillemette_74.jpg?bwg=1691087994\" data-image-id=\"405\" data-elementor-open-lightbox=\"no\">          <div class=\"bwg_mosaic_thumb_spun_0 bwg-item0 bwg-mosaic-thumb-span \">            <img decoding=\"async\" class=\"lazyload bwg_mosaic_thumb_0 skip-lazy bwg_img_clear bwg_img_custom \"                 id=\"405\"                 src=\"data:image\/svg+xml,%3Csvg%20xmlns%3D%27http%3A%2F%2Fwww.w3.org%2F2000%2Fsvg%27%20width%3D%27310%27%20height%3D%27500%27%20viewBox%3D%270%200%20310%20500%27%3E%3Crect%20width%3D%27310%27%20height%3D%27500%27%20fill-opacity%3D%220%22%2F%3E%3C%2Fsvg%3E\" data-orig-src=\"https:\/\/levasseur.org\/wp-content\/uploads\/photo-gallery\/thumb\/WilfridLevasseurDocilvaGuillemette_74.jpg?bwg=1691087994\"                 data-src=\"https:\/\/levasseur.org\/wp-content\/uploads\/photo-gallery\/thumb\/WilfridLevasseurDocilvaGuillemette_74.jpg?bwg=1691087994\"                 data-width=\"310\"                 data-height=\"500\"                 alt=\"Wilfrid Levasseur (Alphonse) et Docylva Guillemette\"                 title=\"Wilfrid Levasseur (Alphonse) et Docylva Guillemette\" \/>                      <\/div>        <\/a>                <a  class=\"bwg-a bwg_lightbox bwg_lightbox_0\" href=\"https:\/\/levasseur.org\/wp-content\/uploads\/photo-gallery\/William_Joseph_Roseanna_AnselmeGagnon_344.jpg?bwg=1691087994\" data-image-id=\"404\" data-elementor-open-lightbox=\"no\">          <div class=\"bwg_mosaic_thumb_spun_0 bwg-item0 bwg-mosaic-thumb-span \">            <img decoding=\"async\" class=\"lazyload bwg_mosaic_thumb_0 skip-lazy bwg_img_clear bwg_img_custom \"                 id=\"404\"                 src=\"data:image\/svg+xml,%3Csvg%20xmlns%3D%27http%3A%2F%2Fwww.w3.org%2F2000%2Fsvg%27%20width%3D%27500%27%20height%3D%27347%27%20viewBox%3D%270%200%20500%20347%27%3E%3Crect%20width%3D%27500%27%20height%3D%27347%27%20fill-opacity%3D%220%22%2F%3E%3C%2Fsvg%3E\" data-orig-src=\"https:\/\/levasseur.org\/wp-content\/uploads\/photo-gallery\/thumb\/William_Joseph_Roseanna_AnselmeGagnon_344.jpg?bwg=1691087994\"                 data-src=\"https:\/\/levasseur.org\/wp-content\/uploads\/photo-gallery\/thumb\/William_Joseph_Roseanna_AnselmeGagnon_344.jpg?bwg=1691087994\"                 data-width=\"500\"                 data-height=\"347\"                 alt=\"William Ouellet, Joseph Levasseur, Rose-Anna Ouellet, Rose-Anna et Anselme Gagnon\"                 title=\"William Ouellet, Joseph Levasseur, Rose-Anna Ouellet, Rose-Anna et Anselme Gagnon\" \/>                      <\/div>        <\/a>                <a  class=\"bwg-a bwg_lightbox bwg_lightbox_0\" href=\"https:\/\/levasseur.org\/wp-content\/uploads\/photo-gallery\/WilliamAvRoseAnnaOuelletEvaEugeneEtc_1296.jpg?bwg=1691087994\" data-image-id=\"403\" data-elementor-open-lightbox=\"no\">          <div class=\"bwg_mosaic_thumb_spun_0 bwg-item0 bwg-mosaic-thumb-span \">            <img decoding=\"async\" class=\"lazyload bwg_mosaic_thumb_0 skip-lazy bwg_img_clear bwg_img_custom \"                 id=\"403\"                 src=\"data:image\/svg+xml,%3Csvg%20xmlns%3D%27http%3A%2F%2Fwww.w3.org%2F2000%2Fsvg%27%20width%3D%27500%27%20height%3D%27322%27%20viewBox%3D%270%200%20500%20322%27%3E%3Crect%20width%3D%27500%27%20height%3D%27322%27%20fill-opacity%3D%220%22%2F%3E%3C%2Fsvg%3E\" data-orig-src=\"https:\/\/levasseur.org\/wp-content\/uploads\/photo-gallery\/thumb\/WilliamAvRoseAnnaOuelletEvaEugeneEtc_1296.jpg?bwg=1691087994\"                 data-src=\"https:\/\/levasseur.org\/wp-content\/uploads\/photo-gallery\/thumb\/WilliamAvRoseAnnaOuelletEvaEugeneEtc_1296.jpg?bwg=1691087994\"                 data-width=\"500\"                 data-height=\"322\"                 alt=\"Wiliiam Ouellet, Rose-Anna Ouellet, \u00c9va Levasseur et Eug\u00e8ne Levasseur\"                 title=\"Wiliiam Ouellet, Rose-Anna Ouellet, \u00c9va Levasseur et Eug\u00e8ne Levasseur\" \/>                      <\/div>        <\/a>                <a  class=\"bwg-a bwg_lightbox bwg_lightbox_0\" href=\"https:\/\/levasseur.org\/wp-content\/uploads\/photo-gallery\/WilliamOuellet-MarieEugenie-Lucille-1911_748.jpg?bwg=1691087994\" data-image-id=\"402\" data-elementor-open-lightbox=\"no\">          <div class=\"bwg_mosaic_thumb_spun_0 bwg-item0 bwg-mosaic-thumb-span \">            <img decoding=\"async\" class=\"lazyload bwg_mosaic_thumb_0 skip-lazy bwg_img_clear bwg_img_custom \"                 id=\"402\"                 src=\"data:image\/svg+xml,%3Csvg%20xmlns%3D%27http%3A%2F%2Fwww.w3.org%2F2000%2Fsvg%27%20width%3D%27500%27%20height%3D%27333%27%20viewBox%3D%270%200%20500%20333%27%3E%3Crect%20width%3D%27500%27%20height%3D%27333%27%20fill-opacity%3D%220%22%2F%3E%3C%2Fsvg%3E\" data-orig-src=\"https:\/\/levasseur.org\/wp-content\/uploads\/photo-gallery\/thumb\/WilliamOuellet-MarieEugenie-Lucille-1911_748.jpg?bwg=1691087994\"                 data-src=\"https:\/\/levasseur.org\/wp-content\/uploads\/photo-gallery\/thumb\/WilliamOuellet-MarieEugenie-Lucille-1911_748.jpg?bwg=1691087994\"                 data-width=\"500\"                 data-height=\"333\"                 alt=\"William Ouellet, Marie-Eugenie Levasseur et Lucille (1911)\"                 title=\"William Ouellet, Marie-Eugenie Levasseur et Lucille (1911)\" \/>                      <\/div>        <\/a>                <a  class=\"bwg-a bwg_lightbox bwg_lightbox_0\" href=\"https:\/\/levasseur.org\/wp-content\/uploads\/photo-gallery\/WilliamOuellet-PhilippeLevas-Auto-Ste-Helene_946.jpg?bwg=1691087994\" data-image-id=\"401\" data-elementor-open-lightbox=\"no\">          <div class=\"bwg_mosaic_thumb_spun_0 bwg-item0 bwg-mosaic-thumb-span \">            <img decoding=\"async\" class=\"lazyload bwg_mosaic_thumb_0 skip-lazy bwg_img_clear bwg_img_custom \"                 id=\"401\"                 src=\"data:image\/svg+xml,%3Csvg%20xmlns%3D%27http%3A%2F%2Fwww.w3.org%2F2000%2Fsvg%27%20width%3D%27500%27%20height%3D%27297%27%20viewBox%3D%270%200%20500%20297%27%3E%3Crect%20width%3D%27500%27%20height%3D%27297%27%20fill-opacity%3D%220%22%2F%3E%3C%2Fsvg%3E\" data-orig-src=\"https:\/\/levasseur.org\/wp-content\/uploads\/photo-gallery\/thumb\/WilliamOuellet-PhilippeLevas-Auto-Ste-Helene_946.jpg?bwg=1691087994\"                 data-src=\"https:\/\/levasseur.org\/wp-content\/uploads\/photo-gallery\/thumb\/WilliamOuellet-PhilippeLevas-Auto-Ste-Helene_946.jpg?bwg=1691087994\"                 data-width=\"500\"                 data-height=\"297\"                 alt=\"William Ouellet, inconnu et Alphonse Levasseur.\"                 title=\"William Ouellet, inconnu et Alphonse Levasseur.\" \/>                      <\/div>        <\/a>            <\/div>    <\/div>              <\/div>        <\/form>                <div id=\"bwg_spider_popup_loading_0\" class=\"bwg_spider_popup_loading\"><\/div>        <div id=\"spider_popup_overlay_0\" class=\"spider_popup_overlay\" onclick=\"spider_destroypopup(1000)\"><\/div>        <input type=\"hidden\" id=\"bwg_random_seed_0\" value=\"1676701689\">                <\/div>    <\/div>    <script>      if (document.readyState === 'complete') {        if( typeof bwg_main_ready == 'function' ) {          if ( jQuery(\"#bwg_container1_0\").height() ) {            bwg_main_ready(jQuery(\"#bwg_container1_0\"));          }        }      } else {        document.addEventListener('DOMContentLoaded', function() {          if( typeof bwg_main_ready == 'function' ) {            if ( jQuery(\"#bwg_container1_0\").height() ) {             bwg_main_ready(jQuery(\"#bwg_container1_0\"));            }          }        });      }    <\/script>    \n","protected":false},"excerpt":{"rendered":"<p>Album-Photos &#8211; J.A. Gaston Ouellet J.A. Gaston Ouellet (grandson of  [&#8230;]<\/p>\n","protected":false},"author":1,"featured_media":0,"parent":0,"menu_order":0,"comment_status":"closed","ping_status":"closed","template":"","meta":{"footnotes":""},"class_list":["post-26570","page","type-page","status-publish","hentry"],"yoast_head":"<!-- This site is optimized with the Yoast SEO plugin v27.5 - https:\/\/yoast.com\/product\/yoast-seo-wordpress\/ -->\n<title>Album Photos - J.A. Gaston Ouellet - Levasseur Association of America Inc<\/title>\n<meta name=\"description\" content=\"L\u2019Association des Levasseur et Carmel d\u2019Am\u00e9rique vous permet de consulter : documents historiques concernant les anc\u00eatres Jean, Pierre et Laurent Levasseur arriv\u00e9s en Nouvelle-France au 17e si\u00e8cle. Informations, objectifs, activit\u00e9s et rassemblements.\" \/>\n<meta name=\"robots\" content=\"index, follow, max-snippet:-1, max-image-preview:large, max-video-preview:-1\" \/>\n<link rel=\"canonical\" href=\"https:\/\/levasseur.org\/fr\/album-j-a-gaston-ouellet\/\" \/>\n<meta property=\"og:locale\" content=\"en_US\" \/>\n<meta property=\"og:type\" content=\"article\" \/>\n<meta property=\"og:title\" content=\"Album Photos - J.A. Gaston Ouellet - Levasseur Association of America Inc\" \/>\n<meta property=\"og:description\" content=\"L\u2019Association des Levasseur et Carmel d\u2019Am\u00e9rique vous permet de consulter : documents historiques concernant les anc\u00eatres Jean, Pierre et Laurent Levasseur arriv\u00e9s en Nouvelle-France au 17e si\u00e8cle. Informations, objectifs, activit\u00e9s et rassemblements.\" \/>\n<meta property=\"og:url\" content=\"https:\/\/levasseur.org\/fr\/album-j-a-gaston-ouellet\/\" \/>\n<meta property=\"og:site_name\" content=\"Levasseur Association of America Inc\" \/>\n<meta property=\"article:publisher\" content=\"https:\/\/www.facebook.com\/associationlevasseur\" \/>\n<meta property=\"article:modified_time\" content=\"2023-09-04T17:53:38+00:00\" \/>\n<meta property=\"og:image\" content=\"https:\/\/levasseur.org\/wp-content\/uploads\/2023\/08\/J.A.G.Ouellet.jpg\" \/>\n<meta name=\"twitter:card\" content=\"summary_large_image\" \/>\n<meta name=\"twitter:label1\" content=\"Est. reading time\" \/>\n\t<meta name=\"twitter:data1\" content=\"1 minute\" \/>\n<script type=\"application\/ld+json\" class=\"yoast-schema-graph\">{\"@context\":\"https:\\\/\\\/schema.org\",\"@graph\":[{\"@type\":\"WebPage\",\"@id\":\"https:\\\/\\\/levasseur.org\\\/fr\\\/album-j-a-gaston-ouellet\\\/\",\"url\":\"https:\\\/\\\/levasseur.org\\\/fr\\\/album-j-a-gaston-ouellet\\\/\",\"name\":\"Album Photos - J.A. Gaston Ouellet - Levasseur Association of America Inc\",\"isPartOf\":{\"@id\":\"https:\\\/\\\/levasseur.org\\\/fr\\\/#website\"},\"primaryImageOfPage\":{\"@id\":\"https:\\\/\\\/levasseur.org\\\/fr\\\/album-j-a-gaston-ouellet\\\/#primaryimage\"},\"image\":{\"@id\":\"https:\\\/\\\/levasseur.org\\\/fr\\\/album-j-a-gaston-ouellet\\\/#primaryimage\"},\"thumbnailUrl\":\"https:\\\/\\\/levasseur.org\\\/wp-content\\\/uploads\\\/2023\\\/08\\\/J.A.G.Ouellet.jpg\",\"datePublished\":\"2023-08-03T19:07:00+00:00\",\"dateModified\":\"2023-09-04T17:53:38+00:00\",\"description\":\"L\u2019Association des Levasseur et Carmel d\u2019Am\u00e9rique vous permet de consulter : documents historiques concernant les anc\u00eatres Jean, Pierre et Laurent Levasseur arriv\u00e9s en Nouvelle-France au 17e si\u00e8cle. Informations, objectifs, activit\u00e9s et rassemblements.\",\"breadcrumb\":{\"@id\":\"https:\\\/\\\/levasseur.org\\\/fr\\\/album-j-a-gaston-ouellet\\\/#breadcrumb\"},\"inLanguage\":\"en-US\",\"potentialAction\":[{\"@type\":\"ReadAction\",\"target\":[\"https:\\\/\\\/levasseur.org\\\/fr\\\/album-j-a-gaston-ouellet\\\/\"]}]},{\"@type\":\"ImageObject\",\"inLanguage\":\"en-US\",\"@id\":\"https:\\\/\\\/levasseur.org\\\/fr\\\/album-j-a-gaston-ouellet\\\/#primaryimage\",\"url\":\"https:\\\/\\\/levasseur.org\\\/wp-content\\\/uploads\\\/2023\\\/08\\\/J.A.G.Ouellet.jpg\",\"contentUrl\":\"https:\\\/\\\/levasseur.org\\\/wp-content\\\/uploads\\\/2023\\\/08\\\/J.A.G.Ouellet.jpg\"},{\"@type\":\"BreadcrumbList\",\"@id\":\"https:\\\/\\\/levasseur.org\\\/fr\\\/album-j-a-gaston-ouellet\\\/#breadcrumb\",\"itemListElement\":[{\"@type\":\"ListItem\",\"position\":1,\"name\":\"Accueil\",\"item\":\"https:\\\/\\\/levasseur.org\\\/en\\\/\"},{\"@type\":\"ListItem\",\"position\":2,\"name\":\"Album Photos &#8211; J.A. Gaston Ouellet\"}]},{\"@type\":\"WebSite\",\"@id\":\"https:\\\/\\\/levasseur.org\\\/fr\\\/#website\",\"url\":\"https:\\\/\\\/levasseur.org\\\/fr\\\/\",\"name\":\"Familles Levasseur & Carmel\",\"description\":\"Du mieux que je puis\",\"publisher\":{\"@id\":\"https:\\\/\\\/levasseur.org\\\/fr\\\/#organization\"},\"potentialAction\":[{\"@type\":\"SearchAction\",\"target\":{\"@type\":\"EntryPoint\",\"urlTemplate\":\"https:\\\/\\\/levasseur.org\\\/fr\\\/?s={search_term_string}\"},\"query-input\":{\"@type\":\"PropertyValueSpecification\",\"valueRequired\":true,\"valueName\":\"search_term_string\"}}],\"inLanguage\":\"en-US\"},{\"@type\":\"Organization\",\"@id\":\"https:\\\/\\\/levasseur.org\\\/fr\\\/#organization\",\"name\":\"Association des Levasseur d'Am\u00e9rique\",\"url\":\"https:\\\/\\\/levasseur.org\\\/fr\\\/\",\"logo\":{\"@type\":\"ImageObject\",\"inLanguage\":\"en-US\",\"@id\":\"https:\\\/\\\/levasseur.org\\\/fr\\\/#\\\/schema\\\/logo\\\/image\\\/\",\"url\":\"https:\\\/\\\/levasseur.org\\\/wp-content\\\/uploads\\\/2019\\\/04\\\/blason_nouv.gif\",\"contentUrl\":\"https:\\\/\\\/levasseur.org\\\/wp-content\\\/uploads\\\/2019\\\/04\\\/blason_nouv.gif\",\"width\":500,\"height\":487,\"caption\":\"Association des Levasseur d'Am\u00e9rique\"},\"image\":{\"@id\":\"https:\\\/\\\/levasseur.org\\\/fr\\\/#\\\/schema\\\/logo\\\/image\\\/\"},\"sameAs\":[\"https:\\\/\\\/www.facebook.com\\\/associationlevasseur\"]}]}<\/script>\n<!-- \/ Yoast SEO plugin. -->","yoast_head_json":{"title":"Album Photos - J.A. Gaston Ouellet - Levasseur Association of America Inc","description":"L\u2019Association des Levasseur et Carmel d\u2019Am\u00e9rique vous permet de consulter : documents historiques concernant les anc\u00eatres Jean, Pierre et Laurent Levasseur arriv\u00e9s en Nouvelle-France au 17e si\u00e8cle. Informations, objectifs, activit\u00e9s et rassemblements.","robots":{"index":"index","follow":"follow","max-snippet":"max-snippet:-1","max-image-preview":"max-image-preview:large","max-video-preview":"max-video-preview:-1"},"canonical":"https:\/\/levasseur.org\/fr\/album-j-a-gaston-ouellet\/","og_locale":"en_US","og_type":"article","og_title":"Album Photos - J.A. Gaston Ouellet - Levasseur Association of America Inc","og_description":"L\u2019Association des Levasseur et Carmel d\u2019Am\u00e9rique vous permet de consulter : documents historiques concernant les anc\u00eatres Jean, Pierre et Laurent Levasseur arriv\u00e9s en Nouvelle-France au 17e si\u00e8cle. Informations, objectifs, activit\u00e9s et rassemblements.","og_url":"https:\/\/levasseur.org\/fr\/album-j-a-gaston-ouellet\/","og_site_name":"Levasseur Association of America Inc","article_publisher":"https:\/\/www.facebook.com\/associationlevasseur","article_modified_time":"2023-09-04T17:53:38+00:00","og_image":[{"url":"https:\/\/levasseur.org\/wp-content\/uploads\/2023\/08\/J.A.G.Ouellet.jpg","type":"","width":"","height":""}],"twitter_card":"summary_large_image","twitter_misc":{"Est. reading time":"1 minute"},"schema":{"@context":"https:\/\/schema.org","@graph":[{"@type":"WebPage","@id":"https:\/\/levasseur.org\/fr\/album-j-a-gaston-ouellet\/","url":"https:\/\/levasseur.org\/fr\/album-j-a-gaston-ouellet\/","name":"Album Photos - J.A. Gaston Ouellet - Levasseur Association of America Inc","isPartOf":{"@id":"https:\/\/levasseur.org\/fr\/#website"},"primaryImageOfPage":{"@id":"https:\/\/levasseur.org\/fr\/album-j-a-gaston-ouellet\/#primaryimage"},"image":{"@id":"https:\/\/levasseur.org\/fr\/album-j-a-gaston-ouellet\/#primaryimage"},"thumbnailUrl":"https:\/\/levasseur.org\/wp-content\/uploads\/2023\/08\/J.A.G.Ouellet.jpg","datePublished":"2023-08-03T19:07:00+00:00","dateModified":"2023-09-04T17:53:38+00:00","description":"L\u2019Association des Levasseur et Carmel d\u2019Am\u00e9rique vous permet de consulter : documents historiques concernant les anc\u00eatres Jean, Pierre et Laurent Levasseur arriv\u00e9s en Nouvelle-France au 17e si\u00e8cle. Informations, objectifs, activit\u00e9s et rassemblements.","breadcrumb":{"@id":"https:\/\/levasseur.org\/fr\/album-j-a-gaston-ouellet\/#breadcrumb"},"inLanguage":"en-US","potentialAction":[{"@type":"ReadAction","target":["https:\/\/levasseur.org\/fr\/album-j-a-gaston-ouellet\/"]}]},{"@type":"ImageObject","inLanguage":"en-US","@id":"https:\/\/levasseur.org\/fr\/album-j-a-gaston-ouellet\/#primaryimage","url":"https:\/\/levasseur.org\/wp-content\/uploads\/2023\/08\/J.A.G.Ouellet.jpg","contentUrl":"https:\/\/levasseur.org\/wp-content\/uploads\/2023\/08\/J.A.G.Ouellet.jpg"},{"@type":"BreadcrumbList","@id":"https:\/\/levasseur.org\/fr\/album-j-a-gaston-ouellet\/#breadcrumb","itemListElement":[{"@type":"ListItem","position":1,"name":"Accueil","item":"https:\/\/levasseur.org\/en\/"},{"@type":"ListItem","position":2,"name":"Album Photos &#8211; J.A. Gaston Ouellet"}]},{"@type":"WebSite","@id":"https:\/\/levasseur.org\/fr\/#website","url":"https:\/\/levasseur.org\/fr\/","name":"Familles Levasseur & Carmel","description":"Du mieux que je puis","publisher":{"@id":"https:\/\/levasseur.org\/fr\/#organization"},"potentialAction":[{"@type":"SearchAction","target":{"@type":"EntryPoint","urlTemplate":"https:\/\/levasseur.org\/fr\/?s={search_term_string}"},"query-input":{"@type":"PropertyValueSpecification","valueRequired":true,"valueName":"search_term_string"}}],"inLanguage":"en-US"},{"@type":"Organization","@id":"https:\/\/levasseur.org\/fr\/#organization","name":"Association des Levasseur d'Am\u00e9rique","url":"https:\/\/levasseur.org\/fr\/","logo":{"@type":"ImageObject","inLanguage":"en-US","@id":"https:\/\/levasseur.org\/fr\/#\/schema\/logo\/image\/","url":"https:\/\/levasseur.org\/wp-content\/uploads\/2019\/04\/blason_nouv.gif","contentUrl":"https:\/\/levasseur.org\/wp-content\/uploads\/2019\/04\/blason_nouv.gif","width":500,"height":487,"caption":"Association des Levasseur d'Am\u00e9rique"},"image":{"@id":"https:\/\/levasseur.org\/fr\/#\/schema\/logo\/image\/"},"sameAs":["https:\/\/www.facebook.com\/associationlevasseur"]}]}},"_links":{"self":[{"href":"https:\/\/levasseur.org\/en\/wp-json\/wp\/v2\/pages\/26570","targetHints":{"allow":["GET"]}}],"collection":[{"href":"https:\/\/levasseur.org\/en\/wp-json\/wp\/v2\/pages"}],"about":[{"href":"https:\/\/levasseur.org\/en\/wp-json\/wp\/v2\/types\/page"}],"author":[{"embeddable":true,"href":"https:\/\/levasseur.org\/en\/wp-json\/wp\/v2\/users\/1"}],"replies":[{"embeddable":true,"href":"https:\/\/levasseur.org\/en\/wp-json\/wp\/v2\/comments?post=26570"}],"version-history":[{"count":0,"href":"https:\/\/levasseur.org\/en\/wp-json\/wp\/v2\/pages\/26570\/revisions"}],"wp:attachment":[{"href":"https:\/\/levasseur.org\/en\/wp-json\/wp\/v2\/media?parent=26570"}],"curies":[{"name":"wp","href":"https:\/\/api.w.org\/{rel}","templated":true}]}}